{"id":134,"date":"2018-10-15T10:02:22","date_gmt":"2018-10-15T10:02:22","guid":{"rendered":"https:\/\/wp.cultura.webs.upv.es\/?page_id=134"},"modified":"2024-11-19T17:08:05","modified_gmt":"2024-11-19T17:08:05","slug":"mision-y-objetivos","status":"publish","type":"page","link":"https:\/\/catunescoforum.upv.es\/?page_id=134","title":{"rendered":"SOBRE NOSOTROS"},"content":{"rendered":"<div id=\"pl-134\"  class=\"panel-layout\" ><div id=\"pg-134-0\"  class=\"panel-grid panel-has-style\" ><div class=\"panel-row-style panel-row-style-for-134-0\" ><div id=\"pgc-134-0-0\"  class=\"panel-grid-cell panel-grid-cell-empty\" ><\/div><div id=\"pgc-134-0-1\"  class=\"panel-grid-cell\" ><div id=\"panel-134-0-1-0\" class=\"so-panel widget widget_text panel-first-child panel-last-child\" data-index=\"0\" >\t\t\t<div class=\"textwidget\"><p>La <strong>C\u00e1tedra UNESCO Forum Universidad <\/strong><strong>y Patrimonio Cultural<\/strong>, creada en 2013, recoge la experiencia en la gesti\u00f3n de la Red Internacional Forum UNESCO &#8211; Universidad y Patrimonio (FUUP), surgida en 1995 con la firma de un convenio entre la UNESCO y la Universitat Polit\u00e8cnica de Val\u00e8ncia (UPV), con el objetivo de implicar a profesores, investigadores, estudiantes y profesionales de todo el mundo en la realizaci\u00f3n de <b>actividades en favor de la protecci\u00f3n y salvaguarda del Patrimonio Cultural y Natural<\/b>, en l\u00ednea con los ideales de la UNESCO.<\/p>\n<p>En el marco de la Red FUUP se han llevado a cabo numerosos talleres, exposiciones, publicaciones, cursos y proyectos, especialmente los congresos internacionales con la participaci\u00f3n de especialistas en patrimonio de todo el mundo y el compromiso de las universidades a trav\u00e9s de acuerdos o convenios institucionales.<\/p>\n<p>La C\u00e1tedra UNESCO Forum Universidad y Patrimonio expresa el compromiso de la UPV de seguir contribuyendo a la preservaci\u00f3n y valorizaci\u00f3n del patrimonio mediante la cooperaci\u00f3n entre universidades y la promoci\u00f3n del crecimiento y el intercambio de informaci\u00f3n en la Red FUUP, coordinada en colaboraci\u00f3n con el <a href=\"https:\/\/whc.unesco.org\/es\/list\/\" target=\"_blank\" rel=\"noopener\">Centro del Patrimonio Mundial de la UNESCO (WHC)<\/a>. La red cuenta actualmente con m\u00e1s de<b> 3.000 miembros de 130 pa\u00edses<\/b>.<\/p>\n<p>En este contexto, el alcance y los objetivos de la C\u00e1tedra UNESCO son favorables para fomentar la cooperaci\u00f3n en materia de ense\u00f1anza superior, ciencias, cultura, comunicaci\u00f3n e informaci\u00f3n, de conformidad con la Estrategia a Plazo Medio de la UNESCO 2014-2021 y la Cultura para el Desarrollo Sostenible 2030, y en particular con los siguientes objetivos estrat\u00e9gicos:<\/p>\n<p>&#8211; Promover la cooperaci\u00f3n cient\u00edfica internacional en temas cr\u00edticos para el <strong>desarrollo sostenible en consonancia con los ODS 2030.<\/strong><\/p>\n<p>&#8211; Apoyar el desarrollo social inclusivo, fomentar el di\u00e1logo intercultural para el acercamiento de las culturas y promover los principios \u00e9ticos.<\/p>\n<p>&#8211; Proteger, promover y transmitir el Patrimonio Cultural.<\/p>\n<p>&#8211; Fomentar la creatividad y la diversidad de las expresiones culturales.<\/p>\n<p>&#8211; Promover la libertad de expresi\u00f3n, el desarrollo de los medios de comunicaci\u00f3n y el acceso a la informaci\u00f3n y el conocimiento.<\/p>\n<p>&#8211; La <b>protecci\u00f3n del Patrimonio Cultural<\/b>, teniendo en cuenta su diversidad (natural y cultural, mueble e inmueble, material e inmaterial), teniendo en cuenta sus diversas formas y su triple funci\u00f3n: identidad, vector de desarrollo e instrumento de reconciliaci\u00f3n.<\/p>\n<p>&#8211; La <b>difusi\u00f3n y aplicaci\u00f3n de las convenciones internacionales relativas a la protecci\u00f3n de los bienes culturales<\/b> (1954, 1970, 1972 y 2001) y al<strong> P<\/strong><b>atrimonio Cultural Inmaterial <\/b>(2003), en particular reforzando el objetivo estrat\u00e9gico de la UNESCO de &#8220;proteger y valorizar el patrimonio cultural de manera sostenible&#8221;.<\/p>\n<p>&nbsp;<\/p>\n<p>C\u00e1tedra UNESCO Forum Universidad y Patrimonio Cultural fue galardonado con el premio <a href=\"http:\/\/www.cicop.com\/historicoPremios.asp\" target=\"_blank\" rel=\"noreferrer noopener\">CICOP 2011<\/a> a la Comunicaci\u00f3n y Difusi\u00f3n del Patrimonio Cultural.<\/p>\n<\/div>\n\t\t<\/div><\/div><\/div><\/div><div id=\"pg-134-1\"  class=\"panel-grid panel-has-style\" ><div class=\"panel-row-style panel-row-style-for-134-1\" ><div id=\"pgc-134-1-0\"  class=\"panel-grid-cell panel-grid-cell-empty\" ><\/div><div id=\"pgc-134-1-1\"  class=\"panel-grid-cell\" ><div id=\"panel-134-1-1-0\" class=\"so-panel widget widget_media_image panel-first-child panel-last-child\" data-index=\"1\" ><img loading=\"lazy\" decoding=\"async\" width=\"1871\" height=\"344\" src=\"https:\/\/catunescoforum.upv.es\/wp-content\/uploads\/2022\/12\/Logo-catedra-completo.png\" class=\"image wp-image-7409  attachment-full size-full\" alt=\"\" style=\"max-width: 100%; height: auto;\" srcset=\"https:\/\/catunescoforum.upv.es\/wp-content\/uploads\/2022\/12\/Logo-catedra-completo.png 1871w, https:\/\/catunescoforum.upv.es\/wp-content\/uploads\/2022\/12\/Logo-catedra-completo-768x141.png 768w, https:\/\/catunescoforum.upv.es\/wp-content\/uploads\/2022\/12\/Logo-catedra-completo-1536x282.png 1536w\" sizes=\"auto, (max-width: 1871px) 100vw, 1871px\" \/><\/div><\/div><\/div><\/div><\/div>","protected":false},"excerpt":{"rendered":"<p>La C\u00e1tedra UNESCO Forum Universidad y Patrimonio Cultural, creada en 2013, recoge la experiencia en la gesti\u00f3n de la Red Internacional Forum UNESCO &#8211; Universidad y Patrimonio (FUUP), surgida en<\/p>\n<p class=\"more-link\"><a href=\"https:\/\/catunescoforum.upv.es\/?page_id=134\" class=\"themebutton2\">Read More<\/a><\/p>\n","protected":false},"author":11561,"featured_media":0,"parent":0,"menu_order":0,"comment_status":"closed","ping_status":"closed","template":"","meta":{"_monsterinsights_skip_tracking":false,"footnotes":""},"class_list":["post-134","page","type-page","status-publish","hentry"],"yoast_head":"<!-- This site is optimized with the Yoast SEO plugin v28.4 - https:\/\/yoast.com\/product\/yoast-seo-wordpress\/ -->\n<title>SOBRE NOSOTROS - C\u00e1tedra UNESCO Forum Universidad y Patrimonio Cultural<\/title>\n<meta name=\"robots\" content=\"index, follow, max-snippet:-1, max-image-preview:large, max-video-preview:-1\" \/>\n<link rel=\"canonical\" href=\"https:\/\/catunescoforum.upv.es\/?page_id=134\" \/>\n<meta property=\"og:locale\" content=\"es_ES\" \/>\n<meta property=\"og:type\" content=\"article\" \/>\n<meta property=\"og:title\" content=\"[:es]SOBRE NOSOTROS[:en]Mision and goals[:] - C\u00e1tedra UNESCO Forum Universidad y Patrimonio Cultural\" \/>\n<meta property=\"og:description\" content=\"La C\u00e1tedra UNESCO Forum Universidad y Patrimonio Cultural, creada en 2013, recoge la experiencia en la gesti\u00f3n de la Red Internacional Forum UNESCO - Universidad y Patrimonio (FUUP), surgida enRead More\" \/>\n<meta property=\"og:url\" content=\"https:\/\/catunescoforum.upv.es\/?page_id=134\" \/>\n<meta property=\"og:site_name\" content=\"C\u00e1tedra UNESCO Forum Universidad y Patrimonio Cultural\" \/>\n<meta property=\"article:modified_time\" content=\"2024-11-19T17:08:05+00:00\" \/>\n<meta name=\"twitter:card\" content=\"summary_large_image\" \/>\n<meta name=\"twitter:label1\" content=\"Tiempo de lectura\" \/>\n\t<meta name=\"twitter:data1\" content=\"2 minutos\" \/>\n<script type=\"application\/ld+json\" class=\"yoast-schema-graph\">{\"@context\":\"https:\\\/\\\/schema.org\",\"@graph\":[{\"@type\":\"WebPage\",\"@id\":\"https:\\\/\\\/catunescoforum.upv.es\\\/?page_id=134\",\"url\":\"https:\\\/\\\/catunescoforum.upv.es\\\/?page_id=134\",\"name\":\"[:es]SOBRE NOSOTROS[:en]Mision and goals[:] - C\u00e1tedra UNESCO Forum Universidad y Patrimonio Cultural\",\"isPartOf\":{\"@id\":\"https:\\\/\\\/catunescoforum.upv.es\\\/#website\"},\"datePublished\":\"2018-10-15T10:02:22+00:00\",\"dateModified\":\"2024-11-19T17:08:05+00:00\",\"breadcrumb\":{\"@id\":\"https:\\\/\\\/catunescoforum.upv.es\\\/?page_id=134#breadcrumb\"},\"inLanguage\":\"es\",\"potentialAction\":[{\"@type\":\"ReadAction\",\"target\":[\"https:\\\/\\\/catunescoforum.upv.es\\\/?page_id=134\"]}]},{\"@type\":\"BreadcrumbList\",\"@id\":\"https:\\\/\\\/catunescoforum.upv.es\\\/?page_id=134#breadcrumb\",\"itemListElement\":[{\"@type\":\"ListItem\",\"position\":1,\"name\":\"Home\",\"item\":\"https:\\\/\\\/catunescoforum.upv.es\\\/\"},{\"@type\":\"ListItem\",\"position\":2,\"name\":\"SOBRE NOSOTROS\"}]},{\"@type\":\"WebSite\",\"@id\":\"https:\\\/\\\/catunescoforum.upv.es\\\/#website\",\"url\":\"https:\\\/\\\/catunescoforum.upv.es\\\/\",\"name\":\"C\u00e1tedra UNESCO Forum Universidad y Patrimonio Cultural\",\"description\":\"Una red universitaria internacional al cuidado del Patrimonio Cultural\",\"publisher\":{\"@id\":\"https:\\\/\\\/catunescoforum.upv.es\\\/#organization\"},\"potentialAction\":[{\"@type\":\"SearchAction\",\"target\":{\"@type\":\"EntryPoint\",\"urlTemplate\":\"https:\\\/\\\/catunescoforum.upv.es\\\/?s={search_term_string}\"},\"query-input\":{\"@type\":\"PropertyValueSpecification\",\"valueRequired\":true,\"valueName\":\"search_term_string\"}}],\"inLanguage\":\"es\"},{\"@type\":\"Organization\",\"@id\":\"https:\\\/\\\/catunescoforum.upv.es\\\/#organization\",\"name\":\"C\u00e1tedra UNESCO Forum Universidad y Patrimonio Cultura\",\"url\":\"https:\\\/\\\/catunescoforum.upv.es\\\/\",\"logo\":{\"@type\":\"ImageObject\",\"inLanguage\":\"es\",\"@id\":\"https:\\\/\\\/catunescoforum.upv.es\\\/#\\\/schema\\\/logo\\\/image\\\/\",\"url\":\"https:\\\/\\\/catunescoforum.upv.es\\\/wp-content\\\/uploads\\\/2025\\\/07\\\/cropped-Logo_catedra_2025_julio-scaled-1.png\",\"contentUrl\":\"https:\\\/\\\/catunescoforum.upv.es\\\/wp-content\\\/uploads\\\/2025\\\/07\\\/cropped-Logo_catedra_2025_julio-scaled-1.png\",\"width\":2560,\"height\":329,\"caption\":\"C\u00e1tedra UNESCO Forum Universidad y Patrimonio Cultura\"},\"image\":{\"@id\":\"https:\\\/\\\/catunescoforum.upv.es\\\/#\\\/schema\\\/logo\\\/image\\\/\"}}]}<\/script>\n<!-- \/ Yoast SEO plugin. -->","yoast_head_json":{"title":"[:es]SOBRE NOSOTROS[:en]Mision and goals[:] - C\u00e1tedra UNESCO Forum Universidad y Patrimonio Cultural","robots":{"index":"index","follow":"follow","max-snippet":"max-snippet:-1","max-image-preview":"max-image-preview:large","max-video-preview":"max-video-preview:-1"},"canonical":"https:\/\/catunescoforum.upv.es\/?page_id=134","og_locale":"es_ES","og_type":"article","og_title":"[:es]SOBRE NOSOTROS[:en]Mision and goals[:] - C\u00e1tedra UNESCO Forum Universidad y Patrimonio Cultural","og_description":"La C\u00e1tedra UNESCO Forum Universidad y Patrimonio Cultural, creada en 2013, recoge la experiencia en la gesti\u00f3n de la Red Internacional Forum UNESCO - Universidad y Patrimonio (FUUP), surgida enRead More","og_url":"https:\/\/catunescoforum.upv.es\/?page_id=134","og_site_name":"C\u00e1tedra UNESCO Forum Universidad y Patrimonio Cultural","article_modified_time":"2024-11-19T17:08:05+00:00","twitter_card":"summary_large_image","twitter_misc":{"Tiempo de lectura":"2 minutos"},"schema":{"@context":"https:\/\/schema.org","@graph":[{"@type":"WebPage","@id":"https:\/\/catunescoforum.upv.es\/?page_id=134","url":"https:\/\/catunescoforum.upv.es\/?page_id=134","name":"[:es]SOBRE NOSOTROS[:en]Mision and goals[:] - C\u00e1tedra UNESCO Forum Universidad y Patrimonio Cultural","isPartOf":{"@id":"https:\/\/catunescoforum.upv.es\/#website"},"datePublished":"2018-10-15T10:02:22+00:00","dateModified":"2024-11-19T17:08:05+00:00","breadcrumb":{"@id":"https:\/\/catunescoforum.upv.es\/?page_id=134#breadcrumb"},"inLanguage":"es","potentialAction":[{"@type":"ReadAction","target":["https:\/\/catunescoforum.upv.es\/?page_id=134"]}]},{"@type":"BreadcrumbList","@id":"https:\/\/catunescoforum.upv.es\/?page_id=134#breadcrumb","itemListElement":[{"@type":"ListItem","position":1,"name":"Home","item":"https:\/\/catunescoforum.upv.es\/"},{"@type":"ListItem","position":2,"name":"SOBRE NOSOTROS"}]},{"@type":"WebSite","@id":"https:\/\/catunescoforum.upv.es\/#website","url":"https:\/\/catunescoforum.upv.es\/","name":"C\u00e1tedra UNESCO Forum Universidad y Patrimonio Cultural","description":"Una red universitaria internacional al cuidado del Patrimonio Cultural","publisher":{"@id":"https:\/\/catunescoforum.upv.es\/#organization"},"potentialAction":[{"@type":"SearchAction","target":{"@type":"EntryPoint","urlTemplate":"https:\/\/catunescoforum.upv.es\/?s={search_term_string}"},"query-input":{"@type":"PropertyValueSpecification","valueRequired":true,"valueName":"search_term_string"}}],"inLanguage":"es"},{"@type":"Organization","@id":"https:\/\/catunescoforum.upv.es\/#organization","name":"C\u00e1tedra UNESCO Forum Universidad y Patrimonio Cultura","url":"https:\/\/catunescoforum.upv.es\/","logo":{"@type":"ImageObject","inLanguage":"es","@id":"https:\/\/catunescoforum.upv.es\/#\/schema\/logo\/image\/","url":"https:\/\/catunescoforum.upv.es\/wp-content\/uploads\/2025\/07\/cropped-Logo_catedra_2025_julio-scaled-1.png","contentUrl":"https:\/\/catunescoforum.upv.es\/wp-content\/uploads\/2025\/07\/cropped-Logo_catedra_2025_julio-scaled-1.png","width":2560,"height":329,"caption":"C\u00e1tedra UNESCO Forum Universidad y Patrimonio Cultura"},"image":{"@id":"https:\/\/catunescoforum.upv.es\/#\/schema\/logo\/image\/"}}]}},"_links":{"self":[{"href":"https:\/\/catunescoforum.upv.es\/index.php?rest_route=\/wp\/v2\/pages\/134","targetHints":{"allow":["GET"]}}],"collection":[{"href":"https:\/\/catunescoforum.upv.es\/index.php?rest_route=\/wp\/v2\/pages"}],"about":[{"href":"https:\/\/catunescoforum.upv.es\/index.php?rest_route=\/wp\/v2\/types\/page"}],"author":[{"embeddable":true,"href":"https:\/\/catunescoforum.upv.es\/index.php?rest_route=\/wp\/v2\/users\/11561"}],"replies":[{"embeddable":true,"href":"https:\/\/catunescoforum.upv.es\/index.php?rest_route=%2Fwp%2Fv2%2Fcomments&post=134"}],"version-history":[{"count":3,"href":"https:\/\/catunescoforum.upv.es\/index.php?rest_route=\/wp\/v2\/pages\/134\/revisions"}],"predecessor-version":[{"id":9401,"href":"https:\/\/catunescoforum.upv.es\/index.php?rest_route=\/wp\/v2\/pages\/134\/revisions\/9401"}],"wp:attachment":[{"href":"https:\/\/catunescoforum.upv.es\/index.php?rest_route=%2Fwp%2Fv2%2Fmedia&parent=134"}],"curies":[{"name":"wp","href":"https:\/\/api.w.org\/{rel}","templated":true}]}}