{"id":2316,"date":"2020-07-16T11:33:47","date_gmt":"2020-07-16T11:33:47","guid":{"rendered":"https:\/\/wp.cultura.webs.upv.es\/?page_id=2316"},"modified":"2026-05-26T11:53:05","modified_gmt":"2026-05-26T11:53:05","slug":"publicaciones","status":"publish","type":"page","link":"https:\/\/catunescoforum.upv.es\/?page_id=2316","title":{"rendered":"Publicaciones"},"content":{"rendered":"<div id=\"pl-2316\"  class=\"panel-layout\" ><div id=\"pg-2316-0\"  class=\"panel-grid panel-has-style\" ><div class=\"siteorigin-panels-stretch panel-row-style panel-row-style-for-2316-0\" data-stretch-type=\"full-width-stretch\" ><div id=\"pgc-2316-0-0\"  class=\"panel-grid-cell\" ><div id=\"panel-2316-0-0-0\" class=\"so-panel widget widget_sow-hero panel-first-child panel-last-child\" data-index=\"0\" ><div\n\t\t\t\n\t\t\tclass=\"so-widget-sow-hero so-widget-sow-hero-default-644633124745-2316 so-widget-fittext-wrapper\"\n\t\t\t data-fit-text-compressor=\"0.85\"\n\t\t>\t\t\t\t<div class=\"sow-slider-base\" style=\"display: none\" tabindex=\"0\">\n\t\t\t\t\t<ul\n\t\t\t\t\tclass=\"sow-slider-images\"\n\t\t\t\t\tdata-settings=\"{&quot;pagination&quot;:true,&quot;speed&quot;:800,&quot;timeout&quot;:8000,&quot;paused&quot;:false,&quot;pause_on_hover&quot;:false,&quot;swipe&quot;:true,&quot;nav_always_show_desktop&quot;:&quot;&quot;,&quot;nav_always_show_mobile&quot;:&quot;&quot;,&quot;breakpoint&quot;:&quot;780px&quot;,&quot;unmute&quot;:false,&quot;anchor&quot;:null}\"\n\t\t\t\t\tstyle=\"min-height: 455px\"\t\t\t\t\tdata-anchor-id=\"\"\n\t\t\t\t>\t\t<li class=\"sow-slider-image  sow-slider-image-cover\" style=\"visibility: visible;;background-image: url(https:\/\/catunescoforum.upv.es\/wp-content\/uploads\/2025\/07\/PUBLICACIONES-scaled.png)\" >\n\t\t\t\t\t<div class=\"sow-slider-image-container\">\n\t\t\t<div class=\"sow-slider-image-wrapper\">\n\t\t\t\t\t\t\t<\/div>\n\t\t<\/div>\n\t\t\t\t<\/li>\n\t\t<\/ul>\t\t\t\t<ol class=\"sow-slider-pagination\">\n\t\t\t\t\t\t\t\t\t\t\t<li><a href=\"#\" data-goto=\"0\" aria-label=\"mostrar diapositiva 1\"><\/a><\/li>\n\t\t\t\t\t\t\t\t\t<\/ol>\n\n\t\t\t\t<div class=\"sow-slide-nav sow-slide-nav-next\">\n\t\t\t\t\t<a href=\"#\" data-goto=\"next\" aria-label=\"diapositiva siguiente\" data-action=\"next\">\n\t\t\t\t\t\t<em class=\"sow-sld-icon-thin-right\"><\/em>\n\t\t\t\t\t<\/a>\n\t\t\t\t<\/div>\n\n\t\t\t\t<div class=\"sow-slide-nav sow-slide-nav-prev\">\n\t\t\t\t\t<a href=\"#\" data-goto=\"previous\" aria-label=\"diapositiva anterior\" data-action=\"prev\">\n\t\t\t\t\t\t<em class=\"sow-sld-icon-thin-left\"><\/em>\n\t\t\t\t\t<\/a>\n\t\t\t\t<\/div>\n\t\t\t\t<\/div><\/div><\/div><\/div><\/div><\/div><div id=\"pg-2316-1\"  class=\"panel-grid panel-has-style\" ><div class=\"siteorigin-panels-stretch panel-row-style panel-row-style-for-2316-1\" data-stretch-type=\"full\" ><div id=\"pgc-2316-1-0\"  class=\"panel-grid-cell\" ><div id=\"panel-2316-1-0-0\" class=\"so-panel widget widget_sow-editor panel-first-child\" data-index=\"1\" ><div\n\t\t\t\n\t\t\tclass=\"so-widget-sow-editor so-widget-sow-editor-base\"\n\t\t\t\n\t\t>\n<div class=\"siteorigin-widget-tinymce textwidget\">\n\t<h2><span style=\"text-decoration: underline\">Publi<\/span>caciones en calidad<br \/>\n<span style=\"text-decoration: underline\">de autor<\/span>:<\/h2>\n<\/div>\n<\/div><\/div><div id=\"panel-2316-1-0-1\" class=\"so-panel widget widget_sow-headline panel-last-child\" data-index=\"2\" ><div\n\t\t\t\n\t\t\tclass=\"so-widget-sow-headline so-widget-sow-headline-default-0d1828d27cdb-2316\"\n\t\t\t\n\t\t><div class=\"sow-headline-container \">\n\t\t\t\t\t\t<div class=\"decoration\">\n\t\t\t\t\t\t<div class=\"decoration-inside\"><\/div>\n\t\t\t\t\t<\/div>\n\t\t\t\t\t<\/div>\n<\/div><\/div><\/div><\/div><\/div><div id=\"pg-2316-2\"  class=\"panel-grid panel-has-style\" ><div class=\"siteorigin-panels-stretch panel-row-style panel-row-style-for-2316-2\" data-stretch-type=\"full\" ><div id=\"pgc-2316-2-0\"  class=\"panel-grid-cell\" ><div id=\"panel-2316-2-0-0\" class=\"so-panel widget widget_sow-image panel-first-child\" data-index=\"3\" ><div\n\t\t\t\n\t\t\tclass=\"so-widget-sow-image so-widget-sow-image-default-e8513d21b1d5-2316\"\n\t\t\t\n\t\t><h3 class=\"widget-title\">CAT\u00c1LOGO<\/h3>\n<div class=\"sow-image-container\">\n\t\t\t<a href=\"https:\/\/catunescoforum.blogs.upv.es\/wp-content\/uploads\/2025\/09\/CULTURA-DE-PAZ-Dossier-final.pdf\"\n\t\t\ttarget=\"_blank\" rel=\"noopener noreferrer\" \t\t>\n\t\t\t<img \n\tsrc=\"https:\/\/catunescoforum.upv.es\/wp-content\/uploads\/2025\/09\/catalogo-unesco-expo-850x478.png\" width=\"850\" height=\"478\" srcset=\"https:\/\/catunescoforum.upv.es\/wp-content\/uploads\/2025\/09\/catalogo-unesco-expo-850x478.png 850w, https:\/\/catunescoforum.upv.es\/wp-content\/uploads\/2025\/09\/catalogo-unesco-expo-1200x675.png 1200w, https:\/\/catunescoforum.upv.es\/wp-content\/uploads\/2025\/09\/catalogo-unesco-expo-250x141.png 250w, https:\/\/catunescoforum.upv.es\/wp-content\/uploads\/2025\/09\/catalogo-unesco-expo-768x433.png 768w, https:\/\/catunescoforum.upv.es\/wp-content\/uploads\/2025\/09\/catalogo-unesco-expo-1536x866.png 1536w, https:\/\/catunescoforum.upv.es\/wp-content\/uploads\/2025\/09\/catalogo-unesco-expo-2048x1155.png 2048w\" sizes=\"(max-width: 850px) 100vw, 850px\" title=\"CAT\u00c1LOGO\" alt=\"\" \t\tclass=\"so-widget-image\"\/>\n\t\t\t<\/a><\/div>\n\n<\/div><\/div><div id=\"panel-2316-2-0-1\" class=\"so-panel widget widget_sow-editor panel-last-child\" data-index=\"4\" ><div\n\t\t\t\n\t\t\tclass=\"so-widget-sow-editor so-widget-sow-editor-base\"\n\t\t\t\n\t\t><h3 class=\"widget-title\"><strong>CAT\u00c1LOGO DE LA EXPOSICI\u00d3N \"Cultura de paz de la UNESCO\".<\/strong><strong><\/strong><\/h3>\n<div class=\"siteorigin-widget-tinymce textwidget\">\n\t<p class=\"sow-sub-headline\">Navega por el dossier de esta actividad paralela al <span style=\"color: #0000ff\"><a style=\"color: #0000ff\" href=\"https:\/\/catunescoforum.upv.es\/mision-y-objetivos\/2-encuentro-internacional\/\">II Encuentro Internacional de C\u00e1tedras UNESCO Iberoamericanas en Patrimonio Cultural<\/a>,<\/span> que destaca el patrimonio cultural como herramienta de di\u00e1logo, entendimiento mutuo y construcci\u00f3n de sociedades m\u00e1s justas, inclusivas y sostenibles.<\/p>\n<\/div>\n<\/div><\/div><\/div><div id=\"pgc-2316-2-1\"  class=\"panel-grid-cell\" ><div id=\"panel-2316-2-1-0\" class=\"so-panel widget widget_sow-image panel-first-child\" data-index=\"5\" ><div\n\t\t\t\n\t\t\tclass=\"so-widget-sow-image so-widget-sow-image-default-e8513d21b1d5-2316\"\n\t\t\t\n\t\t><h3 class=\"widget-title\">ACTAS<\/h3>\n<div class=\"sow-image-container\">\n\t\t\t<a href=\"https:\/\/catunescoforum.upv.es\/wp-content\/uploads\/2025\/10\/II-Encuentro-Internacional-CUIPC_ACTAS_pagenumber-1_compressed.pdf\"\n\t\t\ttarget=\"_blank\" rel=\"noopener noreferrer\" \t\t>\n\t\t\t<img \n\tsrc=\"https:\/\/catunescoforum.upv.es\/wp-content\/uploads\/2025\/09\/Actas-850x478.png\" width=\"850\" height=\"478\" srcset=\"https:\/\/catunescoforum.upv.es\/wp-content\/uploads\/2025\/09\/Actas-850x478.png 850w, https:\/\/catunescoforum.upv.es\/wp-content\/uploads\/2025\/09\/Actas-1200x675.png 1200w, https:\/\/catunescoforum.upv.es\/wp-content\/uploads\/2025\/09\/Actas-250x141.png 250w, https:\/\/catunescoforum.upv.es\/wp-content\/uploads\/2025\/09\/Actas-768x433.png 768w, https:\/\/catunescoforum.upv.es\/wp-content\/uploads\/2025\/09\/Actas-1536x866.png 1536w, https:\/\/catunescoforum.upv.es\/wp-content\/uploads\/2025\/09\/Actas-2048x1155.png 2048w\" sizes=\"(max-width: 850px) 100vw, 850px\" title=\"ACTAS\" alt=\"\" \t\tclass=\"so-widget-image\"\/>\n\t\t\t<\/a><\/div>\n\n<\/div><\/div><div id=\"panel-2316-2-1-1\" class=\"so-panel widget widget_sow-editor panel-last-child\" data-index=\"6\" ><div\n\t\t\t\n\t\t\tclass=\"so-widget-sow-editor so-widget-sow-editor-base\"\n\t\t\t\n\t\t><h3 class=\"widget-title\"><strong>LIBRO DE ACTAS DEL II ENCUENTRO DE CUIPC <\/strong><strong><\/strong><\/h3>\n<div class=\"siteorigin-widget-tinymce textwidget\">\n\t<p class=\"sow-sub-headline\">Los art\u00edculos correspondientes a cada una de las ponencias presentadas durante el encuentro han sido recopilados y publicados en el libro de actas del<span style=\"color: #0000ff\"> <a style=\"color: #0000ff\" href=\"https:\/\/catunescoforum.upv.es\/mision-y-objetivos\/2-encuentro-internacional\/\">II Encuentro Iberoamericano de C\u00e1tedras UNESCO en Patrimonio Cultural<\/a>,<\/span> el cual est\u00e1 disponible en acceso libre para su consulta y descarga.<\/p>\n<\/div>\n<\/div><\/div><\/div><div id=\"pgc-2316-2-2\"  class=\"panel-grid-cell\" ><div id=\"panel-2316-2-2-0\" class=\"so-panel widget widget_sow-image panel-first-child\" data-index=\"7\" ><div\n\t\t\t\n\t\t\tclass=\"so-widget-sow-image so-widget-sow-image-default-e8513d21b1d5-2316\"\n\t\t\t\n\t\t><h3 class=\"widget-title\">DIAPOSITIVAS<\/h3>\n<div class=\"sow-image-container\">\n\t\t\t<a href=\"https:\/\/catunescoforum.upv.es\/wp-content\/uploads\/2025\/09\/PRESENTACIO\u0301N-MONDIACULT-2025.pdf\"\n\t\t\ttarget=\"_blank\" rel=\"noopener noreferrer\" \t\t>\n\t\t\t<img \n\tsrc=\"https:\/\/catunescoforum.upv.es\/wp-content\/uploads\/2025\/09\/MONDIACULT-DIAPOSITIVAS-850x478.png\" width=\"850\" height=\"478\" srcset=\"https:\/\/catunescoforum.upv.es\/wp-content\/uploads\/2025\/09\/MONDIACULT-DIAPOSITIVAS-850x478.png 850w, https:\/\/catunescoforum.upv.es\/wp-content\/uploads\/2025\/09\/MONDIACULT-DIAPOSITIVAS-1200x675.png 1200w, https:\/\/catunescoforum.upv.es\/wp-content\/uploads\/2025\/09\/MONDIACULT-DIAPOSITIVAS-250x141.png 250w, https:\/\/catunescoforum.upv.es\/wp-content\/uploads\/2025\/09\/MONDIACULT-DIAPOSITIVAS-768x433.png 768w, https:\/\/catunescoforum.upv.es\/wp-content\/uploads\/2025\/09\/MONDIACULT-DIAPOSITIVAS-1536x866.png 1536w, https:\/\/catunescoforum.upv.es\/wp-content\/uploads\/2025\/09\/MONDIACULT-DIAPOSITIVAS-2048x1155.png 2048w\" sizes=\"(max-width: 850px) 100vw, 850px\" title=\"DIAPOSITIVAS\" alt=\"\" \t\tclass=\"so-widget-image\"\/>\n\t\t\t<\/a><\/div>\n\n<\/div><\/div><div id=\"panel-2316-2-2-1\" class=\"so-panel widget widget_sow-editor panel-last-child\" data-index=\"8\" ><div\n\t\t\t\n\t\t\tclass=\"so-widget-sow-editor so-widget-sow-editor-base\"\n\t\t\t\n\t\t><h3 class=\"widget-title\"><strong>MONDIACULT 2025: Evento previo <\/strong><strong><\/strong><\/h3>\n<div class=\"siteorigin-widget-tinymce textwidget\">\n\t<p class=\"sow-sub-headline\">Diapositivas de la presentaci\u00f3n de la Directora de la C\u00e1tedra, Mar\u00eda Victoria Vivancos Ram\u00f3n, en el <span style=\"color: #0000ff\"><strong><a style=\"color: #0000ff\" href=\"https:\/\/catunescoforum.upv.es\/mondiacult-2025-evento-previo\/\">evento previo<\/a> <\/strong><\/span>a <span style=\"color: #0000ff\"><a style=\"color: #0000ff\" href=\"https:\/\/catunescoforum.upv.es\/mondiacult-2025\/\"><strong>MONDIACULT 2025<\/strong><\/a><\/span>: <em data-start=\"220\" data-end=\"315\">\"Desaf\u00edos en el desarrollo de proyectos m\u00e1s inclusivos y sostenibles del patrimonio cultural\"<\/em>.<\/p>\n<\/div>\n<\/div><\/div><\/div><div id=\"pgc-2316-2-3\"  class=\"panel-grid-cell\" ><div id=\"panel-2316-2-3-0\" class=\"so-panel widget widget_sow-image panel-first-child\" data-index=\"9\" ><div\n\t\t\t\n\t\t\tclass=\"so-widget-sow-image so-widget-sow-image-default-e8513d21b1d5-2316\"\n\t\t\t\n\t\t><h3 class=\"widget-title\">CAT\u00c1LOGO<\/h3>\n<div class=\"sow-image-container\">\n\t\t\t<a href=\"http:\/\/oceanartproject.blogs.upv.es\/wp-content\/uploads\/2025\/11\/OAP_Expojove_Catalogo_compressed.pdf\"\n\t\t\ttarget=\"_blank\" rel=\"noopener noreferrer\" \t\t>\n\t\t\t<img \n\tsrc=\"https:\/\/catunescoforum.upv.es\/wp-content\/uploads\/2025\/11\/CATALOGO-EXPOJOVE-850x478.png\" width=\"850\" height=\"478\" srcset=\"https:\/\/catunescoforum.upv.es\/wp-content\/uploads\/2025\/11\/CATALOGO-EXPOJOVE-850x478.png 850w, https:\/\/catunescoforum.upv.es\/wp-content\/uploads\/2025\/11\/CATALOGO-EXPOJOVE-1200x675.png 1200w, https:\/\/catunescoforum.upv.es\/wp-content\/uploads\/2025\/11\/CATALOGO-EXPOJOVE-250x141.png 250w, https:\/\/catunescoforum.upv.es\/wp-content\/uploads\/2025\/11\/CATALOGO-EXPOJOVE-768x433.png 768w, https:\/\/catunescoforum.upv.es\/wp-content\/uploads\/2025\/11\/CATALOGO-EXPOJOVE-1536x866.png 1536w, https:\/\/catunescoforum.upv.es\/wp-content\/uploads\/2025\/11\/CATALOGO-EXPOJOVE-2048x1155.png 2048w\" sizes=\"(max-width: 850px) 100vw, 850px\" title=\"CAT\u00c1LOGO\" alt=\"\" \t\tclass=\"so-widget-image\"\/>\n\t\t\t<\/a><\/div>\n\n<\/div><\/div><div id=\"panel-2316-2-3-1\" class=\"so-panel widget widget_sow-editor panel-last-child\" data-index=\"10\" ><div\n\t\t\t\n\t\t\tclass=\"so-widget-sow-editor so-widget-sow-editor-base\"\n\t\t\t\n\t\t><h3 class=\"widget-title\"><strong>CAT\u00c1LOGO EXPOJOVE 23-24 <\/strong><strong><\/strong><\/h3>\n<div class=\"siteorigin-widget-tinymce textwidget\">\n\t<div class=\"page\" title=\"Page 1\">\n<div class=\"layoutArea\">\n<div class=\"column\">\n<p><strong>Ocean ART: Arte, educacio\u0301n y patrimonio marino para una ciudadani\u0301a sostenible, EXPOJOVE 2023\u20132024<\/strong>.<span style=\"color: #0000ff\"><strong><br \/>\n<a style=\"color: #0000ff\" href=\"http:\/\/oceanartproject.blogs.upv.es\/wp-content\/uploads\/2025\/11\/OAP_Expojove_Catalogo_compressed.pdf\">Ver<\/a><\/strong><\/span><br \/>\nCat\u00e1logo del material did\u00e1ctico expuesto en La Feria <strong><span style=\"color: #0000ff\"><a style=\"color: #0000ff\" href=\"https:\/\/oceanartproject.blogs.upv.es\/2024\/01\/09\/resena-expo-jove-2023-2024\/\">EXPOJOVE 2023-2024<\/a>.<\/span><\/strong><br \/>\n<span style=\"color: #0000ff\"><strong><br \/>\n<\/strong><\/span><\/p>\n<\/div>\n<\/div>\n<\/div>\n<\/div>\n<\/div><\/div><\/div><\/div><\/div><div id=\"pg-2316-3\"  class=\"panel-grid panel-has-style\" ><div class=\"siteorigin-panels-stretch panel-row-style panel-row-style-for-2316-3\" data-stretch-type=\"full\" ><div id=\"pgc-2316-3-0\"  class=\"panel-grid-cell\" ><div id=\"panel-2316-3-0-0\" class=\"so-panel widget widget_sow-image panel-first-child\" data-index=\"11\" ><div\n\t\t\t\n\t\t\tclass=\"so-widget-sow-image so-widget-sow-image-default-e8513d21b1d5-2316\"\n\t\t\t\n\t\t><h3 class=\"widget-title\">GU\u00cdA PR\u00c1CTICA<\/h3>\n<div class=\"sow-image-container\">\n\t\t\t<a href=\"https:\/\/catunescoforum.upv.es\/wp-content\/uploads\/2025\/07\/GUIA-PRIMEROS-AUXILIOS_Dana-Valencia-2024_new.pdf\"\n\t\t\ttarget=\"_blank\" rel=\"noopener noreferrer\" \t\t>\n\t\t\t<img \n\tsrc=\"https:\/\/catunescoforum.upv.es\/wp-content\/uploads\/2025\/09\/GUIA-PPAA-ESPAN\u0303OL-850x478.png\" width=\"850\" height=\"478\" srcset=\"https:\/\/catunescoforum.upv.es\/wp-content\/uploads\/2025\/09\/GUIA-PPAA-ESPAN\u0303OL-850x478.png 850w, https:\/\/catunescoforum.upv.es\/wp-content\/uploads\/2025\/09\/GUIA-PPAA-ESPAN\u0303OL-1200x675.png 1200w, https:\/\/catunescoforum.upv.es\/wp-content\/uploads\/2025\/09\/GUIA-PPAA-ESPAN\u0303OL-250x141.png 250w, https:\/\/catunescoforum.upv.es\/wp-content\/uploads\/2025\/09\/GUIA-PPAA-ESPAN\u0303OL-768x433.png 768w, https:\/\/catunescoforum.upv.es\/wp-content\/uploads\/2025\/09\/GUIA-PPAA-ESPAN\u0303OL-1536x866.png 1536w, https:\/\/catunescoforum.upv.es\/wp-content\/uploads\/2025\/09\/GUIA-PPAA-ESPAN\u0303OL-2048x1155.png 2048w\" sizes=\"(max-width: 850px) 100vw, 850px\" title=\"GU\u00cdA PR\u00c1CTICA\" alt=\"\" \t\tclass=\"so-widget-image\"\/>\n\t\t\t<\/a><\/div>\n\n<\/div><\/div><div id=\"panel-2316-3-0-1\" class=\"so-panel widget widget_sow-editor panel-last-child\" data-index=\"12\" ><div\n\t\t\t\n\t\t\tclass=\"so-widget-sow-editor so-widget-sow-editor-base\"\n\t\t\t\n\t\t><h3 class=\"widget-title\"><strong>GU\u00cdA DE PRIMEROS AUXILIOS PARA SALVAR OBJETOS PRECIADOS.<\/strong><strong><\/strong><\/h3>\n<div class=\"siteorigin-widget-tinymce textwidget\">\n\t<p class=\"sow-sub-headline\">Fichas sencillas para informar sobre c\u00f3mo abordar la primera recuperaci\u00f3n de objetos da\u00f1ados por el agua, el barro y el lodo.<\/p>\n<p>Mar\u00eda Victoria Vivancos Ram\u00f3n, Priscila Lehmann Gravier, Esther Nebot D\u00edaz, Jos\u00e9 Antonio Madrid Garc\u00eda.<span style=\"color: #0000ff\"> <a style=\"color: #0000ff\" href=\"https:\/\/catunescoforum.upv.es\/wp-content\/uploads\/2025\/07\/GUIA-PRIMEROS-AUXILIOS_Dana-Valencia-2024_new.pdf\">+<\/a><\/span><\/p>\n<p>GU\u00cdA EDUCATIVA | <span style=\"color: #0000ff\"><a style=\"color: #0000ff\" href=\"https:\/\/catunescoforum.upv.es\/wp-content\/uploads\/2025\/07\/GUIA-PRIMEROS-AUXILIOS_Dana-Valencia-2024_new.pdf\">Espa\u00f1ol<\/a><\/span><\/p>\n<\/div>\n<\/div><\/div><\/div><div id=\"pgc-2316-3-1\"  class=\"panel-grid-cell\" ><div id=\"panel-2316-3-1-0\" class=\"so-panel widget widget_sow-image panel-first-child\" data-index=\"13\" ><div\n\t\t\t\n\t\t\tclass=\"so-widget-sow-image so-widget-sow-image-default-e8513d21b1d5-2316\"\n\t\t\t\n\t\t><h3 class=\"widget-title\">GU\u00cdA PR\u00c1CTICA<\/h3>\n<div class=\"sow-image-container\">\n\t\t\t<a href=\"https:\/\/catunescoforum.upv.es\/wp-content\/uploads\/2025\/10\/GUIA-PRIMEROS-AUXILIOS_Dana-Valencia-2024_INGLES.pdf\"\n\t\t\ttarget=\"_blank\" rel=\"noopener noreferrer\" \t\t>\n\t\t\t<img \n\tsrc=\"https:\/\/catunescoforum.upv.es\/wp-content\/uploads\/2025\/09\/GUIA-PPAA-INGLES-850x478.png\" width=\"850\" height=\"478\" srcset=\"https:\/\/catunescoforum.upv.es\/wp-content\/uploads\/2025\/09\/GUIA-PPAA-INGLES-850x478.png 850w, https:\/\/catunescoforum.upv.es\/wp-content\/uploads\/2025\/09\/GUIA-PPAA-INGLES-1200x675.png 1200w, https:\/\/catunescoforum.upv.es\/wp-content\/uploads\/2025\/09\/GUIA-PPAA-INGLES-250x141.png 250w, https:\/\/catunescoforum.upv.es\/wp-content\/uploads\/2025\/09\/GUIA-PPAA-INGLES-768x433.png 768w, https:\/\/catunescoforum.upv.es\/wp-content\/uploads\/2025\/09\/GUIA-PPAA-INGLES-1536x866.png 1536w, https:\/\/catunescoforum.upv.es\/wp-content\/uploads\/2025\/09\/GUIA-PPAA-INGLES-2048x1155.png 2048w\" sizes=\"(max-width: 850px) 100vw, 850px\" title=\"GU\u00cdA PR\u00c1CTICA\" alt=\"\" \t\tclass=\"so-widget-image\"\/>\n\t\t\t<\/a><\/div>\n\n<\/div><\/div><div id=\"panel-2316-3-1-1\" class=\"so-panel widget widget_sow-editor panel-last-child\" data-index=\"14\" ><div\n\t\t\t\n\t\t\tclass=\"so-widget-sow-editor so-widget-sow-editor-base\"\n\t\t\t\n\t\t><h3 class=\"widget-title\"><strong>FIRST AID GUIDE FOR SAVING VALUABLE OBJETCS. <\/strong><strong><\/strong><\/h3>\n<div class=\"siteorigin-widget-tinymce textwidget\">\n\t<p>Simple instructions for providing guidance on how to handle the initial recovery of valuable objects\u00a0damaged by water, mud, and sludge.<\/p>\n<p>Mar\u00eda Victoria Vivancos Ram\u00f3n, Priscila Lehmann Gravier, Esther Nebot D\u00edaz, Jos\u00e9 Antonio Madrid Garc\u00eda.<span style=\"color: #0000ff\"> <a style=\"color: #0000ff\" href=\"https:\/\/catunescoforum.upv.es\/wp-content\/uploads\/2025\/10\/GUIA-PRIMEROS-AUXILIOS_Dana-Valencia-2024_INGLES.pdf\"><strong>+<\/strong><\/a><\/span><\/p>\n<p>EDUCATIONAL GUIDE |<span style=\"color: #0000ff\"> <a style=\"color: #0000ff\" href=\"https:\/\/catunescoforum.upv.es\/wp-content\/uploads\/2025\/10\/GUIA-PRIMEROS-AUXILIOS_Dana-Valencia-2024_INGLES.pdf\">English<\/a><\/span><\/p>\n<div class=\"page\" title=\"Page 1\">\n<div class=\"layoutArea\">\n<div class=\"column\">\n<p class=\"p4\">\n<\/div>\n<\/div>\n<\/div>\n<\/div>\n<\/div><\/div><\/div><div id=\"pgc-2316-3-2\"  class=\"panel-grid-cell\" ><div id=\"panel-2316-3-2-0\" class=\"so-panel widget widget_sow-image panel-first-child\" data-index=\"15\" ><div\n\t\t\t\n\t\t\tclass=\"so-widget-sow-image so-widget-sow-image-default-e8513d21b1d5-2316\"\n\t\t\t\n\t\t><h3 class=\"widget-title\">GU\u00cdA PR\u00c1CTICA<\/h3>\n<div class=\"sow-image-container\">\n\t\t\t<a href=\"https:\/\/catunescoforum.upv.es\/wp-content\/uploads\/2025\/09\/GUIA-PRIMEROS-AUXILIOS_Dana-Valencia-2024_VALENCIANO_compressed.pdf\"\n\t\t\ttarget=\"_blank\" rel=\"noopener noreferrer\" \t\t>\n\t\t\t<img \n\tsrc=\"https:\/\/catunescoforum.upv.es\/wp-content\/uploads\/2025\/09\/GUIA-PPAA-VALENCIANO-850x478.png\" width=\"850\" height=\"478\" srcset=\"https:\/\/catunescoforum.upv.es\/wp-content\/uploads\/2025\/09\/GUIA-PPAA-VALENCIANO-850x478.png 850w, https:\/\/catunescoforum.upv.es\/wp-content\/uploads\/2025\/09\/GUIA-PPAA-VALENCIANO-1200x675.png 1200w, https:\/\/catunescoforum.upv.es\/wp-content\/uploads\/2025\/09\/GUIA-PPAA-VALENCIANO-250x141.png 250w, https:\/\/catunescoforum.upv.es\/wp-content\/uploads\/2025\/09\/GUIA-PPAA-VALENCIANO-768x433.png 768w, https:\/\/catunescoforum.upv.es\/wp-content\/uploads\/2025\/09\/GUIA-PPAA-VALENCIANO-1536x866.png 1536w, https:\/\/catunescoforum.upv.es\/wp-content\/uploads\/2025\/09\/GUIA-PPAA-VALENCIANO-2048x1155.png 2048w\" sizes=\"(max-width: 850px) 100vw, 850px\" title=\"GU\u00cdA PR\u00c1CTICA\" alt=\"\" \t\tclass=\"so-widget-image\"\/>\n\t\t\t<\/a><\/div>\n\n<\/div><\/div><div id=\"panel-2316-3-2-1\" class=\"so-panel widget widget_sow-editor panel-last-child\" data-index=\"16\" ><div\n\t\t\t\n\t\t\tclass=\"so-widget-sow-editor so-widget-sow-editor-base\"\n\t\t\t\n\t\t><h3 class=\"widget-title\"><strong>GUIA DE PRIMERS AUXILIS PER A SALVAR OBJECTES PREATS. <\/strong><strong><\/strong><\/h3>\n<div class=\"siteorigin-widget-tinymce textwidget\">\n\t<p>Fitxes senzilles per a informar sobre com abordar la primera recuperaci\u00f3 d'objectes danyats per l'aigua, el fang i el llot.<\/p>\n<p>Mar\u00eda Victoria Vivancos Ram\u00f3n, Priscila Lehmann Gravier, Esther Nebot D\u00edaz, Jos\u00e9 Antonio Madrid Garc\u00eda.<span style=\"color: #0000ff\"> <a style=\"color: #0000ff\" href=\"https:\/\/catunescoforum.upv.es\/wp-content\/uploads\/2025\/09\/GUIA-PRIMEROS-AUXILIOS_Dana-Valencia-2024_VALENCIANO_compressed.pdf\">+<\/a><\/span><\/p>\n<p>GUIA EDUCATIVA |<span style=\"color: #0000ff\"> <a style=\"color: #0000ff\" href=\"https:\/\/catunescoforum.upv.es\/wp-content\/uploads\/2025\/09\/GUIA-PRIMEROS-AUXILIOS_Dana-Valencia-2024_VALENCIANO_compressed.pdf\">Valenci\u00e0<\/a><\/span><\/p>\n<\/div>\n<\/div><\/div><\/div><\/div><\/div><div id=\"pg-2316-4\"  class=\"panel-grid panel-has-style\" ><div class=\"siteorigin-panels-stretch panel-row-style panel-row-style-for-2316-4\" data-stretch-type=\"full\" ><div id=\"pgc-2316-4-0\"  class=\"panel-grid-cell\" ><div id=\"panel-2316-4-0-0\" class=\"so-panel widget widget_sow-image panel-first-child\" data-index=\"17\" ><div\n\t\t\t\n\t\t\tclass=\"so-widget-sow-image so-widget-sow-image-default-8b5b6f678277-2316\"\n\t\t\t\n\t\t><h3 class=\"widget-title\">GU\u00cdA EDUCATIVA<\/h3>\n<div class=\"sow-image-container\">\n\t\t\t<a href=\"https:\/\/monografias.editorial.upv.es\/index.php\/oa\/issue\/view\/120\"\n\t\t\ttarget=\"_blank\" rel=\"noopener noreferrer\" \t\t>\n\t\t\t<img \n\tsrc=\"https:\/\/catunescoforum.upv.es\/wp-content\/uploads\/2025\/09\/GUIA-HUERTO-850x478.png\" width=\"850\" height=\"478\" srcset=\"https:\/\/catunescoforum.upv.es\/wp-content\/uploads\/2025\/09\/GUIA-HUERTO-850x478.png 850w, https:\/\/catunescoforum.upv.es\/wp-content\/uploads\/2025\/09\/GUIA-HUERTO-1200x675.png 1200w, https:\/\/catunescoforum.upv.es\/wp-content\/uploads\/2025\/09\/GUIA-HUERTO-250x141.png 250w, https:\/\/catunescoforum.upv.es\/wp-content\/uploads\/2025\/09\/GUIA-HUERTO-768x433.png 768w, https:\/\/catunescoforum.upv.es\/wp-content\/uploads\/2025\/09\/GUIA-HUERTO-1536x866.png 1536w, https:\/\/catunescoforum.upv.es\/wp-content\/uploads\/2025\/09\/GUIA-HUERTO-2048x1155.png 2048w\" sizes=\"(max-width: 850px) 100vw, 850px\" title=\"GU\u00cdA EDUCATIVA\" alt=\"\" \t\tclass=\"so-widget-image\"\/>\n\t\t\t<\/a><\/div>\n\n<\/div><\/div><div id=\"panel-2316-4-0-1\" class=\"so-panel widget widget_sow-editor panel-last-child\" data-index=\"18\" ><div\n\t\t\t\n\t\t\tclass=\"so-widget-sow-editor so-widget-sow-editor-base\"\n\t\t\t\n\t\t><h3 class=\"widget-title\"><strong>EL HUERTO DEL COLOR. Colores naturales para un planeta azul.<\/strong><strong><\/strong><\/h3>\n<div class=\"siteorigin-widget-tinymce textwidget\">\n\t<p>Mar\u00eda Victoria Vivancos Ram\u00f3n , Priscila Lehmann Gravier y Valeria Navarro Moreno.<span style=\"color: #0000ff\">\u00a0<a style=\"color: #0000ff\" href=\"https:\/\/monografias.editorial.upv.es\/index.php\/oa\/issue\/view\/120\">+<\/a><\/span><\/p>\n<p>GU\u00cdA EDUCATIVA | Primaria y Secundaria<br \/>\nSerie: <span style=\"color: #0000ff\"><a style=\"color: #0000ff\" href=\"https:\/\/monografias.editorial.upv.es\/index.php\/oa\/catalog\/category\/oa_serie1\">Sanando los Oc\u00e9anos con la Cultura.<\/a><\/span><br \/>\nProyecto:\u00a0<span style=\"color: #0000ff\"><a style=\"color: #0000ff\" href=\"https:\/\/catunescoforum.upv.es\/mision-y-objetivos\/equipo\/ocean-art-project-new\/\">Ocean ART Project<\/a><\/span><\/p>\n<\/div>\n<\/div><\/div><\/div><div id=\"pgc-2316-4-1\"  class=\"panel-grid-cell\" ><div id=\"panel-2316-4-1-0\" class=\"so-panel widget widget_sow-image panel-first-child\" data-index=\"19\" ><div\n\t\t\t\n\t\t\tclass=\"so-widget-sow-image so-widget-sow-image-default-e8513d21b1d5-2316\"\n\t\t\t\n\t\t><h3 class=\"widget-title\">GU\u00cdA EDUCATIVA<\/h3>\n<div class=\"sow-image-container\">\n\t\t\t<a href=\"https:\/\/monografias.editorial.upv.es\/index.php\/oa\/issue\/view\/124\"\n\t\t\ttarget=\"_blank\" rel=\"noopener noreferrer\" \t\t>\n\t\t\t<img \n\tsrc=\"https:\/\/catunescoforum.upv.es\/wp-content\/uploads\/2025\/09\/GUIA-COLORES-850x478.png\" width=\"850\" height=\"478\" srcset=\"https:\/\/catunescoforum.upv.es\/wp-content\/uploads\/2025\/09\/GUIA-COLORES-850x478.png 850w, https:\/\/catunescoforum.upv.es\/wp-content\/uploads\/2025\/09\/GUIA-COLORES-1200x675.png 1200w, https:\/\/catunescoforum.upv.es\/wp-content\/uploads\/2025\/09\/GUIA-COLORES-250x141.png 250w, https:\/\/catunescoforum.upv.es\/wp-content\/uploads\/2025\/09\/GUIA-COLORES-768x433.png 768w, https:\/\/catunescoforum.upv.es\/wp-content\/uploads\/2025\/09\/GUIA-COLORES-1536x866.png 1536w, https:\/\/catunescoforum.upv.es\/wp-content\/uploads\/2025\/09\/GUIA-COLORES-2048x1155.png 2048w\" sizes=\"(max-width: 850px) 100vw, 850px\" title=\"GU\u00cdA EDUCATIVA\" alt=\"\" \t\tclass=\"so-widget-image\"\/>\n\t\t\t<\/a><\/div>\n\n<\/div><\/div><div id=\"panel-2316-4-1-1\" class=\"so-panel widget widget_sow-editor panel-last-child\" data-index=\"20\" ><div\n\t\t\t\n\t\t\tclass=\"so-widget-sow-editor so-widget-sow-editor-base\"\n\t\t\t\n\t\t><h3 class=\"widget-title\"><strong>LOS COLORES SALVAMARES.<\/strong><strong><\/strong><\/h3>\n<div class=\"siteorigin-widget-tinymce textwidget\">\n\t<p>Mar\u00eda Victoria Vivancos Ram\u00f3n , Priscila Lehmann Gravier y Valeria Navarro Moreno. <span style=\"color: #0000ff\"><a style=\"color: #0000ff\" href=\"https:\/\/monografias.editorial.upv.es\/index.php\/oa\/issue\/view\/124\">+<\/a><\/span><\/p>\n<p>GU\u00cdA EDUCATIVA | Primaria y Secundaria<br \/>\nSerie: <span style=\"color: #0000ff\"><a style=\"color: #0000ff\" href=\"https:\/\/monografias.editorial.upv.es\/index.php\/oa\/catalog\/category\/oa_serie1\">Sanando los Oc\u00e9anos con la Cultura.<\/a><\/span><br \/>\nProyecto:\u00a0<span style=\"color: #0000ff\"><a style=\"color: #0000ff\" href=\"https:\/\/catunescoforum.upv.es\/mision-y-objetivos\/equipo\/ocean-art-project-new\/\">Ocean ART Project<\/a><\/span><\/p>\n<\/div>\n<\/div><\/div><\/div><div id=\"pgc-2316-4-2\"  class=\"panel-grid-cell\" ><div id=\"panel-2316-4-2-0\" class=\"so-panel widget widget_sow-image panel-first-child\" data-index=\"21\" ><div\n\t\t\t\n\t\t\tclass=\"so-widget-sow-image so-widget-sow-image-default-e8513d21b1d5-2316\"\n\t\t\t\n\t\t><h3 class=\"widget-title\">GU\u00cdA EDUCATIVA<\/h3>\n<div class=\"sow-image-container\">\n\t\t\t<a href=\"https:\/\/monografias.editorial.upv.es\/index.php\/oa\/issue\/view\/123\"\n\t\t\ttarget=\"_blank\" rel=\"noopener noreferrer\" \t\t>\n\t\t\t<img \n\tsrc=\"https:\/\/catunescoforum.upv.es\/wp-content\/uploads\/2025\/09\/GUIA-RIESGOS-850x478.png\" width=\"850\" height=\"478\" srcset=\"https:\/\/catunescoforum.upv.es\/wp-content\/uploads\/2025\/09\/GUIA-RIESGOS-850x478.png 850w, https:\/\/catunescoforum.upv.es\/wp-content\/uploads\/2025\/09\/GUIA-RIESGOS-1200x675.png 1200w, https:\/\/catunescoforum.upv.es\/wp-content\/uploads\/2025\/09\/GUIA-RIESGOS-250x141.png 250w, https:\/\/catunescoforum.upv.es\/wp-content\/uploads\/2025\/09\/GUIA-RIESGOS-768x433.png 768w, https:\/\/catunescoforum.upv.es\/wp-content\/uploads\/2025\/09\/GUIA-RIESGOS-1536x866.png 1536w, https:\/\/catunescoforum.upv.es\/wp-content\/uploads\/2025\/09\/GUIA-RIESGOS-2048x1155.png 2048w\" sizes=\"(max-width: 850px) 100vw, 850px\" title=\"GU\u00cdA EDUCATIVA\" alt=\"\" \t\tclass=\"so-widget-image\"\/>\n\t\t\t<\/a><\/div>\n\n<\/div><\/div><div id=\"panel-2316-4-2-1\" class=\"so-panel widget widget_sow-editor panel-last-child\" data-index=\"22\" ><div\n\t\t\t\n\t\t\tclass=\"so-widget-sow-editor so-widget-sow-editor-base\"\n\t\t\t\n\t\t><h3 class=\"widget-title\"><strong>EXPLORANDO LOS RIESGOS QUE AFECTAN AL MAR.<\/strong><strong><\/strong><\/h3>\n<div class=\"siteorigin-widget-tinymce textwidget\">\n\t<p>Mar\u00eda Victoria Vivancos Ram\u00f3n , Priscila Lehmann Gravier y Valeria Navarro Moreno.\u00a0<span style=\"color: #0000ff\"><a style=\"color: #0000ff\" href=\"https:\/\/monografias.editorial.upv.es\/index.php\/oa\/issue\/view\/123\">+<\/a><\/span><\/p>\n<p>GU\u00cdA EDUCATIVA | Educaci\u00f3n Infantil<br \/>\nSerie: <span style=\"color: #0000ff\"><a style=\"color: #0000ff\" href=\"https:\/\/monografias.editorial.upv.es\/index.php\/oa\/catalog\/category\/oa_serie1\">Sanando los Oc\u00e9anos con la Cultura.<\/a><\/span><br \/>\nProyecto:\u00a0<span style=\"color: #0000ff\"><a style=\"color: #0000ff\" href=\"https:\/\/catunescoforum.upv.es\/mision-y-objetivos\/equipo\/ocean-art-project-new\/\">Ocean ART Project<\/a><\/span><\/p>\n<\/div>\n<\/div><\/div><\/div><div id=\"pgc-2316-4-3\"  class=\"panel-grid-cell\" ><div id=\"panel-2316-4-3-0\" class=\"so-panel widget widget_sow-image panel-first-child\" data-index=\"23\" ><div\n\t\t\t\n\t\t\tclass=\"so-widget-sow-image so-widget-sow-image-default-e8513d21b1d5-2316\"\n\t\t\t\n\t\t><h3 class=\"widget-title\">GU\u00cdA EDUCATIVA<\/h3>\n<div class=\"sow-image-container\">\n\t\t\t<a href=\"https:\/\/monografias.editorial.upv.es\/index.php\/oa\/issue\/view\/122\"\n\t\t\ttarget=\"_blank\" rel=\"noopener noreferrer\" \t\t>\n\t\t\t<img \n\tsrc=\"https:\/\/catunescoforum.upv.es\/wp-content\/uploads\/2025\/09\/GUIA-SOROLLA-850x478.png\" width=\"850\" height=\"478\" srcset=\"https:\/\/catunescoforum.upv.es\/wp-content\/uploads\/2025\/09\/GUIA-SOROLLA-850x478.png 850w, https:\/\/catunescoforum.upv.es\/wp-content\/uploads\/2025\/09\/GUIA-SOROLLA-1200x675.png 1200w, https:\/\/catunescoforum.upv.es\/wp-content\/uploads\/2025\/09\/GUIA-SOROLLA-250x141.png 250w, https:\/\/catunescoforum.upv.es\/wp-content\/uploads\/2025\/09\/GUIA-SOROLLA-768x433.png 768w, https:\/\/catunescoforum.upv.es\/wp-content\/uploads\/2025\/09\/GUIA-SOROLLA-1536x866.png 1536w, https:\/\/catunescoforum.upv.es\/wp-content\/uploads\/2025\/09\/GUIA-SOROLLA-2048x1155.png 2048w\" sizes=\"(max-width: 850px) 100vw, 850px\" title=\"GU\u00cdA EDUCATIVA\" alt=\"\" \t\tclass=\"so-widget-image\"\/>\n\t\t\t<\/a><\/div>\n\n<\/div><\/div><div id=\"panel-2316-4-3-1\" class=\"so-panel widget widget_sow-editor panel-last-child\" data-index=\"24\" ><div\n\t\t\t\n\t\t\tclass=\"so-widget-sow-editor so-widget-sow-editor-base\"\n\t\t\t\n\t\t><h3 class=\"widget-title\"><strong>EL PINTOR SOROLLA Y EL CUIDADO DEL MAR.<\/strong><strong><\/strong><\/h3>\n<div class=\"siteorigin-widget-tinymce textwidget\">\n\t<p>Mar\u00eda Victoria Vivancos Ram\u00f3n , Priscila Lehmann Gravier y Valeria Navarro Moreno.<span style=\"color: #0000ff\">\u00a0<a style=\"color: #0000ff\" href=\"https:\/\/monografias.editorial.upv.es\/index.php\/oa\/issue\/view\/122\">+<\/a><\/span><\/p>\n<p>GU\u00cdA EDUCATIVA | Educaci\u00f3n Infantil y Primaria<br \/>\nSerie: <span style=\"color: #0000ff\"><a style=\"color: #0000ff\" href=\"https:\/\/monografias.editorial.upv.es\/index.php\/oa\/catalog\/category\/oa_serie1\">Sanando los Oc\u00e9anos con la Cultura.<\/a><\/span><br \/>\nProyecto:\u00a0<span style=\"color: #0000ff\"><a style=\"color: #0000ff\" href=\"https:\/\/catunescoforum.upv.es\/mision-y-objetivos\/equipo\/ocean-art-project-new\/\">Ocean ART Project<\/a><\/span><\/p>\n<\/div>\n<\/div><\/div><\/div><div id=\"pgc-2316-4-4\"  class=\"panel-grid-cell\" ><div id=\"panel-2316-4-4-0\" class=\"so-panel widget widget_sow-image panel-first-child\" data-index=\"25\" ><div\n\t\t\t\n\t\t\tclass=\"so-widget-sow-image so-widget-sow-image-default-e8513d21b1d5-2316\"\n\t\t\t\n\t\t><h3 class=\"widget-title\">GU\u00cdA EDUCATIVA<\/h3>\n<div class=\"sow-image-container\">\n\t\t\t<a href=\"https:\/\/monografias.editorial.upv.es\/index.php\/oa\/issue\/view\/121\"\n\t\t\ttarget=\"_blank\" rel=\"noopener noreferrer\" \t\t>\n\t\t\t<img \n\tsrc=\"https:\/\/catunescoforum.upv.es\/wp-content\/uploads\/2025\/09\/GUIA-RESIDUOS-850x478.png\" width=\"850\" height=\"478\" srcset=\"https:\/\/catunescoforum.upv.es\/wp-content\/uploads\/2025\/09\/GUIA-RESIDUOS-850x478.png 850w, https:\/\/catunescoforum.upv.es\/wp-content\/uploads\/2025\/09\/GUIA-RESIDUOS-1200x675.png 1200w, https:\/\/catunescoforum.upv.es\/wp-content\/uploads\/2025\/09\/GUIA-RESIDUOS-250x141.png 250w, https:\/\/catunescoforum.upv.es\/wp-content\/uploads\/2025\/09\/GUIA-RESIDUOS-768x433.png 768w, https:\/\/catunescoforum.upv.es\/wp-content\/uploads\/2025\/09\/GUIA-RESIDUOS-1536x866.png 1536w, https:\/\/catunescoforum.upv.es\/wp-content\/uploads\/2025\/09\/GUIA-RESIDUOS-2048x1155.png 2048w\" sizes=\"(max-width: 850px) 100vw, 850px\" title=\"GU\u00cdA EDUCATIVA\" alt=\"\" \t\tclass=\"so-widget-image\"\/>\n\t\t\t<\/a><\/div>\n\n<\/div><\/div><div id=\"panel-2316-4-4-1\" class=\"so-panel widget widget_sow-editor panel-last-child\" data-index=\"26\" ><div\n\t\t\t\n\t\t\tclass=\"so-widget-sow-editor so-widget-sow-editor-base\"\n\t\t\t\n\t\t><h3 class=\"widget-title\"><strong>TRANSFORMANDO LOS RESIDUOS EN TESOROS. C\u00f3mo reutilizar pl\u00e1sticos para crear obras de arte.<\/strong><strong><\/strong><\/h3>\n<div class=\"siteorigin-widget-tinymce textwidget\">\n\t<p>Mar\u00eda Victoria Vivancos Ram\u00f3n , Priscila Lehmann Gravier y Valeria Navarro Moreno.<span style=\"color: #0000ff\">\u00a0<a style=\"color: #0000ff\" href=\"https:\/\/monografias.editorial.upv.es\/index.php\/oa\/issue\/view\/121\">+<\/a><\/span><\/p>\n<p>GU\u00cdA EDUCATIVA | Primaria y Secundaria<br \/>\nSerie: <span style=\"color: #0000ff\"><a style=\"color: #0000ff\" href=\"https:\/\/monografias.editorial.upv.es\/index.php\/oa\/catalog\/category\/oa_serie1\">Sanando los Oc\u00e9anos con la Cultura.<\/a><\/span><br \/>\nProyecto:\u00a0<span style=\"color: #0000ff\"><a style=\"color: #0000ff\" href=\"https:\/\/catunescoforum.upv.es\/mision-y-objetivos\/equipo\/ocean-art-project-new\/\">Ocean ART Project<\/a><\/span><\/p>\n<\/div>\n<\/div><\/div><\/div><\/div><\/div><div id=\"pg-2316-5\"  class=\"panel-grid panel-has-style\" ><div class=\"siteorigin-panels-stretch panel-row-style panel-row-style-for-2316-5\" data-stretch-type=\"full\" ><div id=\"pgc-2316-5-0\"  class=\"panel-grid-cell\" ><div id=\"panel-2316-5-0-0\" class=\"so-panel widget widget_sow-image panel-first-child\" data-index=\"27\" ><div\n\t\t\t\n\t\t\tclass=\"so-widget-sow-image so-widget-sow-image-default-e8513d21b1d5-2316\"\n\t\t\t\n\t\t><h3 class=\"widget-title\">LIBRO DID\u00c1CTICO<\/h3>\n<div class=\"sow-image-container\">\n\t\t\t<a href=\"https:\/\/oceanartproject.blogs.upv.es\/wp-content\/uploads\/2025\/11\/OAP_libro-sirenas-mitos-y-trazos_libro_compressed.pdf\"\n\t\t\ttarget=\"_blank\" rel=\"noopener noreferrer\" \t\t>\n\t\t\t<img \n\tsrc=\"https:\/\/catunescoforum.upv.es\/wp-content\/uploads\/2025\/09\/sirenas-850x478.png\" width=\"850\" height=\"478\" srcset=\"https:\/\/catunescoforum.upv.es\/wp-content\/uploads\/2025\/09\/sirenas-850x478.png 850w, https:\/\/catunescoforum.upv.es\/wp-content\/uploads\/2025\/09\/sirenas-1200x675.png 1200w, https:\/\/catunescoforum.upv.es\/wp-content\/uploads\/2025\/09\/sirenas-250x141.png 250w, https:\/\/catunescoforum.upv.es\/wp-content\/uploads\/2025\/09\/sirenas-768x432.png 768w, https:\/\/catunescoforum.upv.es\/wp-content\/uploads\/2025\/09\/sirenas-1536x864.png 1536w, https:\/\/catunescoforum.upv.es\/wp-content\/uploads\/2025\/09\/sirenas.png 1600w\" sizes=\"(max-width: 850px) 100vw, 850px\" title=\"LIBRO DID\u00c1CTICO\" alt=\"\" \t\tclass=\"so-widget-image\"\/>\n\t\t\t<\/a><\/div>\n\n<\/div><\/div><div id=\"panel-2316-5-0-1\" class=\"so-panel widget widget_sow-editor panel-last-child\" data-index=\"28\" ><div\n\t\t\t\n\t\t\tclass=\"so-widget-sow-editor so-widget-sow-editor-base\"\n\t\t\t\n\t\t><h3 class=\"widget-title\"><strong>DE SIRENAS, MITOS Y TRAZOS. Patrimonio Cultural del Mar Mediterr\u00e1neo.<\/strong><strong><\/strong><\/h3>\n<div class=\"siteorigin-widget-tinymce textwidget\">\n\t<div class=\"page\" title=\"Page 1\">\n<div class=\"layoutArea\">\n<div class=\"column\">\n<p>Publicaci\u00f3n que indaga el fascinante mundo de la mitolog\u00eda marina y el cuidado de los oce\u00e1nos, a trav\u00e9s de la uni\u00f3n entre Patrimonio cultural marino, Arte y Conciencia ambiental.<br \/>\n<strong style=\"color: #0000ff\"><a style=\"color: #0000ff\" href=\"https:\/\/oceanartproject.blogs.upv.es\/wp-content\/uploads\/2025\/11\/OAP_libro-sirenas-mitos-y-trazos_libro_compressed.pdf\">PDF<\/a>\u00a0 |\u00a0 <a style=\"color: #0000ff\" href=\"https:\/\/online.fliphtml5.com\/rneat\/wvpv\/#p=1\">Flip<\/a><br \/>\n<\/strong><a style=\"color: #0000ff\" href=\"https:\/\/oceanartproject.blogs.upv.es\/de-sirenas-mitos-y-trazos\/\"><strong>M\u00e1s informaci\u00f3n de esta inicitiva<\/strong><\/a><\/p>\n<\/div>\n<\/div>\n<\/div>\n<\/div>\n<\/div><\/div><\/div><div id=\"pgc-2316-5-1\"  class=\"panel-grid-cell\" ><div id=\"panel-2316-5-1-0\" class=\"so-panel widget widget_sow-image panel-first-child\" data-index=\"29\" ><div\n\t\t\t\n\t\t\tclass=\"so-widget-sow-image so-widget-sow-image-default-e8513d21b1d5-2316\"\n\t\t\t\n\t\t><h3 class=\"widget-title\">LIBRO DID\u00c1CTICO<\/h3>\n<div class=\"sow-image-container\">\n\t\t\t<a href=\"http:\/\/oceanartproject.blogs.upv.es\/wp-content\/uploads\/2025\/11\/OAP_libro-el-cabanyal_compressed.pdf\"\n\t\t\ttarget=\"_blank\" rel=\"noopener noreferrer\" \t\t>\n\t\t\t<img \n\tsrc=\"https:\/\/catunescoforum.upv.es\/wp-content\/uploads\/2025\/09\/MOCKUP_arquitectura-B-850x478.jpg\" width=\"850\" height=\"478\" srcset=\"https:\/\/catunescoforum.upv.es\/wp-content\/uploads\/2025\/09\/MOCKUP_arquitectura-B-850x478.jpg 850w, https:\/\/catunescoforum.upv.es\/wp-content\/uploads\/2025\/09\/MOCKUP_arquitectura-B-1200x675.jpg 1200w, https:\/\/catunescoforum.upv.es\/wp-content\/uploads\/2025\/09\/MOCKUP_arquitectura-B-250x141.jpg 250w, https:\/\/catunescoforum.upv.es\/wp-content\/uploads\/2025\/09\/MOCKUP_arquitectura-B-768x432.jpg 768w, https:\/\/catunescoforum.upv.es\/wp-content\/uploads\/2025\/09\/MOCKUP_arquitectura-B-1536x864.jpg 1536w, https:\/\/catunescoforum.upv.es\/wp-content\/uploads\/2025\/09\/MOCKUP_arquitectura-B.jpg 1920w\" sizes=\"(max-width: 850px) 100vw, 850px\" title=\"LIBRO DID\u00c1CTICO\" alt=\"\" \t\tclass=\"so-widget-image\"\/>\n\t\t\t<\/a><\/div>\n\n<\/div><\/div><div id=\"panel-2316-5-1-1\" class=\"so-panel widget widget_sow-editor panel-last-child\" data-index=\"30\" ><div\n\t\t\t\n\t\t\tclass=\"so-widget-sow-editor so-widget-sow-editor-base\"\n\t\t\t\n\t\t><h3 class=\"widget-title\"><strong>EL CABANYAL. Patrimonio Cultural del Mar Mediterr\u00e1neo.<\/strong><strong><\/strong><\/h3>\n<div class=\"siteorigin-widget-tinymce textwidget\">\n\t<p>Este libro integra arte, arquitectura e historia con el objetivo de acercar el patrimonio cultural del barrio pesquero del Caba\u00f1al al p\u00fablico infantil y juvenil.<br \/>\n<span style=\"color: #0000ff\"><a style=\"color: #0000ff\" href=\"http:\/\/oceanartproject.blogs.upv.es\/wp-content\/uploads\/2025\/11\/OAP_libro-el-cabanyal_compressed.pdf\"><strong>PDF<\/strong><\/a>\u00a0 |\u00a0 <a style=\"color: #0000ff\" href=\"https:\/\/online.fliphtml5.com\/rneat\/gabn\/#p=1\"><strong>Flip<\/strong><\/a><\/span><\/p>\n<p>&nbsp;<\/p>\n<\/div>\n<\/div><\/div><\/div><div id=\"pgc-2316-5-2\"  class=\"panel-grid-cell\" ><div id=\"panel-2316-5-2-0\" class=\"so-panel widget widget_sow-image panel-first-child\" data-index=\"31\" ><div\n\t\t\t\n\t\t\tclass=\"so-widget-sow-image so-widget-sow-image-default-e8513d21b1d5-2316\"\n\t\t\t\n\t\t><h3 class=\"widget-title\">LIBRO DID\u00c1CTICO<\/h3>\n<div class=\"sow-image-container\">\n\t\t\t<a href=\"https:\/\/oceanartproject.blogs.upv.es\/wp-content\/uploads\/2025\/11\/OAP_libro-NAUMAQUIAS_edit2_compressed.pdf\"\n\t\t\ttarget=\"_blank\" rel=\"noopener noreferrer\" \t\t>\n\t\t\t<img \n\tsrc=\"https:\/\/catunescoforum.upv.es\/wp-content\/uploads\/2025\/09\/NAUMAQUIAS-850x478.png\" width=\"850\" height=\"478\" srcset=\"https:\/\/catunescoforum.upv.es\/wp-content\/uploads\/2025\/09\/NAUMAQUIAS-850x478.png 850w, https:\/\/catunescoforum.upv.es\/wp-content\/uploads\/2025\/09\/NAUMAQUIAS-1200x675.png 1200w, https:\/\/catunescoforum.upv.es\/wp-content\/uploads\/2025\/09\/NAUMAQUIAS-250x141.png 250w, https:\/\/catunescoforum.upv.es\/wp-content\/uploads\/2025\/09\/NAUMAQUIAS-768x433.png 768w, https:\/\/catunescoforum.upv.es\/wp-content\/uploads\/2025\/09\/NAUMAQUIAS-1536x866.png 1536w, https:\/\/catunescoforum.upv.es\/wp-content\/uploads\/2025\/09\/NAUMAQUIAS-2048x1155.png 2048w\" sizes=\"(max-width: 850px) 100vw, 850px\" title=\"LIBRO DID\u00c1CTICO\" alt=\"\" \t\tclass=\"so-widget-image\"\/>\n\t\t\t<\/a><\/div>\n\n<\/div><\/div><div id=\"panel-2316-5-2-1\" class=\"so-panel widget widget_sow-editor panel-last-child\" data-index=\"32\" ><div\n\t\t\t\n\t\t\tclass=\"so-widget-sow-editor so-widget-sow-editor-base\"\n\t\t\t\n\t\t><h3 class=\"widget-title\"><strong>NAUMAQUIAS. Patrimonio Cultural del Mar Mediterr\u00e1neo.<\/strong><strong><\/strong><\/h3>\n<div class=\"siteorigin-widget-tinymce textwidget\">\n\t<div class=\"page\" title=\"Page 1\">\n<div class=\"section\">\n<div class=\"layoutArea\">\n<div class=\"column\">\n<p>Publicacio\u0301n que permite explorar la historia de las naumaquias, especta\u0301culos navales de la antigu\u0308edad romana, dentro del contexto del Patrimonio Cultural del Mar Mediterra\u0301neo.<br \/>\n<a style=\"color: #0000ff\" href=\"https:\/\/oceanartproject.blogs.upv.es\/wp-content\/uploads\/2025\/11\/OAP_libro-NAUMAQUIAS_edit2_compressed.pdf\"><strong>PDF<\/strong><\/a><span style=\"color: #0000ff\">\u00a0 |\u00a0 <\/span><a style=\"color: #0000ff\" href=\"https:\/\/online.fliphtml5.com\/rneat\/yjak\/#p=1\"><strong>Flip<\/strong><\/a><\/p>\n<\/div>\n<\/div>\n<\/div>\n<\/div>\n<p>&nbsp;<\/p>\n<p>&nbsp;<\/p>\n<\/div>\n<\/div><\/div><\/div><div id=\"pgc-2316-5-3\"  class=\"panel-grid-cell\" ><div id=\"panel-2316-5-3-0\" class=\"so-panel widget widget_sow-image panel-first-child\" data-index=\"33\" ><div\n\t\t\t\n\t\t\tclass=\"so-widget-sow-image so-widget-sow-image-default-e8513d21b1d5-2316\"\n\t\t\t\n\t\t><h3 class=\"widget-title\">LIBRO DID\u00c1CTICO<\/h3>\n<div class=\"sow-image-container\">\n\t\t\t<a href=\"https:\/\/oceanartproject.blogs.upv.es\/wp-content\/uploads\/2025\/11\/OAP_libro-PORTULANAS_compressed.pdf\"\n\t\t\ttarget=\"_blank\" rel=\"noopener noreferrer\" \t\t>\n\t\t\t<img \n\tsrc=\"https:\/\/catunescoforum.upv.es\/wp-content\/uploads\/2025\/09\/PORTULANAS-1-850x478.png\" width=\"850\" height=\"478\" srcset=\"https:\/\/catunescoforum.upv.es\/wp-content\/uploads\/2025\/09\/PORTULANAS-1-850x478.png 850w, https:\/\/catunescoforum.upv.es\/wp-content\/uploads\/2025\/09\/PORTULANAS-1-1200x675.png 1200w, https:\/\/catunescoforum.upv.es\/wp-content\/uploads\/2025\/09\/PORTULANAS-1-250x141.png 250w, https:\/\/catunescoforum.upv.es\/wp-content\/uploads\/2025\/09\/PORTULANAS-1-768x433.png 768w, https:\/\/catunescoforum.upv.es\/wp-content\/uploads\/2025\/09\/PORTULANAS-1-1536x866.png 1536w, https:\/\/catunescoforum.upv.es\/wp-content\/uploads\/2025\/09\/PORTULANAS-1-2048x1155.png 2048w\" sizes=\"(max-width: 850px) 100vw, 850px\" title=\"LIBRO DID\u00c1CTICO\" alt=\"\" \t\tclass=\"so-widget-image\"\/>\n\t\t\t<\/a><\/div>\n\n<\/div><\/div><div id=\"panel-2316-5-3-1\" class=\"so-panel widget widget_sow-editor panel-last-child\" data-index=\"34\" ><div\n\t\t\t\n\t\t\tclass=\"so-widget-sow-editor so-widget-sow-editor-base\"\n\t\t\t\n\t\t><h3 class=\"widget-title\"><strong>LAS CARTAS PORTULANAS. El secreto de los mares. <\/strong><strong><\/strong><\/h3>\n<div class=\"siteorigin-widget-tinymce textwidget\">\n\t<div class=\"page\" title=\"Page 1\">\n<div class=\"section\">\n<div class=\"layoutArea\">\n<div class=\"column\">\n<p>Publicacio\u0301n dedicada a introducir en la infancia y juventud, en el fascinante mundo de las cartas portulanas, uno de los primeros mapas na\u0301uticos de la historia.<br \/>\n<strong style=\"color: #0000ff\"><a style=\"color: #0000ff\" href=\"https:\/\/oceanartproject.blogs.upv.es\/wp-content\/uploads\/2025\/11\/OAP_libro-PORTULANAS_compressed.pdf\">PDF<\/a> |<a style=\"color: #0000ff\" href=\"https:\/\/online.fliphtml5.com\/rneat\/otbg\/#p=1\"> FLIP\u00a0<\/a><\/strong><\/p>\n<\/div>\n<\/div>\n<\/div>\n<\/div>\n<\/div>\n<\/div><\/div><\/div><\/div><\/div><div id=\"pg-2316-6\"  class=\"panel-grid panel-has-style\" ><div class=\"siteorigin-panels-stretch panel-row-style panel-row-style-for-2316-6\" data-stretch-type=\"full\" ><div id=\"pgc-2316-6-0\"  class=\"panel-grid-cell\" ><div id=\"panel-2316-6-0-0\" class=\"so-panel widget widget_sow-image panel-first-child\" data-index=\"35\" ><div\n\t\t\t\n\t\t\tclass=\"so-widget-sow-image so-widget-sow-image-default-e8513d21b1d5-2316\"\n\t\t\t\n\t\t><h3 class=\"widget-title\">LIBRO DID\u00c1CTICO<\/h3>\n<div class=\"sow-image-container\">\n\t\t\t<a href=\"https:\/\/catunescoforum.upv.es\/wp-content\/uploads\/2025\/09\/OAP_PUB_Juegos-Marinos_final_compressed.pdf\"\n\t\t\ttarget=\"_blank\" rel=\"noopener noreferrer\" \t\t>\n\t\t\t<img \n\tsrc=\"https:\/\/catunescoforum.upv.es\/wp-content\/uploads\/2025\/09\/Libro-de-juegos-850x478.png\" width=\"850\" height=\"478\" srcset=\"https:\/\/catunescoforum.upv.es\/wp-content\/uploads\/2025\/09\/Libro-de-juegos-850x478.png 850w, https:\/\/catunescoforum.upv.es\/wp-content\/uploads\/2025\/09\/Libro-de-juegos-1200x675.png 1200w, https:\/\/catunescoforum.upv.es\/wp-content\/uploads\/2025\/09\/Libro-de-juegos-250x141.png 250w, https:\/\/catunescoforum.upv.es\/wp-content\/uploads\/2025\/09\/Libro-de-juegos-768x433.png 768w, https:\/\/catunescoforum.upv.es\/wp-content\/uploads\/2025\/09\/Libro-de-juegos-1536x866.png 1536w, https:\/\/catunescoforum.upv.es\/wp-content\/uploads\/2025\/09\/Libro-de-juegos-2048x1155.png 2048w\" sizes=\"(max-width: 850px) 100vw, 850px\" title=\"LIBRO DID\u00c1CTICO\" alt=\"\" \t\tclass=\"so-widget-image\"\/>\n\t\t\t<\/a><\/div>\n\n<\/div><\/div><div id=\"panel-2316-6-0-1\" class=\"so-panel widget widget_sow-editor panel-last-child\" data-index=\"36\" ><div\n\t\t\t\n\t\t\tclass=\"so-widget-sow-editor so-widget-sow-editor-base\"\n\t\t\t\n\t\t><h3 class=\"widget-title\"><strong>JUEGOS MARINOS. Actividades recreativas para salvar los oc\u00e9anos jugando.<\/strong><strong><\/strong><\/h3>\n<div class=\"siteorigin-widget-tinymce textwidget\">\n\t<p>Libro de actividades l\u00fadico-formativas del Proyecto I+D+i <span style=\"color: #0000ff\">\u00a0<a style=\"color: #0000ff\" href=\"https:\/\/catunescoforum.upv.es\/mision-y-objetivos\/equipo\/ocean-art-project-new\/\">Ocean ART Project<\/a><\/span> .<span style=\"color: #0000ff\"> <a style=\"color: #0000ff\" href=\"https:\/\/catunescoforum.upv.es\/wp-content\/uploads\/2025\/09\/OAP_PUB_Juegos-Marinos_final_compressed.pdf\"><strong>+<\/strong><\/a><\/span><\/p>\n<p>&nbsp;<\/p>\n<\/div>\n<\/div><\/div><\/div><div id=\"pgc-2316-6-1\"  class=\"panel-grid-cell\" ><div id=\"panel-2316-6-1-0\" class=\"so-panel widget widget_sow-image panel-first-child\" data-index=\"37\" ><div\n\t\t\t\n\t\t\tclass=\"so-widget-sow-image so-widget-sow-image-default-e8513d21b1d5-2316\"\n\t\t\t\n\t\t><h3 class=\"widget-title\">LIBRO DID\u00c1CTICO<\/h3>\n<div class=\"sow-image-container\">\n\t\t\t<a href=\"http:\/\/oceanartproject.blogs.upv.es\/wp-content\/uploads\/2025\/10\/LIBRO-COSTA-DE-SILENCIO.pdf\"\n\t\t\ttarget=\"_blank\" rel=\"noopener noreferrer\" \t\t>\n\t\t\t<img \n\tsrc=\"https:\/\/catunescoforum.upv.es\/wp-content\/uploads\/2025\/10\/costa-del-silencio-850x478.png\" width=\"850\" height=\"478\" srcset=\"https:\/\/catunescoforum.upv.es\/wp-content\/uploads\/2025\/10\/costa-del-silencio-850x478.png 850w, https:\/\/catunescoforum.upv.es\/wp-content\/uploads\/2025\/10\/costa-del-silencio-1200x675.png 1200w, https:\/\/catunescoforum.upv.es\/wp-content\/uploads\/2025\/10\/costa-del-silencio-250x141.png 250w, https:\/\/catunescoforum.upv.es\/wp-content\/uploads\/2025\/10\/costa-del-silencio-768x433.png 768w, https:\/\/catunescoforum.upv.es\/wp-content\/uploads\/2025\/10\/costa-del-silencio-1536x866.png 1536w, https:\/\/catunescoforum.upv.es\/wp-content\/uploads\/2025\/10\/costa-del-silencio-2048x1155.png 2048w\" sizes=\"(max-width: 850px) 100vw, 850px\" title=\"LIBRO DID\u00c1CTICO\" alt=\"\" \t\tclass=\"so-widget-image\"\/>\n\t\t\t<\/a><\/div>\n\n<\/div><\/div><div id=\"panel-2316-6-1-1\" class=\"so-panel widget widget_sow-editor panel-last-child\" data-index=\"38\" ><div\n\t\t\t\n\t\t\tclass=\"so-widget-sow-editor so-widget-sow-editor-base\"\n\t\t\t\n\t\t><h3 class=\"widget-title\"><strong>La costa del sielcio.<\/strong><strong><\/strong><\/h3>\n<div class=\"siteorigin-widget-tinymce textwidget\">\n\t<p>Un proyecto de <span style=\"color: #0000ff\"><a style=\"color: #0000ff\" href=\"https:\/\/catunescoforum.upv.es\/mision-y-objetivos\/equipo\/ocean-art-project-new\/\">Ocean ART Project<\/a> <\/span>que ilustra la obra de teatro <span style=\"color: #0000ff\"><a style=\"color: #0000ff\" href=\"https:\/\/oceanartproject.blogs.upv.es\/la-costa-del-silencio\/\">\"La Costa del Silencio\".<\/a>\u00a0 <a style=\"color: #0000ff\" href=\"http:\/\/oceanartproject.blogs.upv.es\/wp-content\/uploads\/2025\/10\/LIBRO-COSTA-DE-SILENCIO.pdf\"><strong>+<\/strong><\/a><\/span><\/p>\n<\/div>\n<\/div><\/div><\/div><div id=\"pgc-2316-6-2\"  class=\"panel-grid-cell\" ><div id=\"panel-2316-6-2-0\" class=\"so-panel widget widget_sow-image panel-first-child\" data-index=\"39\" ><div\n\t\t\t\n\t\t\tclass=\"so-widget-sow-image so-widget-sow-image-default-e8513d21b1d5-2316\"\n\t\t\t\n\t\t><h3 class=\"widget-title\">FICHAS DID\u00c1CTICAS<\/h3>\n<div class=\"sow-image-container\">\n\t\t\t<a href=\"https:\/\/oceanartproject.blogs.upv.es\/visiones-de-mar\/\"\n\t\t\ttarget=\"_blank\" rel=\"noopener noreferrer\" \t\t>\n\t\t\t<img \n\tsrc=\"https:\/\/catunescoforum.upv.es\/wp-content\/uploads\/2025\/09\/visiones-850x478.png\" width=\"850\" height=\"478\" srcset=\"https:\/\/catunescoforum.upv.es\/wp-content\/uploads\/2025\/09\/visiones-850x478.png 850w, https:\/\/catunescoforum.upv.es\/wp-content\/uploads\/2025\/09\/visiones-1200x675.png 1200w, https:\/\/catunescoforum.upv.es\/wp-content\/uploads\/2025\/09\/visiones-250x141.png 250w, https:\/\/catunescoforum.upv.es\/wp-content\/uploads\/2025\/09\/visiones-768x433.png 768w, https:\/\/catunescoforum.upv.es\/wp-content\/uploads\/2025\/09\/visiones-1536x866.png 1536w, https:\/\/catunescoforum.upv.es\/wp-content\/uploads\/2025\/09\/visiones-2048x1155.png 2048w\" sizes=\"(max-width: 850px) 100vw, 850px\" title=\"FICHAS DID\u00c1CTICAS\" alt=\"\" \t\tclass=\"so-widget-image\"\/>\n\t\t\t<\/a><\/div>\n\n<\/div><\/div><div id=\"panel-2316-6-2-1\" class=\"so-panel widget widget_sow-editor panel-last-child\" data-index=\"40\" ><div\n\t\t\t\n\t\t\tclass=\"so-widget-sow-editor so-widget-sow-editor-base\"\n\t\t\t\n\t\t><h3 class=\"widget-title\"><strong>VISIONES DE MAR<\/strong><strong><\/strong><\/h3>\n<div class=\"siteorigin-widget-tinymce textwidget\">\n\t<p>Fichas did\u00e1cticas que exploran diferentes \u00e1reas del Patrimonio Cultural Marino.<span style=\"color: #0000ff\">\u00a0<a style=\"color: #0000ff\" href=\"https:\/\/oceanartproject.blogs.upv.es\/visiones-de-mar\/\">+<\/a><\/span><br \/>\nUna iniciativa de<span style=\"color: #0000ff\"><a style=\"color: #0000ff\" href=\"https:\/\/oceanartproject.blogs.upv.es\/\"> Ocean ART Project<\/a>.<\/span><\/p>\n<\/div>\n<\/div><\/div><\/div><\/div><\/div><div id=\"pg-2316-7\"  class=\"panel-grid panel-has-style\" ><div class=\"siteorigin-panels-stretch panel-row-style panel-row-style-for-2316-7\" data-stretch-type=\"full\" ><div id=\"pgc-2316-7-0\"  class=\"panel-grid-cell\" ><div id=\"panel-2316-7-0-0\" class=\"so-panel widget widget_sow-image panel-first-child\" data-index=\"41\" ><div\n\t\t\t\n\t\t\tclass=\"so-widget-sow-image so-widget-sow-image-default-e8513d21b1d5-2316\"\n\t\t\t\n\t\t><h3 class=\"widget-title\">LIBRO DID\u00c1CTICO<\/h3>\n<div class=\"sow-image-container\">\n\t\t\t<a href=\"https:\/\/catunescoforum.upv.es\/libro-colorear\/\"\n\t\t\ttarget=\"_blank\" rel=\"noopener noreferrer\" \t\t>\n\t\t\t<img \n\tsrc=\"https:\/\/catunescoforum.upv.es\/wp-content\/uploads\/2025\/09\/LIBRO-PINTANDO-EN-CASA-850x478.png\" width=\"850\" height=\"478\" srcset=\"https:\/\/catunescoforum.upv.es\/wp-content\/uploads\/2025\/09\/LIBRO-PINTANDO-EN-CASA-850x478.png 850w, https:\/\/catunescoforum.upv.es\/wp-content\/uploads\/2025\/09\/LIBRO-PINTANDO-EN-CASA-1200x675.png 1200w, https:\/\/catunescoforum.upv.es\/wp-content\/uploads\/2025\/09\/LIBRO-PINTANDO-EN-CASA-250x141.png 250w, https:\/\/catunescoforum.upv.es\/wp-content\/uploads\/2025\/09\/LIBRO-PINTANDO-EN-CASA-768x433.png 768w, https:\/\/catunescoforum.upv.es\/wp-content\/uploads\/2025\/09\/LIBRO-PINTANDO-EN-CASA-1536x866.png 1536w, https:\/\/catunescoforum.upv.es\/wp-content\/uploads\/2025\/09\/LIBRO-PINTANDO-EN-CASA-2048x1155.png 2048w\" sizes=\"(max-width: 850px) 100vw, 850px\" title=\"LIBRO DID\u00c1CTICO\" alt=\"\" \t\tclass=\"so-widget-image\"\/>\n\t\t\t<\/a><\/div>\n\n<\/div><\/div><div id=\"panel-2316-7-0-1\" class=\"so-panel widget widget_sow-editor panel-last-child\" data-index=\"42\" ><div\n\t\t\t\n\t\t\tclass=\"so-widget-sow-editor so-widget-sow-editor-base\"\n\t\t\t\n\t\t><h3 class=\"widget-title\"><strong>\u00bfSAB\u00cdAS QU\u00c9?: LIBRO PARA COLOREAR.<\/strong><strong><\/strong><\/h3>\n<div class=\"siteorigin-widget-tinymce textwidget\">\n\t<p>Libro de ilustraciones para colorear creado por alumnos voluntarios del Grado de Conservaci\u00f3n y Restauraci\u00f3n de Bienes Culturales (UPV) y la C\u00e1tedra UNESCO Forum Universidad y Patrimonio UPV en contexto de la pandemia COVID-19. <span style=\"color: #0000ff\"><a style=\"color: #0000ff\" href=\"https:\/\/catunescoforum.upv.es\/libro-colorear\/\"><strong>+<\/strong><\/a><\/span><\/p>\n<\/div>\n<\/div><\/div><\/div><div id=\"pgc-2316-7-1\"  class=\"panel-grid-cell\" ><div id=\"panel-2316-7-1-0\" class=\"so-panel widget widget_sow-image panel-first-child\" data-index=\"43\" ><div\n\t\t\t\n\t\t\tclass=\"so-widget-sow-image so-widget-sow-image-default-e8513d21b1d5-2316\"\n\t\t\t\n\t\t><h3 class=\"widget-title\">LIBRO DID\u00c1CTICO<\/h3>\n<div class=\"sow-image-container\">\n\t\t<img \n\tsrc=\"https:\/\/catunescoforum.upv.es\/wp-content\/uploads\/2025\/09\/coming-soon-850x478.png\" width=\"850\" height=\"478\" srcset=\"https:\/\/catunescoforum.upv.es\/wp-content\/uploads\/2025\/09\/coming-soon-850x478.png 850w, https:\/\/catunescoforum.upv.es\/wp-content\/uploads\/2025\/09\/coming-soon-1200x675.png 1200w, https:\/\/catunescoforum.upv.es\/wp-content\/uploads\/2025\/09\/coming-soon-250x141.png 250w, https:\/\/catunescoforum.upv.es\/wp-content\/uploads\/2025\/09\/coming-soon-768x432.png 768w, https:\/\/catunescoforum.upv.es\/wp-content\/uploads\/2025\/09\/coming-soon-1536x864.png 1536w, https:\/\/catunescoforum.upv.es\/wp-content\/uploads\/2025\/09\/coming-soon.png 1600w\" sizes=\"(max-width: 850px) 100vw, 850px\" title=\"LIBRO DID\u00c1CTICO\" alt=\"\" \t\tclass=\"so-widget-image\"\/>\n\t<\/div>\n\n<\/div><\/div><div id=\"panel-2316-7-1-1\" class=\"so-panel widget widget_sow-editor panel-last-child\" data-index=\"44\" ><div\n\t\t\t\n\t\t\tclass=\"so-widget-sow-editor so-widget-sow-editor-base\"\n\t\t\t\n\t\t><h3 class=\"widget-title\"><strong>M\u00c9TODO PEDAG\u00d3GICO: RECON\u00c9CTATE CON LA CULTURA EN EL MUNDO.<\/strong><strong><\/strong><\/h3>\n<div class=\"siteorigin-widget-tinymce textwidget\">\n\t<p>Un proyecto que persigue el Objetivo de Desarrollo Sostenible #4 de la Agenda 2030 de las Naciones Unidas: \u201c<strong>Educaci\u00f3n de Calidad<\/strong>\u201d<br \/>\n_____<br \/>\n<span style=\"color: #0000ff\"><a style=\"color: #0000ff\" href=\"https:\/\/catunescoforum.blogs.upv.es\/wp-content\/uploads\/2021\/05\/RWYC-WORLD-ES.pdf\">Espa\u00f1ol<\/a> | <a style=\"color: #0000ff\" href=\"https:\/\/catunescoforum.blogs.upv.es\/wp-content\/uploads\/2021\/05\/RWYC-WORLD-EN.pdf\">Ingl\u00e9s<\/a> | <a style=\"color: #0000ff\" href=\"https:\/\/catunescoforum.blogs.upv.es\/wp-content\/uploads\/2021\/05\/RWYC-WORLD-IT.pdf\">Italiano<\/a> | <a style=\"color: #0000ff\" href=\"https:\/\/catunescoforum.blogs.upv.es\/wp-content\/uploads\/2021\/05\/RWYC-WORLD-FR.pdf\">Franc\u00e9s<\/a><\/span><\/p>\n<\/div>\n<\/div><\/div><\/div><div id=\"pgc-2316-7-2\"  class=\"panel-grid-cell\" ><div id=\"panel-2316-7-2-0\" class=\"so-panel widget widget_sow-image panel-first-child\" data-index=\"45\" ><div\n\t\t\t\n\t\t\tclass=\"so-widget-sow-image so-widget-sow-image-default-3ac82b89b465-2316\"\n\t\t\t\n\t\t><h3 class=\"widget-title\">DIAPOSITIVAS<\/h3>\n<div class=\"sow-image-container\">\n\t\t\t<a href=\"https:\/\/catunescoforum.upv.es\/wp-content\/uploads\/2025\/09\/PRESENTACIO\u0301N-MONDIACULT-2025.pdf\"\n\t\t\ttarget=\"_blank\" rel=\"noopener noreferrer\" \t\t>\n\t\t\t<img \n\tsrc=\"https:\/\/catunescoforum.upv.es\/wp-content\/uploads\/2026\/05\/Free-MacBook-Pro-On-The-Cabinet-Mockup-850x478.jpg\" width=\"850\" height=\"478\" srcset=\"https:\/\/catunescoforum.upv.es\/wp-content\/uploads\/2026\/05\/Free-MacBook-Pro-On-The-Cabinet-Mockup-850x478.jpg 850w, https:\/\/catunescoforum.upv.es\/wp-content\/uploads\/2026\/05\/Free-MacBook-Pro-On-The-Cabinet-Mockup-1200x675.jpg 1200w, https:\/\/catunescoforum.upv.es\/wp-content\/uploads\/2026\/05\/Free-MacBook-Pro-On-The-Cabinet-Mockup-250x141.jpg 250w\" sizes=\"(max-width: 850px) 100vw, 850px\" title=\"DIAPOSITIVAS\" alt=\"\" \t\tclass=\"so-widget-image\"\/>\n\t\t\t<\/a><\/div>\n\n<\/div><\/div><div id=\"panel-2316-7-2-1\" class=\"so-panel widget widget_sow-editor panel-last-child\" data-index=\"46\" ><div\n\t\t\t\n\t\t\tclass=\"so-widget-sow-editor so-widget-sow-editor-base\"\n\t\t\t\n\t\t><h3 class=\"widget-title\"><strong>Informe mundial sobre tendencias de la educaci\u00f3n superior<\/strong><strong><\/strong><\/h3>\n<div class=\"siteorigin-widget-tinymce textwidget\">\n\t<article id=\"post-11072\" class=\"post-11072 post type-post status-publish format-standard has-post-thumbnail hentry category-charlas-y-conferencias category-eventos category-news category-premios category-unesco tag-excelencia tag-investigacion tag-patrimoniocultural tag-premios tag-unesco tag-upv\">\n<div class=\"entry-content\">\n<div id=\"pl-11072\" class=\"panel-layout\">\n<div id=\"pg-11072-1\" class=\"panel-grid panel-no-style\">\n<div id=\"pgc-11072-1-0\" class=\"panel-grid-cell\">\n<div id=\"panel-11072-1-0-0\" class=\"so-panel widget widget_sow-editor panel-first-child panel-last-child\" data-index=\"1\">\n<div class=\"so-widget-sow-editor so-widget-sow-editor-base\">\n<div class=\"siteorigin-widget-tinymce textwidget\">\n<p>C\u00e1tedra UNESCO Forum Universidad y Patrimonio Cultural de la Universitat Polit\u00e8cnica de Val\u00e8ncia asisti\u00f3 en Par\u00eds al lanzamiento oficial del Informe Mundial sobre las Tendencias de la Educaci\u00f3n Superior, un documento elaborado por el Instituto Internacional de la UNESCO para la Educaci\u00f3n Superior en Am\u00e9rica Latina y el Caribe que centr\u00f3 su an\u00e1lisis en la construcci\u00f3n de un modelo educativo m\u00e1s inclusivo, equitativo y de calidad en un contexto de movilidad internacional.<\/p>\n<p>Este encuentro se configur\u00f3 como un espacio clave de reflexi\u00f3n y di\u00e1logo a escala global donde expertos, universidades e instituciones de todo el mundo analizaron las grandes transformaciones y retos actuales del sector, debatiendo en torno a la inclusi\u00f3n, la equidad, la movilidad estudiantil, la sostenibilidad, la innovaci\u00f3n y el acceso universal al conocimiento.<\/p>\n<p>Durante las sesiones, la organizaci\u00f3n record\u00f3 firmemente que la educaci\u00f3n constituye un bien com\u00fan y una herramienta esencial para la construcci\u00f3n de sociedades m\u00e1s justas y sostenibles, resultando una experiencia altamente inspiradora para la delegaci\u00f3n de la universidad al haber podido compartir sinergias con entidades internacionales comprometidas con el futuro de la educaci\u00f3n superior.<\/p>\n<p>Para ver m\u00e1s, haz clic <a href=\"https:\/\/www.instagram.com\/reel\/DYRHxAXocLM\/?utm_source=ig_web_copy_link&amp;igsh=NTc4MTIwNjQ2YQ==\">aqu\u00ed<\/a> y revive los mejores momentos de este encuentro en Par\u00eds.<\/p>\n<\/div>\n<\/div>\n<\/div>\n<\/div>\n<\/div>\n<\/div>\n<\/div>\n<\/article>\n<\/div>\n<\/div><\/div><\/div><\/div><\/div><div id=\"pg-2316-8\"  class=\"panel-grid panel-has-style\" ><div class=\"siteorigin-panels-stretch panel-row-style panel-row-style-for-2316-8\" data-stretch-type=\"full\" ><div id=\"pgc-2316-8-0\"  class=\"panel-grid-cell\" ><div id=\"panel-2316-8-0-0\" class=\"so-panel widget widget_sow-image panel-first-child\" data-index=\"47\" ><div\n\t\t\t\n\t\t\tclass=\"so-widget-sow-image so-widget-sow-image-default-e8513d21b1d5-2316\"\n\t\t\t\n\t\t><h3 class=\"widget-title\">CUENTO<\/h3>\n<div class=\"sow-image-container\">\n\t\t\t<a href=\"https:\/\/oceanartproject.blogs.upv.es\/wp-content\/uploads\/2024\/07\/Cuento-Blu-y-sus-amigas.pdf\"\n\t\t\ttarget=\"_blank\" rel=\"noopener noreferrer\" \t\t>\n\t\t\t<img \n\tsrc=\"https:\/\/catunescoforum.upv.es\/wp-content\/uploads\/2025\/11\/cuento-blu-850x478.png\" width=\"850\" height=\"478\" srcset=\"https:\/\/catunescoforum.upv.es\/wp-content\/uploads\/2025\/11\/cuento-blu-850x478.png 850w, https:\/\/catunescoforum.upv.es\/wp-content\/uploads\/2025\/11\/cuento-blu-1200x675.png 1200w, https:\/\/catunescoforum.upv.es\/wp-content\/uploads\/2025\/11\/cuento-blu-250x141.png 250w, https:\/\/catunescoforum.upv.es\/wp-content\/uploads\/2025\/11\/cuento-blu-768x433.png 768w, https:\/\/catunescoforum.upv.es\/wp-content\/uploads\/2025\/11\/cuento-blu-1536x866.png 1536w, https:\/\/catunescoforum.upv.es\/wp-content\/uploads\/2025\/11\/cuento-blu-2048x1155.png 2048w\" sizes=\"(max-width: 850px) 100vw, 850px\" title=\"CUENTO\" alt=\"\" \t\tclass=\"so-widget-image\"\/>\n\t\t\t<\/a><\/div>\n\n<\/div><\/div><div id=\"panel-2316-8-0-1\" class=\"so-panel widget widget_sow-editor panel-last-child\" data-index=\"48\" ><div\n\t\t\t\n\t\t\tclass=\"so-widget-sow-editor so-widget-sow-editor-base\"\n\t\t\t\n\t\t><h3 class=\"widget-title\"><strong>BLU y sus amigas. Guardianas del Mediterr\u00e1neo.<\/strong><strong><\/strong><\/h3>\n<div class=\"siteorigin-widget-tinymce textwidget\">\n\t<p>Cuento para trabajar los riesgos marinos en la primera infancia.<br \/>\n<span style=\"color: #0000ff\"><span style=\"font-family: 'trebuchet ms', geneva, sans-serif\"><strong><a title=\"\" href=\"http:\/\/oceanartproject.blogs.upv.es\/wp-content\/uploads\/2024\/07\/Cuento-Blu-y-sus-amigas.pdf\"><span style=\"color: #0000ff\">PDF\u00a0<\/span><\/a><\/strong>|<span style=\"color: #0000ff\">\u00a0<strong><a style=\"color: #0000ff\" title=\"\" href=\"https:\/\/online.fliphtml5.com\/rpntu\/moot\/\">FLIP<\/a><\/strong><\/span><\/span><br \/>\n<span style=\"color: #000000\">Ed. C\u00e1tedra UNESCO Forum, Universidad y Patrimonio Cultural UPV<\/span><br \/>\n<\/span><\/p>\n<\/div>\n<\/div><\/div><\/div><div id=\"pgc-2316-8-1\"  class=\"panel-grid-cell panel-grid-cell-mobile-last\" ><div id=\"panel-2316-8-1-0\" class=\"so-panel widget widget_sow-image panel-first-child\" data-index=\"49\" ><div\n\t\t\t\n\t\t\tclass=\"so-widget-sow-image so-widget-sow-image-default-e8513d21b1d5-2316\"\n\t\t\t\n\t\t><h3 class=\"widget-title\">CUENTO<\/h3>\n<div class=\"sow-image-container\">\n\t\t\t<a href=\"https:\/\/oceanartproject.blogs.upv.es\/wp-content\/uploads\/2025\/05\/OAP_cuento_Ana-y-el-mar.pdf\"\n\t\t\ttarget=\"_blank\" rel=\"noopener noreferrer\" \t\t>\n\t\t\t<img \n\tsrc=\"https:\/\/catunescoforum.upv.es\/wp-content\/uploads\/2025\/11\/ANA-2-850x478.png\" width=\"850\" height=\"478\" srcset=\"https:\/\/catunescoforum.upv.es\/wp-content\/uploads\/2025\/11\/ANA-2-850x478.png 850w, https:\/\/catunescoforum.upv.es\/wp-content\/uploads\/2025\/11\/ANA-2-1200x675.png 1200w, https:\/\/catunescoforum.upv.es\/wp-content\/uploads\/2025\/11\/ANA-2-250x141.png 250w, https:\/\/catunescoforum.upv.es\/wp-content\/uploads\/2025\/11\/ANA-2-768x433.png 768w, https:\/\/catunescoforum.upv.es\/wp-content\/uploads\/2025\/11\/ANA-2-1536x866.png 1536w, https:\/\/catunescoforum.upv.es\/wp-content\/uploads\/2025\/11\/ANA-2-2048x1155.png 2048w\" sizes=\"(max-width: 850px) 100vw, 850px\" title=\"CUENTO\" alt=\"\" \t\tclass=\"so-widget-image\"\/>\n\t\t\t<\/a><\/div>\n\n<\/div><\/div><div id=\"panel-2316-8-1-1\" class=\"so-panel widget widget_sow-editor panel-last-child\" data-index=\"50\" ><div\n\t\t\t\n\t\t\tclass=\"so-widget-sow-editor so-widget-sow-editor-base\"\n\t\t\t\n\t\t><h3 class=\"widget-title\"><strong>Ana y el mar<\/strong><strong><\/strong><\/h3>\n<div class=\"siteorigin-widget-tinymce textwidget\">\n\t<p>Cuento para trabajar la contaminaci\u00f3n de los mares.<br \/>\n<span style=\"font-family: 'trebuchet ms', geneva, sans-serif;color: #0000ff\"><strong><a style=\"color: #0000ff\" title=\"\" href=\"http:\/\/oceanartproject.blogs.upv.es\/wp-content\/uploads\/2025\/05\/OAP_cuento_Ana-y-el-mar.pdf\">PDF<\/a><br \/>\n<\/strong><\/span>Ed. C\u00e1tedra UNESCO Forum, Universidad y Patrimonio Cultural UPV.<\/p>\n<\/div>\n<\/div><\/div><\/div><div id=\"pgc-2316-8-2\"  class=\"panel-grid-cell panel-grid-cell-empty\" ><\/div><\/div><\/div><div id=\"pg-2316-9\"  class=\"panel-grid panel-has-style\" ><div class=\"siteorigin-panels-stretch panel-row-style panel-row-style-for-2316-9\" data-stretch-type=\"full\" ><div id=\"pgc-2316-9-0\"  class=\"panel-grid-cell\" ><div id=\"panel-2316-9-0-0\" class=\"so-panel widget widget_sow-image panel-first-child\" data-index=\"51\" ><div\n\t\t\t\n\t\t\tclass=\"so-widget-sow-image so-widget-sow-image-default-e8513d21b1d5-2316\"\n\t\t\t\n\t\t><h3 class=\"widget-title\">ART\u00cdCULO<\/h3>\n<div class=\"sow-image-container\">\n\t\t\t<a href=\"https:\/\/oceanartproject.blogs.upv.es\/wp-content\/uploads\/2025\/06\/ARTICULO_OCEAN_Actas_ICP2024_FINAL-3.pdf\"\n\t\t\ttarget=\"_blank\" rel=\"noopener noreferrer\" \t\t>\n\t\t\t<img \n\tsrc=\"https:\/\/catunescoforum.upv.es\/wp-content\/uploads\/2025\/09\/art-7-850x478.png\" width=\"850\" height=\"478\" srcset=\"https:\/\/catunescoforum.upv.es\/wp-content\/uploads\/2025\/09\/art-7-850x478.png 850w, https:\/\/catunescoforum.upv.es\/wp-content\/uploads\/2025\/09\/art-7-1200x675.png 1200w, https:\/\/catunescoforum.upv.es\/wp-content\/uploads\/2025\/09\/art-7-250x141.png 250w, https:\/\/catunescoforum.upv.es\/wp-content\/uploads\/2025\/09\/art-7-768x433.png 768w, https:\/\/catunescoforum.upv.es\/wp-content\/uploads\/2025\/09\/art-7-1536x866.png 1536w, https:\/\/catunescoforum.upv.es\/wp-content\/uploads\/2025\/09\/art-7-2048x1155.png 2048w\" sizes=\"(max-width: 850px) 100vw, 850px\" title=\"ART\u00cdCULO\" alt=\"\" \t\tclass=\"so-widget-image\"\/>\n\t\t\t<\/a><\/div>\n\n<\/div><\/div><div id=\"panel-2316-9-0-1\" class=\"so-panel widget widget_sow-editor panel-last-child\" data-index=\"52\" ><div\n\t\t\t\n\t\t\tclass=\"so-widget-sow-editor so-widget-sow-editor-base\"\n\t\t\t\n\t\t><h3 class=\"widget-title\"><strong>La divulgaci\u00f3n del patrimonio cultural marino como herramienta de sensibilizaci\u00f3n y conservaci\u00f3n.<\/strong><strong><\/strong><\/h3>\n<div class=\"siteorigin-widget-tinymce textwidget\">\n\t<p class=\"fusion-title-heading title-heading-left\">Mar\u00eda Victoria Vivancos Ram\u00f3n, Priscila Lehmann Gravier, Valeria Navarro Moreno.\u00a0 <span style=\"color: #0000ff\"><a style=\"color: #0000ff\" href=\"https:\/\/oceanartproject.blogs.upv.es\/wp-content\/uploads\/2025\/06\/ARTICULO_OCEAN_Actas_ICP2024_FINAL-3.pdf\"><strong>+<\/strong><\/a><\/span><\/p>\n<p>Investigaciones en Conservaci\u00f3n del Patrimonio (ICP) Valencia, 17 y 18 de octubre de 2024. <span style=\"color: #0000ff\"><a style=\"color: #0000ff\" href=\"https:\/\/oceanartproject.blogs.upv.es\/2024\/10\/21\/ocean-art-project-en-v-congreso-iberoamericano-en-conservacion-del-patrimonio\/\">+<\/a><\/span><\/p>\n<\/div>\n<\/div><\/div><\/div><div id=\"pgc-2316-9-1\"  class=\"panel-grid-cell\" ><div id=\"panel-2316-9-1-0\" class=\"so-panel widget widget_sow-image panel-first-child\" data-index=\"53\" ><div\n\t\t\t\n\t\t\tclass=\"so-widget-sow-image so-widget-sow-image-default-e8513d21b1d5-2316\"\n\t\t\t\n\t\t><h3 class=\"widget-title\">ART\u00cdCULO<\/h3>\n<div class=\"sow-image-container\">\n\t\t\t<a href=\"https:\/\/www.iaph.es\/revistaph\/index.php\/revistaph\/article\/view\/5594\"\n\t\t\ttarget=\"_blank\" rel=\"noopener noreferrer\" \t\t>\n\t\t\t<img \n\tsrc=\"https:\/\/catunescoforum.upv.es\/wp-content\/uploads\/2025\/09\/art-6-850x478.png\" width=\"850\" height=\"478\" srcset=\"https:\/\/catunescoforum.upv.es\/wp-content\/uploads\/2025\/09\/art-6-850x478.png 850w, https:\/\/catunescoforum.upv.es\/wp-content\/uploads\/2025\/09\/art-6-1200x675.png 1200w, https:\/\/catunescoforum.upv.es\/wp-content\/uploads\/2025\/09\/art-6-250x141.png 250w, https:\/\/catunescoforum.upv.es\/wp-content\/uploads\/2025\/09\/art-6-768x433.png 768w, https:\/\/catunescoforum.upv.es\/wp-content\/uploads\/2025\/09\/art-6-1536x866.png 1536w, https:\/\/catunescoforum.upv.es\/wp-content\/uploads\/2025\/09\/art-6-2048x1155.png 2048w\" sizes=\"(max-width: 850px) 100vw, 850px\" title=\"ART\u00cdCULO\" alt=\"\" \t\tclass=\"so-widget-image\"\/>\n\t\t\t<\/a><\/div>\n\n<\/div><\/div><div id=\"panel-2316-9-1-1\" class=\"so-panel widget widget_sow-editor panel-last-child\" data-index=\"54\" ><div\n\t\t\t\n\t\t\tclass=\"so-widget-sow-editor so-widget-sow-editor-base\"\n\t\t\t\n\t\t><h3 class=\"widget-title\"><strong>Tesoros culturales marinos para las generaciones futuras: las cartas portulanas facs\u00edmiles de la Fundaci\u00f3n Gim\u00e9nez Lorente.<\/strong><strong><\/strong><\/h3>\n<div class=\"siteorigin-widget-tinymce textwidget\">\n\t<p>Mar\u00eda Victoria Vivancos Ram\u00f3n, <span class=\"name\">Juan Valc\u00e1rcel Andr\u00e9s. <\/span><a href=\"https:\/\/www.iaph.es\/revistaph\/index.php\/revistaph\/article\/view\/5594\">+<\/a><\/p>\n<p><a class=\"title\" href=\"https:\/\/www.iaph.es\/revistaph\/index.php\/revistaph\/issue\/view\/128\">Revista PH 112 (2024) (monogr\u00e1fico) IAPH, buenas pr\u00e1cticas en patrimonio cultural<\/a><\/p>\n<\/div>\n<\/div><\/div><\/div><div id=\"pgc-2316-9-2\"  class=\"panel-grid-cell\" ><div id=\"panel-2316-9-2-0\" class=\"so-panel widget widget_sow-image panel-first-child\" data-index=\"55\" ><div\n\t\t\t\n\t\t\tclass=\"so-widget-sow-image so-widget-sow-image-default-e8513d21b1d5-2316\"\n\t\t\t\n\t\t><h3 class=\"widget-title\">ART\u00cdCULO<\/h3>\n<div class=\"sow-image-container\">\n\t\t\t<a href=\"https:\/\/oceanartproject.blogs.upv.es\/wp-content\/uploads\/2024\/07\/Articolo-Vivancos.pdf\"\n\t\t\ttarget=\"_blank\" rel=\"noopener noreferrer\" \t\t>\n\t\t\t<img \n\tsrc=\"https:\/\/catunescoforum.upv.es\/wp-content\/uploads\/2025\/09\/art-4-850x478.png\" width=\"850\" height=\"478\" srcset=\"https:\/\/catunescoforum.upv.es\/wp-content\/uploads\/2025\/09\/art-4-850x478.png 850w, https:\/\/catunescoforum.upv.es\/wp-content\/uploads\/2025\/09\/art-4-1200x675.png 1200w, https:\/\/catunescoforum.upv.es\/wp-content\/uploads\/2025\/09\/art-4-250x141.png 250w, https:\/\/catunescoforum.upv.es\/wp-content\/uploads\/2025\/09\/art-4-768x433.png 768w, https:\/\/catunescoforum.upv.es\/wp-content\/uploads\/2025\/09\/art-4-1536x866.png 1536w, https:\/\/catunescoforum.upv.es\/wp-content\/uploads\/2025\/09\/art-4-2048x1155.png 2048w\" sizes=\"(max-width: 850px) 100vw, 850px\" title=\"ART\u00cdCULO\" alt=\"\" \t\tclass=\"so-widget-image\"\/>\n\t\t\t<\/a><\/div>\n\n<\/div><\/div><div id=\"panel-2316-9-2-1\" class=\"so-panel widget widget_sow-editor panel-last-child\" data-index=\"56\" ><div\n\t\t\t\n\t\t\tclass=\"so-widget-sow-editor so-widget-sow-editor-base\"\n\t\t\t\n\t\t><h3 class=\"widget-title\"><strong>Marine Cultural Heritage as a Bridge of Concord: Portolan Cartographies.<\/strong><strong><\/strong><\/h3>\n<div class=\"siteorigin-widget-tinymce textwidget\">\n\t<p>Mar\u00eda Victoria Vivancos Ram\u00f3n , Francisco Garc\u00eda Garc\u00eda y Valeria Navarro Moreno. <a href=\"https:\/\/oceanartproject.blogs.upv.es\/wp-content\/uploads\/2024\/07\/Articolo-Vivancos.pdf\">+<\/a><\/p>\n<div class=\"fusion-title title fusion-title-12 fusion-sep-none fusion-title-text fusion-title-size-one\">\n<p class=\"fusion-title-heading title-heading-left\"><a href=\"https:\/\/gangemi.com\/prodotto\/abitare-la-terra-quaderni-10\/?srsltid=AfmBOoo2x9RwTulkCZM_2d2Kr3m3ekpcAjlyLZcczDw2Vwib3i3FfvHy\">Abitare la Terra Quaderni 10. <span style=\"font-size: 16px\">Supplemento alla Rivista di geoarchitettura.<\/span><\/a><\/p>\n<\/div>\n<\/div>\n<\/div><\/div><\/div><div id=\"pgc-2316-9-3\"  class=\"panel-grid-cell\" ><div id=\"panel-2316-9-3-0\" class=\"so-panel widget widget_sow-image panel-first-child\" data-index=\"57\" ><div\n\t\t\t\n\t\t\tclass=\"so-widget-sow-image so-widget-sow-image-default-e8513d21b1d5-2316\"\n\t\t\t\n\t\t><h3 class=\"widget-title\">ART\u00cdCULO<\/h3>\n<div class=\"sow-image-container\">\n\t\t\t<a href=\"https:\/\/gangemi.com\/prodotto\/dwelling-on-space\/\"\n\t\t\ttarget=\"_blank\" rel=\"noopener noreferrer\" \t\t>\n\t\t\t<img \n\tsrc=\"https:\/\/catunescoforum.upv.es\/wp-content\/uploads\/2025\/09\/art-5-850x478.png\" width=\"850\" height=\"478\" srcset=\"https:\/\/catunescoforum.upv.es\/wp-content\/uploads\/2025\/09\/art-5-850x478.png 850w, https:\/\/catunescoforum.upv.es\/wp-content\/uploads\/2025\/09\/art-5-1200x675.png 1200w, https:\/\/catunescoforum.upv.es\/wp-content\/uploads\/2025\/09\/art-5-250x141.png 250w, https:\/\/catunescoforum.upv.es\/wp-content\/uploads\/2025\/09\/art-5-768x433.png 768w, https:\/\/catunescoforum.upv.es\/wp-content\/uploads\/2025\/09\/art-5-1536x866.png 1536w, https:\/\/catunescoforum.upv.es\/wp-content\/uploads\/2025\/09\/art-5-2048x1155.png 2048w\" sizes=\"(max-width: 850px) 100vw, 850px\" title=\"ART\u00cdCULO\" alt=\"\" \t\tclass=\"so-widget-image\"\/>\n\t\t\t<\/a><\/div>\n\n<\/div><\/div><div id=\"panel-2316-9-3-1\" class=\"so-panel widget widget_sow-editor panel-last-child\" data-index=\"58\" ><div\n\t\t\t\n\t\t\tclass=\"so-widget-sow-editor so-widget-sow-editor-base\"\n\t\t\t\n\t\t><h3 class=\"widget-title\"><strong>The dissemination of Marine Intangible Heritage as a tool for education and sustainable development. OCEAN ART PROJECT.<\/strong><strong><\/strong><\/h3>\n<div class=\"siteorigin-widget-tinymce textwidget\">\n\t<p class=\"fusion-title-heading title-heading-left\">Mar\u00eda Victoria Vivancos Ram\u00f3n, Priscila Lehmann Gravier, Valeria Navarro Moreno.\u00a0 <a href=\"https:\/\/cdn.gangemieditore.com\/import\/materialiVari\/DWELLING_ON_SPACE_ATTI.pdf\"><strong>+<\/strong><\/a><\/p>\n<div class=\"fusion-title title fusion-title-1 fusion-sep-none fusion-title-text fusion-title-size-one\">\n<p class=\"fusion-title-heading title-heading-left\"><a href=\"https:\/\/gangemi.com\/prodotto\/dwelling-on-space\/\">Dwelling on Space. <span style=\"font-size: 16px\">Representation and safeguarding of its tangible and intagible heritage.<\/span><\/a><\/p>\n<\/div>\n<\/div>\n<\/div><\/div><\/div><\/div><\/div><div id=\"pg-2316-10\"  class=\"panel-grid panel-has-style\" ><div class=\"siteorigin-panels-stretch panel-row-style panel-row-style-for-2316-10\" data-stretch-type=\"full\" ><div id=\"pgc-2316-10-0\"  class=\"panel-grid-cell\" ><div id=\"panel-2316-10-0-0\" class=\"so-panel widget widget_sow-image panel-first-child\" data-index=\"59\" ><div\n\t\t\t\n\t\t\tclass=\"so-widget-sow-image so-widget-sow-image-default-e8513d21b1d5-2316\"\n\t\t\t\n\t\t><h3 class=\"widget-title\">ART\u00cdCULO<\/h3>\n<div class=\"sow-image-container\">\n\t\t\t<a href=\"https:\/\/www.iaph.es\/revistaph\/index.php\/revistaph\/article\/view\/5397\"\n\t\t\ttarget=\"_blank\" rel=\"noopener noreferrer\" \t\t>\n\t\t\t<img \n\tsrc=\"https:\/\/catunescoforum.upv.es\/wp-content\/uploads\/2025\/09\/art-3-850x478.png\" width=\"850\" height=\"478\" srcset=\"https:\/\/catunescoforum.upv.es\/wp-content\/uploads\/2025\/09\/art-3-850x478.png 850w, https:\/\/catunescoforum.upv.es\/wp-content\/uploads\/2025\/09\/art-3-1200x675.png 1200w, https:\/\/catunescoforum.upv.es\/wp-content\/uploads\/2025\/09\/art-3-250x141.png 250w, https:\/\/catunescoforum.upv.es\/wp-content\/uploads\/2025\/09\/art-3-768x433.png 768w, https:\/\/catunescoforum.upv.es\/wp-content\/uploads\/2025\/09\/art-3-1536x866.png 1536w, https:\/\/catunescoforum.upv.es\/wp-content\/uploads\/2025\/09\/art-3-2048x1155.png 2048w\" sizes=\"(max-width: 850px) 100vw, 850px\" title=\"ART\u00cdCULO\" alt=\"\" \t\tclass=\"so-widget-image\"\/>\n\t\t\t<\/a><\/div>\n\n<\/div><\/div><div id=\"panel-2316-10-0-1\" class=\"so-panel widget widget_sow-editor panel-last-child\" data-index=\"60\" ><div\n\t\t\t\n\t\t\tclass=\"so-widget-sow-editor so-widget-sow-editor-base\"\n\t\t\t\n\t\t><h3 class=\"widget-title\"><strong>\u00bfQu\u00e9 significa la sostenibilidad en conservaci\u00f3n-restauraci\u00f3n de bienes culturales? <\/strong><strong><\/strong><\/h3>\n<div class=\"siteorigin-widget-tinymce textwidget\">\n\t<p class=\"fusion-title-heading title-heading-left\">Mar\u00eda Victoria Vivancos Ram\u00f3n.\u00a0 <a href=\"https:\/\/gangemi.com\/prodotto\/abitare-la-terra-quaderni-10\/\"><strong>+<\/strong><\/a><\/p>\n<div class=\"sub_item\">\n<div class=\"value\"><a class=\"title\" href=\"https:\/\/www.iaph.es\/revistaph\/index.php\/revistaph\/issue\/view\/126\">Revista PH 110 (2023) (especial monogr\u00e1fico) Tecnolog\u00edas verdes aplicadas a la caracterizaci\u00f3n, diagn\u00f3stico y conservaci\u00f3n del patrimonio cultural<\/a><\/div>\n<\/div>\n<\/div>\n<\/div><\/div><\/div><div id=\"pgc-2316-10-1\"  class=\"panel-grid-cell\" ><div id=\"panel-2316-10-1-0\" class=\"so-panel widget widget_sow-image panel-first-child\" data-index=\"61\" ><div\n\t\t\t\n\t\t\tclass=\"so-widget-sow-image so-widget-sow-image-default-e8513d21b1d5-2316\"\n\t\t\t\n\t\t><h3 class=\"widget-title\">ART\u00cdCULO<\/h3>\n<div class=\"sow-image-container\">\n\t\t\t<a href=\"https:\/\/cultura.upv.es\/actividades\/content\/congresos_jornadas\/content\/2023_ocigolonte\/ponencias\/completo_21072-60597-3-PB.pdf\"\n\t\t\ttarget=\"_blank\" rel=\"noopener noreferrer\" \t\t>\n\t\t\t<img \n\tsrc=\"https:\/\/catunescoforum.upv.es\/wp-content\/uploads\/2025\/09\/arti-2-850x478.png\" width=\"850\" height=\"478\" srcset=\"https:\/\/catunescoforum.upv.es\/wp-content\/uploads\/2025\/09\/arti-2-850x478.png 850w, https:\/\/catunescoforum.upv.es\/wp-content\/uploads\/2025\/09\/arti-2-1200x675.png 1200w, https:\/\/catunescoforum.upv.es\/wp-content\/uploads\/2025\/09\/arti-2-250x141.png 250w, https:\/\/catunescoforum.upv.es\/wp-content\/uploads\/2025\/09\/arti-2-768x433.png 768w, https:\/\/catunescoforum.upv.es\/wp-content\/uploads\/2025\/09\/arti-2-1536x866.png 1536w, https:\/\/catunescoforum.upv.es\/wp-content\/uploads\/2025\/09\/arti-2-2048x1155.png 2048w\" sizes=\"(max-width: 850px) 100vw, 850px\" title=\"ART\u00cdCULO\" alt=\"\" \t\tclass=\"so-widget-image\"\/>\n\t\t\t<\/a><\/div>\n\n<\/div><\/div><div id=\"panel-2316-10-1-1\" class=\"so-panel widget widget_sow-editor panel-last-child\" data-index=\"62\" ><div\n\t\t\t\n\t\t\tclass=\"so-widget-sow-editor so-widget-sow-editor-base\"\n\t\t\t\n\t\t><h3 class=\"widget-title\"><strong>OCEAN ART PROJECT: divulgaci\u00f3n del conocimiento del Patrimonio Cultural y Natural Marino en la infancia y juventud.<\/strong><strong><\/strong><\/h3>\n<div class=\"siteorigin-widget-tinymce textwidget\">\n\t<p>Mar\u00eda Victoria Vivancos Ram\u00f3n , Priscila Lehmann Gravier y Valeria Navarro Moreno. <a href=\"https:\/\/cultura.upv.es\/actividades\/content\/congresos_jornadas\/content\/2023_ocigolonte\/ponencias\/completo_21072-60597-3-PB.pdf\">+<\/a><\/p>\n<p><a href=\"https:\/\/cultura.upv.es\/actividades\/content\/congresos_jornadas\/content\/2023_ocigolonte\/cas\/index.html#meritxell_marti\">Encuentro T\u00e9cnico \"OCIGOLONTE. Conservaci\u00f3n y Restauraci\u00f3n del Patrimonio Etnol\u00f3gico.\"<\/a> 1-3 marzo de 2023 Val\u00e8ncia, Gandia y Alcoi<\/p>\n<\/div>\n<\/div><\/div><\/div><div id=\"pgc-2316-10-2\"  class=\"panel-grid-cell\" ><div id=\"panel-2316-10-2-0\" class=\"so-panel widget widget_sow-image panel-first-child\" data-index=\"63\" ><div\n\t\t\t\n\t\t\tclass=\"so-widget-sow-image so-widget-sow-image-default-e8513d21b1d5-2316\"\n\t\t\t\n\t\t><h3 class=\"widget-title\">ART\u00cdCULO<\/h3>\n<div class=\"sow-image-container\">\n\t\t\t<a href=\"https:\/\/drive.google.com\/file\/d\/1EHTrULp3tK-alYMh03UAakPJSTGdQPij\/view\"\n\t\t\ttarget=\"_blank\" rel=\"noopener noreferrer\" \t\t>\n\t\t\t<img \n\tsrc=\"https:\/\/catunescoforum.upv.es\/wp-content\/uploads\/2025\/09\/art-1-850x478.png\" width=\"850\" height=\"478\" srcset=\"https:\/\/catunescoforum.upv.es\/wp-content\/uploads\/2025\/09\/art-1-850x478.png 850w, https:\/\/catunescoforum.upv.es\/wp-content\/uploads\/2025\/09\/art-1-1200x675.png 1200w, https:\/\/catunescoforum.upv.es\/wp-content\/uploads\/2025\/09\/art-1-250x141.png 250w, https:\/\/catunescoforum.upv.es\/wp-content\/uploads\/2025\/09\/art-1-768x433.png 768w, https:\/\/catunescoforum.upv.es\/wp-content\/uploads\/2025\/09\/art-1-1536x866.png 1536w, https:\/\/catunescoforum.upv.es\/wp-content\/uploads\/2025\/09\/art-1-2048x1155.png 2048w\" sizes=\"(max-width: 850px) 100vw, 850px\" title=\"ART\u00cdCULO\" alt=\"\" \t\tclass=\"so-widget-image\"\/>\n\t\t\t<\/a><\/div>\n\n<\/div><\/div><div id=\"panel-2316-10-2-1\" class=\"so-panel widget widget_sow-editor panel-last-child\" data-index=\"64\" ><div\n\t\t\t\n\t\t\tclass=\"so-widget-sow-editor so-widget-sow-editor-base\"\n\t\t\t\n\t\t><h3 class=\"widget-title\"><strong>The Essentiality of Essential Oils in the Conservation of Canvas Paintings and Risks of Falling into the Attractiveness of Their Essentiality.<\/strong><strong><\/strong><\/h3>\n<div class=\"siteorigin-widget-tinymce textwidget\">\n\t<p>Haizea Oliveira Urquiri; Susana Mart\u00edn Rey; Ma Victoria Vivancos Ram\u00f3n; Ma del Pilar Bosch Roig.<a href=\"https:\/\/cultura.upv.es\/actividades\/content\/congresos_jornadas\/content\/2023_ocigolonte\/ponencias\/completo_21072-60597-3-PB.pdf\">+<\/a><\/p>\n<p><a href=\"https:\/\/drive.google.com\/file\/d\/1c97o5jn2Fq-ksRe8chzBFTQQ3_JtEPY7\/view\">IV Congresso Ibero Americano de Investiga\u00e7\u00f5es em Conserva\u00e7\u00e3o e Restauro. Pr\u00e1ticas Sustent\u00e1veis no Patrim\u00f3nio.\u00a0<\/a><br \/>\n12 a 18 outubro 2022, Lisboa<\/p>\n<\/div>\n<\/div><\/div><\/div><div id=\"pgc-2316-10-3\"  class=\"panel-grid-cell\" ><div id=\"panel-2316-10-3-0\" class=\"so-panel widget widget_sow-image panel-first-child\" data-index=\"65\" ><div\n\t\t\t\n\t\t\tclass=\"so-widget-sow-image so-widget-sow-image-default-e8513d21b1d5-2316\"\n\t\t\t\n\t\t><h3 class=\"widget-title\">ART\u00cdCULO<\/h3>\n<div class=\"sow-image-container\">\n\t\t\t<a href=\"https:\/\/irp.webs.upv.es\/wp-content\/uploads\/2021\/06\/210421_LibroIRP_compressed.pdf\"\n\t\t\ttarget=\"_blank\" rel=\"noopener noreferrer\" \t\t>\n\t\t\t<img \n\tsrc=\"https:\/\/catunescoforum.upv.es\/wp-content\/uploads\/2025\/09\/ART8-850x478.png\" width=\"850\" height=\"478\" srcset=\"https:\/\/catunescoforum.upv.es\/wp-content\/uploads\/2025\/09\/ART8-850x478.png 850w, https:\/\/catunescoforum.upv.es\/wp-content\/uploads\/2025\/09\/ART8-1200x675.png 1200w, https:\/\/catunescoforum.upv.es\/wp-content\/uploads\/2025\/09\/ART8-250x141.png 250w, https:\/\/catunescoforum.upv.es\/wp-content\/uploads\/2025\/09\/ART8-768x433.png 768w, https:\/\/catunescoforum.upv.es\/wp-content\/uploads\/2025\/09\/ART8-1536x866.png 1536w, https:\/\/catunescoforum.upv.es\/wp-content\/uploads\/2025\/09\/ART8-2048x1155.png 2048w\" sizes=\"(max-width: 850px) 100vw, 850px\" title=\"ART\u00cdCULO\" alt=\"\" \t\tclass=\"so-widget-image\"\/>\n\t\t\t<\/a><\/div>\n\n<\/div><\/div><div id=\"panel-2316-10-3-1\" class=\"so-panel widget widget_sow-editor panel-last-child\" data-index=\"66\" ><div\n\t\t\t\n\t\t\tclass=\"so-widget-sow-editor so-widget-sow-editor-base\"\n\t\t\t\n\t\t><h3 class=\"widget-title\"><strong>C\u00e1tedra UNESCO Forum Universidad y Patrimonio.<\/strong><strong><\/strong><\/h3>\n<div class=\"siteorigin-widget-tinymce textwidget\">\n\t<p>Victoria Vivancos e Ignasi Giron\u00e9s Sarri\u00f3.<a href=\"https:\/\/irp.webs.upv.es\/wp-content\/uploads\/2021\/06\/210421_LibroIRP_compressed.pdf\">+<\/a><\/p>\n<p class=\"entry-title\"><a href=\"https:\/\/irp.webs.upv.es\/iluminandopasado\/\">IRP \u2013 Iluminando el pasado | Illuminating the past<\/a><\/p>\n<\/div>\n<\/div><\/div><\/div><\/div><\/div><div id=\"pg-2316-11\"  class=\"panel-grid panel-has-style\" ><div class=\"siteorigin-panels-stretch panel-row-style panel-row-style-for-2316-11\" data-stretch-type=\"full\" ><div id=\"pgc-2316-11-0\"  class=\"panel-grid-cell\" ><div id=\"panel-2316-11-0-0\" class=\"so-panel widget widget_sow-image panel-first-child\" data-index=\"67\" ><div\n\t\t\t\n\t\t\tclass=\"so-widget-sow-image so-widget-sow-image-default-e8513d21b1d5-2316\"\n\t\t\t\n\t\t><h3 class=\"widget-title\">ART\u00cdCULO<\/h3>\n<div class=\"sow-image-container\">\n\t\t\t<a href=\"https:\/\/irp.webs.upv.es\/wp-content\/uploads\/2023\/07\/Catalogo-Ilumina-el-pasado.pdf\"\n\t\t\ttarget=\"_blank\" rel=\"noopener noreferrer\" \t\t>\n\t\t\t<img \n\tsrc=\"https:\/\/catunescoforum.upv.es\/wp-content\/uploads\/2025\/09\/ART-10-850x478.png\" width=\"850\" height=\"478\" srcset=\"https:\/\/catunescoforum.upv.es\/wp-content\/uploads\/2025\/09\/ART-10-850x478.png 850w, https:\/\/catunescoforum.upv.es\/wp-content\/uploads\/2025\/09\/ART-10-1200x675.png 1200w, https:\/\/catunescoforum.upv.es\/wp-content\/uploads\/2025\/09\/ART-10-250x141.png 250w, https:\/\/catunescoforum.upv.es\/wp-content\/uploads\/2025\/09\/ART-10-768x433.png 768w, https:\/\/catunescoforum.upv.es\/wp-content\/uploads\/2025\/09\/ART-10-1536x866.png 1536w, https:\/\/catunescoforum.upv.es\/wp-content\/uploads\/2025\/09\/ART-10-2048x1155.png 2048w\" sizes=\"(max-width: 850px) 100vw, 850px\" title=\"ART\u00cdCULO\" alt=\"\" \t\tclass=\"so-widget-image\"\/>\n\t\t\t<\/a><\/div>\n\n<\/div><\/div><div id=\"panel-2316-11-0-1\" class=\"so-panel widget widget_sow-editor panel-last-child\" data-index=\"68\" ><div\n\t\t\t\n\t\t\tclass=\"so-widget-sow-editor so-widget-sow-editor-base\"\n\t\t\t\n\t\t><h3 class=\"widget-title\"><strong>La C\u00e1tedra UNESCO Forum Universidad y Patrimonio Cultural: retos. <\/strong><strong><\/strong><\/h3>\n<div class=\"siteorigin-widget-tinymce textwidget\">\n\t<p class=\"fusion-title-heading title-heading-left\">Mar\u00eda Victoria Vivancos Ram\u00f3n.\u00a0 <a href=\"https:\/\/irp.webs.upv.es\/wp-content\/uploads\/2023\/07\/Catalogo-Ilumina-el-pasado.pdf\"><strong>+<\/strong><\/a><\/p>\n<div class=\"sub_item\">\n<div class=\"value\">INSTITUTO UNIVERSITARIO DE RESTAURACI\u00d3N DEL PATRIMONIO: ILUMINA EL PASADO CAT\u00c1LOGO DELA EXPOSICI\u00d3N<\/div>\n<\/div>\n<\/div>\n<\/div><\/div><\/div><div id=\"pgc-2316-11-1\"  class=\"panel-grid-cell\" ><div id=\"panel-2316-11-1-0\" class=\"so-panel widget widget_sow-image panel-first-child\" data-index=\"69\" ><div\n\t\t\t\n\t\t\tclass=\"so-widget-sow-image so-widget-sow-image-default-e8513d21b1d5-2316\"\n\t\t\t\n\t\t><h3 class=\"widget-title\">ART\u00cdCULO<\/h3>\n<div class=\"sow-image-container\">\n\t\t\t<a href=\"https:\/\/catunescoforum.blogs.upv.es\/wp-content\/uploads\/2025\/10\/Ocean-ART-Project-194-197-IRP-205.pdf\"\n\t\t\ttarget=\"_blank\" rel=\"noopener noreferrer\" \t\t>\n\t\t\t<img \n\tsrc=\"https:\/\/catunescoforum.upv.es\/wp-content\/uploads\/2025\/09\/ART-11-850x478.png\" width=\"850\" height=\"478\" srcset=\"https:\/\/catunescoforum.upv.es\/wp-content\/uploads\/2025\/09\/ART-11-850x478.png 850w, https:\/\/catunescoforum.upv.es\/wp-content\/uploads\/2025\/09\/ART-11-1200x675.png 1200w, https:\/\/catunescoforum.upv.es\/wp-content\/uploads\/2025\/09\/ART-11-250x141.png 250w, https:\/\/catunescoforum.upv.es\/wp-content\/uploads\/2025\/09\/ART-11-768x433.png 768w, https:\/\/catunescoforum.upv.es\/wp-content\/uploads\/2025\/09\/ART-11-1536x866.png 1536w, https:\/\/catunescoforum.upv.es\/wp-content\/uploads\/2025\/09\/ART-11-2048x1155.png 2048w\" sizes=\"(max-width: 850px) 100vw, 850px\" title=\"ART\u00cdCULO\" alt=\"\" \t\tclass=\"so-widget-image\"\/>\n\t\t\t<\/a><\/div>\n\n<\/div><\/div><div id=\"panel-2316-11-1-1\" class=\"so-panel widget widget_sow-editor panel-last-child\" data-index=\"70\" ><div\n\t\t\t\n\t\t\tclass=\"so-widget-sow-editor so-widget-sow-editor-base\"\n\t\t\t\n\t\t><h3 class=\"widget-title\"><strong>OCEAN ART PROJECT.<\/strong><strong><\/strong><\/h3>\n<div class=\"siteorigin-widget-tinymce textwidget\">\n\t<p>20 + 5 anys. IRP, Instituto de Restauraci\u00f3n del Patrimonio.. <a href=\"https:\/\/catunescoforum.upv.es\/wp-content\/uploads\/2025\/09\/ARTICULO-20-5.pdf\">+<\/a><\/p>\n<\/div>\n<\/div><\/div><\/div><div id=\"pgc-2316-11-2\"  class=\"panel-grid-cell panel-grid-cell-mobile-last\" ><div id=\"panel-2316-11-2-0\" class=\"so-panel widget widget_sow-image panel-first-child\" data-index=\"71\" ><div\n\t\t\t\n\t\t\tclass=\"so-widget-sow-image so-widget-sow-image-default-e8513d21b1d5-2316\"\n\t\t\t\n\t\t><h3 class=\"widget-title\">ART\u00cdCULO<\/h3>\n<div class=\"sow-image-container\">\n\t\t\t<a href=\"https:\/\/catunescoforum.blogs.upv.es\/wp-content\/uploads\/2025\/10\/IRP_Cata\u0301logo_2025_Jornada_1-2.pdf\"\n\t\t\ttarget=\"_blank\" rel=\"noopener noreferrer\" \t\t>\n\t\t\t<img \n\tsrc=\"https:\/\/catunescoforum.upv.es\/wp-content\/uploads\/2025\/09\/ART-9-850x478.png\" width=\"850\" height=\"478\" srcset=\"https:\/\/catunescoforum.upv.es\/wp-content\/uploads\/2025\/09\/ART-9-850x478.png 850w, https:\/\/catunescoforum.upv.es\/wp-content\/uploads\/2025\/09\/ART-9-1200x675.png 1200w, https:\/\/catunescoforum.upv.es\/wp-content\/uploads\/2025\/09\/ART-9-250x141.png 250w, https:\/\/catunescoforum.upv.es\/wp-content\/uploads\/2025\/09\/ART-9-768x433.png 768w, https:\/\/catunescoforum.upv.es\/wp-content\/uploads\/2025\/09\/ART-9-1536x866.png 1536w, https:\/\/catunescoforum.upv.es\/wp-content\/uploads\/2025\/09\/ART-9-2048x1155.png 2048w\" sizes=\"(max-width: 850px) 100vw, 850px\" title=\"ART\u00cdCULO\" alt=\"\" \t\tclass=\"so-widget-image\"\/>\n\t\t\t<\/a><\/div>\n\n<\/div><\/div><div id=\"panel-2316-11-2-1\" class=\"so-panel widget widget_sow-editor panel-last-child\" data-index=\"72\" ><div\n\t\t\t\n\t\t\tclass=\"so-widget-sow-editor so-widget-sow-editor-base\"\n\t\t\t\n\t\t><h3 class=\"widget-title\"><strong>Gu\u00eda de Primeros Auxilios para Salvar Objetos Preciados.<\/strong><strong><\/strong><\/h3>\n<div class=\"siteorigin-widget-tinymce textwidget\">\n\t<p>Mar\u00eda Victoria Vivancos Ram\u00f3n, Priscila Lehmann Gravier, Esther Nebot D\u00edaz.<a href=\"https:\/\/catunescoforum.blogs.upv.es\/wp-content\/uploads\/2025\/10\/IRP_Cata\u0301logo_2025_Jornada_1-2.pdf\">+<\/a><\/p>\n<p>EL IRP ILUMINA EL PASADO. Diagn\u00f3stico y primeros auxilios en la DANA 2024 CAT\u00c1LOGO DE LA EXPOSICI\u00d3N<\/p>\n<\/div>\n<\/div><\/div><\/div><div id=\"pgc-2316-11-3\"  class=\"panel-grid-cell panel-grid-cell-empty\" ><\/div><\/div><\/div><div id=\"pg-2316-12\"  class=\"panel-grid panel-has-style\" ><div class=\"siteorigin-panels-stretch panel-row-style panel-row-style-for-2316-12\" data-stretch-type=\"full\" ><div id=\"pgc-2316-12-0\"  class=\"panel-grid-cell\" ><div id=\"panel-2316-12-0-0\" class=\"so-panel widget widget_sow-image panel-first-child\" data-index=\"73\" ><div\n\t\t\t\n\t\t\tclass=\"so-widget-sow-image so-widget-sow-image-default-e8513d21b1d5-2316\"\n\t\t\t\n\t\t><h3 class=\"widget-title\">CAT\u00c1LOGO<\/h3>\n<div class=\"sow-image-container\">\n\t\t\t<a href=\"https:\/\/catunescoforum.blogs.upv.es\/wp-content\/uploads\/2025\/10\/IRP_Cata\u0301logo_2025_Jornada_1-2.pdf\"\n\t\t\ttarget=\"_blank\" rel=\"noopener noreferrer\" \t\t>\n\t\t\t<img \n\tsrc=\"https:\/\/catunescoforum.upv.es\/wp-content\/uploads\/2025\/10\/Captura-de-pantalla-2025-10-07-a-las-12.05.54-850x478.png\" width=\"850\" height=\"478\" srcset=\"https:\/\/catunescoforum.upv.es\/wp-content\/uploads\/2025\/10\/Captura-de-pantalla-2025-10-07-a-las-12.05.54-850x478.png 850w, https:\/\/catunescoforum.upv.es\/wp-content\/uploads\/2025\/10\/Captura-de-pantalla-2025-10-07-a-las-12.05.54-1200x675.png 1200w, https:\/\/catunescoforum.upv.es\/wp-content\/uploads\/2025\/10\/Captura-de-pantalla-2025-10-07-a-las-12.05.54-250x141.png 250w\" sizes=\"(max-width: 850px) 100vw, 850px\" title=\"CAT\u00c1LOGO\" alt=\"\" \t\tclass=\"so-widget-image\"\/>\n\t\t\t<\/a><\/div>\n\n<\/div><\/div><div id=\"panel-2316-12-0-1\" class=\"so-panel widget widget_sow-editor panel-last-child\" data-index=\"74\" ><div\n\t\t\t\n\t\t\tclass=\"so-widget-sow-editor so-widget-sow-editor-base\"\n\t\t\t\n\t\t><h3 class=\"widget-title\"><strong>EL IRP ILUMINA EL PASADO.<\/strong><strong><\/strong><\/h3>\n<div class=\"siteorigin-widget-tinymce textwidget\">\n\t<p>Diagn\u00f3stico y primeros auxilios en la DANA 2024. <a href=\"https:\/\/catunescoforum.blogs.upv.es\/wp-content\/uploads\/2025\/10\/IRP_Cata\u0301logo_2025_Jornada_1-2.pdf\">+<\/a><br \/>\nCat\u00e1logo de la exposici\u00f3n.<\/p>\n<\/div>\n<\/div><\/div><\/div><div id=\"pgc-2316-12-1\"  class=\"panel-grid-cell\" ><div id=\"panel-2316-12-1-0\" class=\"so-panel widget widget_sow-image panel-first-child\" data-index=\"75\" ><div\n\t\t\t\n\t\t\tclass=\"so-widget-sow-image so-widget-sow-image-default-e8513d21b1d5-2316\"\n\t\t\t\n\t\t><h3 class=\"widget-title\">CAT\u00c1LOGO<\/h3>\n<div class=\"sow-image-container\">\n\t\t\t<a href=\"https:\/\/catunescoforum.upv.es\/wp-content\/uploads\/2025\/10\/IRP_Cata\u0301logo_2025_Jornada_3.pdf\"\n\t\t\ttarget=\"_blank\" rel=\"noopener noreferrer\" \t\t>\n\t\t\t<img \n\tsrc=\"https:\/\/catunescoforum.upv.es\/wp-content\/uploads\/2025\/10\/Captura-de-pantalla-2025-10-07-a-las-12.03.15-850x478.png\" width=\"850\" height=\"478\" srcset=\"https:\/\/catunescoforum.upv.es\/wp-content\/uploads\/2025\/10\/Captura-de-pantalla-2025-10-07-a-las-12.03.15-850x478.png 850w, https:\/\/catunescoforum.upv.es\/wp-content\/uploads\/2025\/10\/Captura-de-pantalla-2025-10-07-a-las-12.03.15-1200x675.png 1200w, https:\/\/catunescoforum.upv.es\/wp-content\/uploads\/2025\/10\/Captura-de-pantalla-2025-10-07-a-las-12.03.15-250x141.png 250w, https:\/\/catunescoforum.upv.es\/wp-content\/uploads\/2025\/10\/Captura-de-pantalla-2025-10-07-a-las-12.03.15-768x432.png 768w, https:\/\/catunescoforum.upv.es\/wp-content\/uploads\/2025\/10\/Captura-de-pantalla-2025-10-07-a-las-12.03.15-1536x863.png 1536w, https:\/\/catunescoforum.upv.es\/wp-content\/uploads\/2025\/10\/Captura-de-pantalla-2025-10-07-a-las-12.03.15-2048x1151.png 2048w\" sizes=\"(max-width: 850px) 100vw, 850px\" title=\"CAT\u00c1LOGO\" alt=\"\" \t\tclass=\"so-widget-image\"\/>\n\t\t\t<\/a><\/div>\n\n<\/div><\/div><div id=\"panel-2316-12-1-1\" class=\"so-panel widget widget_sow-editor panel-last-child\" data-index=\"76\" ><div\n\t\t\t\n\t\t\tclass=\"so-widget-sow-editor so-widget-sow-editor-base\"\n\t\t\t\n\t\t><h3 class=\"widget-title\"><strong>EL IRP ILUMINA EL PASADO<\/strong><strong><\/strong><\/h3>\n<div class=\"siteorigin-widget-tinymce textwidget\">\n\t<p>Diagn\u00f3stico y primeros auxilios en la DANA 2024. <a href=\"https:\/\/catunescoforum.upv.es\/wp-content\/uploads\/2025\/10\/IRP_Cata\u0301logo_2025_Jornada_3.pdf\">+<\/a><br \/>\nCat\u00e1logo de la exposici\u00f3n.<\/p>\n<\/div>\n<\/div><\/div><\/div><div id=\"pgc-2316-12-2\"  class=\"panel-grid-cell\" ><div id=\"panel-2316-12-2-0\" class=\"so-panel widget widget_sow-image panel-first-child\" data-index=\"77\" ><div\n\t\t\t\n\t\t\tclass=\"so-widget-sow-image so-widget-sow-image-default-e8513d21b1d5-2316\"\n\t\t\t\n\t\t><h3 class=\"widget-title\">CAT\u00c1LOGO<\/h3>\n<div class=\"sow-image-container\">\n\t\t\t<a href=\"https:\/\/catunescoforum.upv.es\/wp-content\/uploads\/2025\/10\/IRP_Cata\u0301logo_2025_Jornada_4.pdf\"\n\t\t\ttarget=\"_blank\" rel=\"noopener noreferrer\" \t\t>\n\t\t\t<img \n\tsrc=\"https:\/\/catunescoforum.upv.es\/wp-content\/uploads\/2025\/10\/Captura-de-pantalla-2025-10-07-a-las-12.08.41-850x478.png\" width=\"850\" height=\"478\" srcset=\"https:\/\/catunescoforum.upv.es\/wp-content\/uploads\/2025\/10\/Captura-de-pantalla-2025-10-07-a-las-12.08.41-850x478.png 850w, https:\/\/catunescoforum.upv.es\/wp-content\/uploads\/2025\/10\/Captura-de-pantalla-2025-10-07-a-las-12.08.41-1200x675.png 1200w, https:\/\/catunescoforum.upv.es\/wp-content\/uploads\/2025\/10\/Captura-de-pantalla-2025-10-07-a-las-12.08.41-250x141.png 250w, https:\/\/catunescoforum.upv.es\/wp-content\/uploads\/2025\/10\/Captura-de-pantalla-2025-10-07-a-las-12.08.41-768x431.png 768w, https:\/\/catunescoforum.upv.es\/wp-content\/uploads\/2025\/10\/Captura-de-pantalla-2025-10-07-a-las-12.08.41-1536x862.png 1536w, https:\/\/catunescoforum.upv.es\/wp-content\/uploads\/2025\/10\/Captura-de-pantalla-2025-10-07-a-las-12.08.41-2048x1150.png 2048w\" sizes=\"(max-width: 850px) 100vw, 850px\" title=\"CAT\u00c1LOGO\" alt=\"\" \t\tclass=\"so-widget-image\"\/>\n\t\t\t<\/a><\/div>\n\n<\/div><\/div><div id=\"panel-2316-12-2-1\" class=\"so-panel widget widget_sow-editor panel-last-child\" data-index=\"78\" ><div\n\t\t\t\n\t\t\tclass=\"so-widget-sow-editor so-widget-sow-editor-base\"\n\t\t\t\n\t\t><h3 class=\"widget-title\"><strong>EL IRP ILUMINA EL PASADO.<\/strong><strong><\/strong><\/h3>\n<div class=\"siteorigin-widget-tinymce textwidget\">\n\t<p class=\"p1\">Recuperar lo da\u00f1ado: Tecnolog\u00eda y solidaridad frente a la DANA. <a href=\"https:\/\/catunescoforum.upv.es\/wp-content\/uploads\/2025\/10\/IRP_Cata%CC%81logo_2025_Jornada_4.pdf\">+<\/a><br \/>\nCat\u00e1logo de la exposici\u00f3n<\/p>\n<\/div>\n<\/div><\/div><\/div><\/div><\/div><div id=\"pg-2316-13\"  class=\"panel-grid panel-no-style\" ><div id=\"pgc-2316-13-0\"  class=\"panel-grid-cell\" ><div id=\"panel-2316-13-0-0\" class=\"so-panel widget widget_sow-editor panel-first-child\" data-index=\"79\" ><div\n\t\t\t\n\t\t\tclass=\"so-widget-sow-editor so-widget-sow-editor-base\"\n\t\t\t\n\t\t>\n<div class=\"siteorigin-widget-tinymce textwidget\">\n\t<h2><span style=\"text-decoration: underline\">Publ<\/span>icaciones en calidad de<span style=\"text-decoration: underline\"><br \/>\nCom<\/span>it\u00e9 Cient\u00edfico:<\/h2>\n<\/div>\n<\/div><\/div><div id=\"panel-2316-13-0-1\" class=\"so-panel widget widget_sow-headline panel-last-child\" data-index=\"80\" ><div\n\t\t\t\n\t\t\tclass=\"so-widget-sow-headline so-widget-sow-headline-default-0d1828d27cdb-2316\"\n\t\t\t\n\t\t><div class=\"sow-headline-container \">\n\t\t\t\t\t\t<div class=\"decoration\">\n\t\t\t\t\t\t<div class=\"decoration-inside\"><\/div>\n\t\t\t\t\t<\/div>\n\t\t\t\t\t<\/div>\n<\/div><\/div><\/div><\/div><div id=\"pg-2316-14\"  class=\"panel-grid panel-has-style\" ><div class=\"panel-row-style panel-row-style-for-2316-14\" ><div id=\"pgc-2316-14-0\"  class=\"panel-grid-cell\" ><div id=\"panel-2316-14-0-0\" class=\"so-panel widget widget_sow-image panel-first-child\" data-index=\"81\" ><div\n\t\t\t\n\t\t\tclass=\"so-widget-sow-image so-widget-sow-image-default-8b5b6f678277-2316\"\n\t\t\t\n\t\t>\n<div class=\"sow-image-container\">\n\t\t\t<a href=\"http:\/\/www.leviedeimercanti.it\/proceedings-xxi-forum\/\"\n\t\t\ttarget=\"_blank\" rel=\"noopener noreferrer\" \t\t>\n\t\t\t<img \n\tsrc=\"https:\/\/catunescoforum.upv.es\/wp-content\/uploads\/2025\/09\/la-vie-8-850x478.png\" width=\"850\" height=\"478\" srcset=\"https:\/\/catunescoforum.upv.es\/wp-content\/uploads\/2025\/09\/la-vie-8-850x478.png 850w, https:\/\/catunescoforum.upv.es\/wp-content\/uploads\/2025\/09\/la-vie-8-1200x675.png 1200w, https:\/\/catunescoforum.upv.es\/wp-content\/uploads\/2025\/09\/la-vie-8-250x141.png 250w, https:\/\/catunescoforum.upv.es\/wp-content\/uploads\/2025\/09\/la-vie-8-768x432.png 768w, https:\/\/catunescoforum.upv.es\/wp-content\/uploads\/2025\/09\/la-vie-8-1536x864.png 1536w, https:\/\/catunescoforum.upv.es\/wp-content\/uploads\/2025\/09\/la-vie-8.png 1600w\" sizes=\"(max-width: 850px) 100vw, 850px\" title=\"la vie 8\" alt=\"\" \t\tclass=\"so-widget-image\"\/>\n\t\t\t<\/a><\/div>\n\n<\/div><\/div><div id=\"panel-2316-14-0-1\" class=\"so-panel widget widget_sow-editor panel-last-child\" data-index=\"82\" ><div\n\t\t\t\n\t\t\tclass=\"so-widget-sow-editor so-widget-sow-editor-base\"\n\t\t\t\n\t\t><h3 class=\"widget-title\">XXI INTERNATIONAL FORUM OF STUDIES \u201cLE VIE DEI MERCANTI\u201d<\/h3>\n<div class=\"siteorigin-widget-tinymce textwidget\">\n\t<p><strong>WORLD HERITAGE and DWELLING on HEARTH.<br \/>\n<\/strong>Architecture | Culture | Health | Landscape | Design | Environment | Agriculture | Economy | Territorial Governance | Archaeology | Survey | Heritage | e-Learning<br \/>\nNaples \/ Capri, 25 \u2013 27 May 2023.<strong> <a href=\"http:\/\/www.leviedeimercanti.it\/proceedings-xxi-forum\/\">+<\/a><\/strong><\/p>\n<\/div>\n<\/div><\/div><\/div><div id=\"pgc-2316-14-1\"  class=\"panel-grid-cell\" ><div id=\"panel-2316-14-1-0\" class=\"so-panel widget widget_sow-image panel-first-child\" data-index=\"83\" ><div\n\t\t\t\n\t\t\tclass=\"so-widget-sow-image so-widget-sow-image-default-e8513d21b1d5-2316\"\n\t\t\t\n\t\t>\n<div class=\"sow-image-container\">\n\t\t\t<a href=\"http:\/\/www.leviedeimercanti.it\/proceedings-xx-forum\/\"\n\t\t\t\t\t>\n\t\t\t<img \n\tsrc=\"https:\/\/catunescoforum.upv.es\/wp-content\/uploads\/2025\/09\/la-vie-7-850x478.png\" width=\"850\" height=\"478\" srcset=\"https:\/\/catunescoforum.upv.es\/wp-content\/uploads\/2025\/09\/la-vie-7-850x478.png 850w, https:\/\/catunescoforum.upv.es\/wp-content\/uploads\/2025\/09\/la-vie-7-1200x675.png 1200w, https:\/\/catunescoforum.upv.es\/wp-content\/uploads\/2025\/09\/la-vie-7-250x141.png 250w, https:\/\/catunescoforum.upv.es\/wp-content\/uploads\/2025\/09\/la-vie-7-768x432.png 768w, https:\/\/catunescoforum.upv.es\/wp-content\/uploads\/2025\/09\/la-vie-7-1536x864.png 1536w, https:\/\/catunescoforum.upv.es\/wp-content\/uploads\/2025\/09\/la-vie-7.png 1600w\" sizes=\"(max-width: 850px) 100vw, 850px\" title=\"la vie 7\" alt=\"\" \t\tclass=\"so-widget-image\"\/>\n\t\t\t<\/a><\/div>\n\n<\/div><\/div><div id=\"panel-2316-14-1-1\" class=\"so-panel widget widget_sow-editor panel-last-child\" data-index=\"84\" ><div\n\t\t\t\n\t\t\tclass=\"so-widget-sow-editor so-widget-sow-editor-base\"\n\t\t\t\n\t\t><h3 class=\"widget-title\">XX INTERNATIONAL FORUM OF STUDIES \u201cLE VIE DEI MERCANTI\u201d<\/h3>\n<div class=\"siteorigin-widget-tinymce textwidget\">\n\t<p><strong>WORLD HERITAGE and ECOLOGICAL TRANSITION.<br \/>\n<\/strong>Architecture | Culture | Health | Landscape | Design | Environment | Agriculture | Economy | Territorial Governance | Archaeology | Survey | Heritage | e-Learning<strong><br \/>\n<\/strong>Naples 8 \u2013 Capri 9 | 10 September 2022.<strong><a href=\"http:\/\/www.leviedeimercanti.it\/proceedings-xx-forum\/\">+<\/a><\/strong><\/p>\n<\/div>\n<\/div><\/div><\/div><div id=\"pgc-2316-14-2\"  class=\"panel-grid-cell\" ><div id=\"panel-2316-14-2-0\" class=\"so-panel widget widget_sow-image panel-first-child\" data-index=\"85\" ><div\n\t\t\t\n\t\t\tclass=\"so-widget-sow-image so-widget-sow-image-default-8b5b6f678277-2316\"\n\t\t\t\n\t\t>\n<div class=\"sow-image-container\">\n\t\t\t<a href=\"http:\/\/www.leviedeimercanti.it\/proceeding-xix-forum\/\"\n\t\t\ttarget=\"_blank\" rel=\"noopener noreferrer\" \t\t>\n\t\t\t<img \n\tsrc=\"https:\/\/catunescoforum.upv.es\/wp-content\/uploads\/2025\/09\/la-vie-6-850x478.png\" width=\"850\" height=\"478\" srcset=\"https:\/\/catunescoforum.upv.es\/wp-content\/uploads\/2025\/09\/la-vie-6-850x478.png 850w, https:\/\/catunescoforum.upv.es\/wp-content\/uploads\/2025\/09\/la-vie-6-1200x675.png 1200w, https:\/\/catunescoforum.upv.es\/wp-content\/uploads\/2025\/09\/la-vie-6-250x141.png 250w, https:\/\/catunescoforum.upv.es\/wp-content\/uploads\/2025\/09\/la-vie-6-768x432.png 768w, https:\/\/catunescoforum.upv.es\/wp-content\/uploads\/2025\/09\/la-vie-6-1536x864.png 1536w, https:\/\/catunescoforum.upv.es\/wp-content\/uploads\/2025\/09\/la-vie-6.png 1600w\" sizes=\"(max-width: 850px) 100vw, 850px\" title=\"la vie 6\" alt=\"\" \t\tclass=\"so-widget-image\"\/>\n\t\t\t<\/a><\/div>\n\n<\/div><\/div><div id=\"panel-2316-14-2-1\" class=\"so-panel widget widget_sow-editor panel-last-child\" data-index=\"86\" ><div\n\t\t\t\n\t\t\tclass=\"so-widget-sow-editor so-widget-sow-editor-base\"\n\t\t\t\n\t\t><h3 class=\"widget-title\">XIX INTERNATIONAL FORUM OF STUDIES \u201cLE VIE DEI MERCANTI\u201d<\/h3>\n<div class=\"siteorigin-widget-tinymce textwidget\">\n\t<p><strong>WORLD HERITAGE and DESIGN for HEALTH.<\/strong><br \/>\nArchitecture | Culture | Health | Landscape | Design | Environment | Agriculture | Economy | Territorial Governance | Archaeology | Survey | Heritage | e-Learning<br \/>\nNaples 15 \u2013 Capri 16 | 17 July 2021.\u00a0 <a href=\"http:\/\/www.leviedeimercanti.it\/proceeding-xix-forum\/\"><strong>+<\/strong><\/a><\/p>\n<\/div>\n<\/div><\/div><\/div><div id=\"pgc-2316-14-3\"  class=\"panel-grid-cell\" ><div id=\"panel-2316-14-3-0\" class=\"so-panel widget widget_sow-image panel-first-child\" data-index=\"87\" ><div\n\t\t\t\n\t\t\tclass=\"so-widget-sow-image so-widget-sow-image-default-8b5b6f678277-2316\"\n\t\t\t\n\t\t>\n<div class=\"sow-image-container\">\n\t\t\t<a href=\"http:\/\/www.leviedeimercanti.it\/proceedings-xviii-forum\/\"\n\t\t\ttarget=\"_blank\" rel=\"noopener noreferrer\" \t\t>\n\t\t\t<img \n\tsrc=\"https:\/\/catunescoforum.upv.es\/wp-content\/uploads\/2025\/09\/la-vie-5-850x478.png\" width=\"850\" height=\"478\" srcset=\"https:\/\/catunescoforum.upv.es\/wp-content\/uploads\/2025\/09\/la-vie-5-850x478.png 850w, https:\/\/catunescoforum.upv.es\/wp-content\/uploads\/2025\/09\/la-vie-5-1200x675.png 1200w, https:\/\/catunescoforum.upv.es\/wp-content\/uploads\/2025\/09\/la-vie-5-250x141.png 250w, https:\/\/catunescoforum.upv.es\/wp-content\/uploads\/2025\/09\/la-vie-5-768x432.png 768w, https:\/\/catunescoforum.upv.es\/wp-content\/uploads\/2025\/09\/la-vie-5-1536x864.png 1536w, https:\/\/catunescoforum.upv.es\/wp-content\/uploads\/2025\/09\/la-vie-5.png 1600w\" sizes=\"(max-width: 850px) 100vw, 850px\" title=\"la vie 5\" alt=\"\" \t\tclass=\"so-widget-image\"\/>\n\t\t\t<\/a><\/div>\n\n<\/div><\/div><div id=\"panel-2316-14-3-1\" class=\"so-panel widget widget_sow-editor panel-last-child\" data-index=\"88\" ><div\n\t\t\t\n\t\t\tclass=\"so-widget-sow-editor so-widget-sow-editor-base\"\n\t\t\t\n\t\t><h3 class=\"widget-title\">XVIII INTERNATIONAL FORUM OF STUDIES \u201cLE VIE DEI MERCANTI\u201d<\/h3>\n<div class=\"siteorigin-widget-tinymce textwidget\">\n\t<p><strong>WORLD HERITAGE and CONTAMINATION.<br \/>\n<\/strong>Architecture | Culture | Environment | Agriculture | Health | Economy Landscape |\u00a0Design |\u00a0Territorial Governance | Archaeology | e-Learning<br \/>\nNaples 11 \u2013 Capri 12 | 13 June 2020.\u00a0 <a href=\"http:\/\/www.leviedeimercanti.it\/proceedings-xviii-forum\/\"><strong>+<\/strong><\/a><\/p>\n<\/div>\n<\/div><\/div><\/div><\/div><\/div><div id=\"pg-2316-15\"  class=\"panel-grid panel-has-style\" ><div class=\"panel-row-style panel-row-style-for-2316-15\" ><div id=\"pgc-2316-15-0\"  class=\"panel-grid-cell\" ><div id=\"panel-2316-15-0-0\" class=\"so-panel widget widget_sow-image panel-first-child\" data-index=\"89\" ><div\n\t\t\t\n\t\t\tclass=\"so-widget-sow-image so-widget-sow-image-default-e8513d21b1d5-2316\"\n\t\t\t\n\t\t>\n<div class=\"sow-image-container\">\n\t\t\t<a href=\"http:\/\/www.leviedeimercanti.it\/proceedings-xvii-forum\/\"\n\t\t\t\t\t>\n\t\t\t<img \n\tsrc=\"https:\/\/catunescoforum.upv.es\/wp-content\/uploads\/2025\/09\/la-vie-4-850x478.png\" width=\"850\" height=\"478\" srcset=\"https:\/\/catunescoforum.upv.es\/wp-content\/uploads\/2025\/09\/la-vie-4-850x478.png 850w, https:\/\/catunescoforum.upv.es\/wp-content\/uploads\/2025\/09\/la-vie-4-1200x675.png 1200w, https:\/\/catunescoforum.upv.es\/wp-content\/uploads\/2025\/09\/la-vie-4-250x141.png 250w, https:\/\/catunescoforum.upv.es\/wp-content\/uploads\/2025\/09\/la-vie-4-768x432.png 768w, https:\/\/catunescoforum.upv.es\/wp-content\/uploads\/2025\/09\/la-vie-4-1536x864.png 1536w, https:\/\/catunescoforum.upv.es\/wp-content\/uploads\/2025\/09\/la-vie-4.png 1600w\" sizes=\"(max-width: 850px) 100vw, 850px\" title=\"la vie 4\" alt=\"\" \t\tclass=\"so-widget-image\"\/>\n\t\t\t<\/a><\/div>\n\n<\/div><\/div><div id=\"panel-2316-15-0-1\" class=\"so-panel widget widget_sow-editor panel-last-child\" data-index=\"90\" ><div\n\t\t\t\n\t\t\tclass=\"so-widget-sow-editor so-widget-sow-editor-base\"\n\t\t\t\n\t\t><h3 class=\"widget-title\">XVII INTERNATIONAL FORUM OF STUDIES \u201cLE VIE DEI MERCANTI\u201d<\/h3>\n<div class=\"siteorigin-widget-tinymce textwidget\">\n\t<p><strong>WORLD HERITAGE and LEGACY.<\/strong><br \/>\nCulture | Creativity | Contamination<br \/>\nNaples 6 \u2013 Capri 7, 8 June 2019.\u00a0 <strong><a href=\"http:\/\/www.leviedeimercanti.it\/proceedings-xvii-forum\/\">+<\/a><\/strong><\/p>\n<\/div>\n<\/div><\/div><\/div><div id=\"pgc-2316-15-1\"  class=\"panel-grid-cell\" ><div id=\"panel-2316-15-1-0\" class=\"so-panel widget widget_sow-image panel-first-child\" data-index=\"91\" ><div\n\t\t\t\n\t\t\tclass=\"so-widget-sow-image so-widget-sow-image-default-8b5b6f678277-2316\"\n\t\t\t\n\t\t>\n<div class=\"sow-image-container\">\n\t\t\t<a href=\"http:\/\/www.leviedeimercanti.it\/proceedings-xvi-forum\/\"\n\t\t\ttarget=\"_blank\" rel=\"noopener noreferrer\" \t\t>\n\t\t\t<img \n\tsrc=\"https:\/\/catunescoforum.upv.es\/wp-content\/uploads\/2025\/09\/la-vie-3-850x478.png\" width=\"850\" height=\"478\" srcset=\"https:\/\/catunescoforum.upv.es\/wp-content\/uploads\/2025\/09\/la-vie-3-850x478.png 850w, https:\/\/catunescoforum.upv.es\/wp-content\/uploads\/2025\/09\/la-vie-3-1200x675.png 1200w, https:\/\/catunescoforum.upv.es\/wp-content\/uploads\/2025\/09\/la-vie-3-250x141.png 250w, https:\/\/catunescoforum.upv.es\/wp-content\/uploads\/2025\/09\/la-vie-3-768x432.png 768w, https:\/\/catunescoforum.upv.es\/wp-content\/uploads\/2025\/09\/la-vie-3-1536x864.png 1536w, https:\/\/catunescoforum.upv.es\/wp-content\/uploads\/2025\/09\/la-vie-3.png 1600w\" sizes=\"(max-width: 850px) 100vw, 850px\" title=\"la vie 3\" alt=\"\" \t\tclass=\"so-widget-image\"\/>\n\t\t\t<\/a><\/div>\n\n<\/div><\/div><div id=\"panel-2316-15-1-1\" class=\"so-panel widget widget_sow-editor panel-last-child\" data-index=\"92\" ><div\n\t\t\t\n\t\t\tclass=\"so-widget-sow-editor so-widget-sow-editor-base\"\n\t\t\t\n\t\t><h3 class=\"widget-title\">XVI INTERNATIONAL FORUM OF STUDIES \u201cLE VIE DEI MERCANTI\u201d<\/h3>\n<div class=\"siteorigin-widget-tinymce textwidget\">\n\t<p><strong>WORLD HERITAGE and KNOWLEDGE.<\/strong><br \/>\nRepresentation | Restoration | Redesign | Resilience.<br \/>\nNaples 14 \u2013 Capri 15, 16 June 2018.\u00a0 <a href=\"http:\/\/www.leviedeimercanti.it\/proceedings-xvi-forum\/\"><strong>+<\/strong><\/a><\/p>\n<\/div>\n<\/div><\/div><\/div><div id=\"pgc-2316-15-2\"  class=\"panel-grid-cell\" ><div id=\"panel-2316-15-2-0\" class=\"so-panel widget widget_sow-image panel-first-child\" data-index=\"93\" ><div\n\t\t\t\n\t\t\tclass=\"so-widget-sow-image so-widget-sow-image-default-8b5b6f678277-2316\"\n\t\t\t\n\t\t>\n<div class=\"sow-image-container\">\n\t\t\t<a href=\"http:\/\/www.leviedeimercanti.it\/proceedings-xv-forum\/\"\n\t\t\ttarget=\"_blank\" rel=\"noopener noreferrer\" \t\t>\n\t\t\t<img \n\tsrc=\"https:\/\/catunescoforum.upv.es\/wp-content\/uploads\/2025\/09\/la-vie-2-850x478.png\" width=\"850\" height=\"478\" srcset=\"https:\/\/catunescoforum.upv.es\/wp-content\/uploads\/2025\/09\/la-vie-2-850x478.png 850w, https:\/\/catunescoforum.upv.es\/wp-content\/uploads\/2025\/09\/la-vie-2-1200x675.png 1200w, https:\/\/catunescoforum.upv.es\/wp-content\/uploads\/2025\/09\/la-vie-2-250x141.png 250w, https:\/\/catunescoforum.upv.es\/wp-content\/uploads\/2025\/09\/la-vie-2-768x432.png 768w, https:\/\/catunescoforum.upv.es\/wp-content\/uploads\/2025\/09\/la-vie-2-1536x864.png 1536w, https:\/\/catunescoforum.upv.es\/wp-content\/uploads\/2025\/09\/la-vie-2.png 1600w\" sizes=\"(max-width: 850px) 100vw, 850px\" title=\"la vie 2\" alt=\"\" \t\tclass=\"so-widget-image\"\/>\n\t\t\t<\/a><\/div>\n\n<\/div><\/div><div id=\"panel-2316-15-2-1\" class=\"so-panel widget widget_sow-editor panel-last-child\" data-index=\"94\" ><div\n\t\t\t\n\t\t\tclass=\"so-widget-sow-editor so-widget-sow-editor-base\"\n\t\t\t\n\t\t><h3 class=\"widget-title\">XV INTERNATIONAL FORUM OF STUDIES \u201cLE VIE DEI MERCANTI\u201d<\/h3>\n<div class=\"siteorigin-widget-tinymce textwidget\">\n\t<p><strong>WORLD HERITAGE and DISASTER.<\/strong><br \/>\nKnowledge, Culture and Representation.<br \/>\nNaples 15 \u2013 Capri 16,17 June 2017. <a href=\"http:\/\/www.leviedeimercanti.it\/proceedings-xv-forum\/\"><strong>+<\/strong><\/a><\/p>\n<\/div>\n<\/div><\/div><\/div><div id=\"pgc-2316-15-3\"  class=\"panel-grid-cell\" ><div id=\"panel-2316-15-3-0\" class=\"so-panel widget widget_sow-image panel-first-child\" data-index=\"95\" ><div\n\t\t\t\n\t\t\tclass=\"so-widget-sow-image so-widget-sow-image-default-2408a1b6ba95-2316\"\n\t\t\t\n\t\t>\n<div class=\"sow-image-container\">\n\t\t\t<a href=\"http:\/\/www.leviedeimercanti.it\/proceeding-xiv-forum\/\"\n\t\t\ttarget=\"_blank\" rel=\"noopener noreferrer\" \t\t>\n\t\t\t<img \n\tsrc=\"https:\/\/catunescoforum.upv.es\/wp-content\/uploads\/2025\/09\/la-vie-1-1-850x478.png\" width=\"850\" height=\"478\" srcset=\"https:\/\/catunescoforum.upv.es\/wp-content\/uploads\/2025\/09\/la-vie-1-1-850x478.png 850w, https:\/\/catunescoforum.upv.es\/wp-content\/uploads\/2025\/09\/la-vie-1-1-1200x675.png 1200w, https:\/\/catunescoforum.upv.es\/wp-content\/uploads\/2025\/09\/la-vie-1-1-250x141.png 250w, https:\/\/catunescoforum.upv.es\/wp-content\/uploads\/2025\/09\/la-vie-1-1-768x432.png 768w, https:\/\/catunescoforum.upv.es\/wp-content\/uploads\/2025\/09\/la-vie-1-1-1536x864.png 1536w, https:\/\/catunescoforum.upv.es\/wp-content\/uploads\/2025\/09\/la-vie-1-1.png 1600w\" sizes=\"(max-width: 850px) 100vw, 850px\" title=\"la vie 1\" alt=\"\" \t\tclass=\"so-widget-image\"\/>\n\t\t\t<\/a><\/div>\n\n<\/div><\/div><div id=\"panel-2316-15-3-1\" class=\"so-panel widget widget_sow-editor panel-last-child\" data-index=\"96\" ><div\n\t\t\t\n\t\t\tclass=\"so-widget-sow-editor so-widget-sow-editor-base\"\n\t\t\t\n\t\t><h3 class=\"widget-title\">XIV INTERNATIONAL FORUM OF STUDIES \u201cLE VIE DEI MERCANTI\u201d<\/h3>\n<div class=\"siteorigin-widget-tinymce textwidget\">\n\t<p><strong>WORLD HERITAGE AND DEGRADATION.<\/strong><br \/>\nSmart Design, Planning and Technologies.<br \/>\nNaples and Capri, 16\/18 June 2016. <a href=\"http:\/\/www.leviedeimercanti.it\/proceeding-xiv-forum\/\"><strong>+<\/strong><\/a><\/p>\n<\/div>\n<\/div><\/div><\/div><\/div><\/div><div id=\"pg-2316-16\"  class=\"panel-grid panel-has-style\" ><div class=\"siteorigin-panels-stretch panel-row-style panel-row-style-for-2316-16\" data-stretch-type=\"full-width-stretch\" ><div id=\"pgc-2316-16-0\"  class=\"panel-grid-cell\" ><div id=\"panel-2316-16-0-0\" class=\"so-panel widget widget_sow-headline panel-first-child panel-last-child\" data-index=\"97\" ><div class=\"panel-widget-style panel-widget-style-for-2316-16-0-0\" ><div\n\t\t\t\n\t\t\tclass=\"so-widget-sow-headline so-widget-sow-headline-default-ce74f338da31-2316\"\n\t\t\t\n\t\t><div class=\"sow-headline-container \">\n\t\t\t\t\t\t\t<h1 class=\"sow-headline\">\n\t\t\t\t\t\tConsulta la \u00faltima memoria de la C\u00e1tedra <br \/>para conocer m\u00e1s publicaciones.<br \/>\t\t\t\t\t\t<\/h1>\n\t\t\t\t\t\t\t\t\t\t\t\t<h1 class=\"sow-sub-headline\">\n\t\t\t\t\t\t\u2b07\ufe0f\u2b07\ufe0f\u2b07\ufe0f\t\t\t\t\t\t<\/h1>\n\t\t\t\t\t\t<\/div>\n<\/div><\/div><\/div><\/div><\/div><\/div><div id=\"pg-2316-17\"  class=\"panel-grid panel-has-style\" ><div class=\"siteorigin-panels-stretch panel-row-style panel-row-style-for-2316-17\" data-stretch-type=\"full\" ><div id=\"pgc-2316-17-0\"  class=\"panel-grid-cell panel-grid-cell-empty\" ><\/div><div id=\"pgc-2316-17-1\"  class=\"panel-grid-cell\" ><div id=\"panel-2316-17-1-0\" class=\"so-panel widget widget_sow-headline panel-first-child panel-last-child\" data-index=\"98\" ><div class=\"so-rounded panel-widget-style panel-widget-style-for-2316-17-1-0\" ><div\n\t\t\t\n\t\t\tclass=\"so-widget-sow-headline so-widget-sow-headline-default-1cea192b5ed2-2316 so-widget-fittext-wrapper\"\n\t\t\t data-fit-text-compressor=\"0.85\"\n\t\t><div class=\"sow-headline-container \">\n\t\t\t\t\t\t\t<h2 class=\"sow-headline\">\n\t\t\t\t\t\t        <u>MEMORIA<\/u><br \/> 2021-2025         \t\t\t\t\t\t<\/h2>\n\t\t\t\t\t\t\t\t\t\t\t\t<h4 class=\"sow-sub-headline\">\n\t\t\t\t\t\tPuedes consultar nuestro historial de publicaciones en la \u00faltima memoria. \t\t\t\t\t\t<\/h4>\n\t\t\t\t\t\t<\/div>\n<\/div><\/div><\/div><\/div><div id=\"pgc-2316-17-2\"  class=\"panel-grid-cell panel-grid-cell-mobile-last\" ><div id=\"panel-2316-17-2-0\" class=\"so-panel widget widget_sow-image panel-first-child panel-last-child\" data-index=\"99\" ><div\n\t\t\t\n\t\t\tclass=\"so-widget-sow-image so-widget-sow-image-default-dbf295114b96-2316\"\n\t\t\t\n\t\t>\n<div class=\"sow-image-container\">\n\t\t\t<a href=\"https:\/\/catunescoforum.upv.es\/wp-content\/uploads\/2025\/06\/UNESCO-Report-May-2021-June-2025-Dossier-Format-compressed-1.pdf\"\n\t\t\ttarget=\"_blank\" rel=\"noopener noreferrer\" \t\t>\n\t\t\t<img \n\tsrc=\"https:\/\/catunescoforum.upv.es\/wp-content\/uploads\/2025\/06\/Captura-de-Pantalla-2025-06-27-a-las-16.44.44.png\" width=\"2406\" height=\"1344\" srcset=\"https:\/\/catunescoforum.upv.es\/wp-content\/uploads\/2025\/06\/Captura-de-Pantalla-2025-06-27-a-las-16.44.44.png 2406w, https:\/\/catunescoforum.upv.es\/wp-content\/uploads\/2025\/06\/Captura-de-Pantalla-2025-06-27-a-las-16.44.44-250x141.png 250w, https:\/\/catunescoforum.upv.es\/wp-content\/uploads\/2025\/06\/Captura-de-Pantalla-2025-06-27-a-las-16.44.44-768x429.png 768w, https:\/\/catunescoforum.upv.es\/wp-content\/uploads\/2025\/06\/Captura-de-Pantalla-2025-06-27-a-las-16.44.44-1536x858.png 1536w, https:\/\/catunescoforum.upv.es\/wp-content\/uploads\/2025\/06\/Captura-de-Pantalla-2025-06-27-a-las-16.44.44-2048x1144.png 2048w\" sizes=\"(max-width: 2406px) 100vw, 2406px\" title=\"Captura de Pantalla 2025-06-27 a las 16.44.44\" alt=\"\" \t\tclass=\"so-widget-image\"\/>\n\t\t\t<\/a><\/div>\n\n<\/div><\/div><\/div><div id=\"pgc-2316-17-3\"  class=\"panel-grid-cell panel-grid-cell-empty\" ><\/div><\/div><\/div><div id=\"pg-2316-18\"  class=\"panel-grid panel-has-style\" ><div class=\"siteorigin-panels-stretch panel-row-style panel-row-style-for-2316-18\" data-stretch-type=\"full-width-stretch\" ><div id=\"pgc-2316-18-0\"  class=\"panel-grid-cell\" ><div id=\"panel-2316-18-0-0\" class=\"so-panel widget widget_sow-editor panel-first-child panel-last-child\" data-index=\"100\" ><div class=\"panel-widget-style panel-widget-style-for-2316-18-0-0\" ><div\n\t\t\t\n\t\t\tclass=\"so-widget-sow-editor so-widget-sow-editor-base\"\n\t\t\t\n\t\t>\n<div class=\"siteorigin-widget-tinymce textwidget\">\n\t<\/div>\n<\/div><\/div><\/div><\/div><\/div><\/div><div id=\"pg-2316-19\"  class=\"panel-grid panel-has-style\" ><div class=\"siteorigin-panels-stretch panel-row-style panel-row-style-for-2316-19\" data-stretch-type=\"full\" ><div id=\"pgc-2316-19-0\"  class=\"panel-grid-cell\" ><div id=\"panel-2316-19-0-0\" class=\"so-panel widget widget_sow-headline panel-first-child\" data-index=\"101\" ><div\n\t\t\t\n\t\t\tclass=\"so-widget-sow-headline so-widget-sow-headline-default-ab4d1685f5e5-2316 so-widget-fittext-wrapper\"\n\t\t\t data-fit-text-compressor=\"0.85\"\n\t\t><div class=\"sow-headline-container \">\n\t\t\t\t\t\t\t<h3 class=\"sow-headline\">\n\t\t\t\t\t\tConnect With Us\t\t\t\t\t\t<\/h3>\n\t\t\t\t\t\t\t\t\t\t\t<div class=\"decoration\">\n\t\t\t\t\t\t<div class=\"decoration-inside\"><\/div>\n\t\t\t\t\t<\/div>\n\t\t\t\t\t<\/div>\n<\/div><\/div><div id=\"panel-2316-19-0-1\" class=\"so-panel widget widget_sow-social-media-buttons panel-last-child\" data-index=\"102\" ><div\n\t\t\t\n\t\t\tclass=\"so-widget-sow-social-media-buttons so-widget-sow-social-media-buttons-flat-f00a16495c3b-2316\"\n\t\t\t\n\t\t>\n\n<div class=\"social-media-button-container\">\n\t\n\t\t<a \n\t\tclass=\"ow-button-hover sow-social-media-button-instagram-0 sow-social-media-button\" title=\"C\u00e1tedra UNESCO Forum Universidad y Patrimonio Cultural en Instagram\" aria-label=\"C\u00e1tedra UNESCO Forum Universidad y Patrimonio Cultural en Instagram\" target=\"_blank\" rel=\"noopener noreferrer\" href=\"https:\/\/www.instagram.com\/catedraunescoforumupv\/\" \t\t>\n\t\t\t<span>\n\t\t\t\t\t\t\t\t<span class=\"sow-icon-fontawesome sow-fab\" data-sow-icon=\"&#xf16d;\"\n\t\t \n\t\taria-hidden=\"true\"><\/span>\t\t\t\t\t\t\t<\/span>\n\t\t<\/a>\n\t\n\t\t<a \n\t\tclass=\"ow-button-hover sow-social-media-button-linkedin-0 sow-social-media-button\" title=\"C\u00e1tedra UNESCO Forum Universidad y Patrimonio Cultural en Linkedin\" aria-label=\"C\u00e1tedra UNESCO Forum Universidad y Patrimonio Cultural en Linkedin\" target=\"_blank\" rel=\"noopener noreferrer\" href=\"https:\/\/www.linkedin.com\/in\/c%C3%A1tedra-unesco-forum-universidad-y-patrimonio-cultural-847389245\/\" \t\t>\n\t\t\t<span>\n\t\t\t\t\t\t\t\t<span class=\"sow-icon-fontawesome sow-fab\" data-sow-icon=\"&#xf0e1;\"\n\t\t \n\t\taria-hidden=\"true\"><\/span>\t\t\t\t\t\t\t<\/span>\n\t\t<\/a>\n\t\n\t\t<a \n\t\tclass=\"ow-button-hover sow-social-media-button-facebook-0 sow-social-media-button\" title=\"C\u00e1tedra UNESCO Forum Universidad y Patrimonio Cultural en Facebook\" aria-label=\"C\u00e1tedra UNESCO Forum Universidad y Patrimonio Cultural en Facebook\" target=\"_blank\" rel=\"noopener noreferrer\" href=\"https:\/\/www.facebook.com\/catedraunescoforumuniversidadypatrimonio\/?locale=es_LA\" \t\t>\n\t\t\t<span>\n\t\t\t\t\t\t\t\t<span class=\"sow-icon-fontawesome sow-fab\" data-sow-icon=\"&#xf39e;\"\n\t\t \n\t\taria-hidden=\"true\"><\/span>\t\t\t\t\t\t\t<\/span>\n\t\t<\/a>\n\t\n\t\t<a \n\t\tclass=\"ow-button-hover sow-social-media-button-youtube-0 sow-social-media-button\" title=\"C\u00e1tedra UNESCO Forum Universidad y Patrimonio Cultural en Youtube\" aria-label=\"C\u00e1tedra UNESCO Forum Universidad y Patrimonio Cultural en Youtube\" target=\"_blank\" rel=\"noopener noreferrer\" href=\"https:\/\/www.youtube.com\/@catedraunescoforumuniversi2328\" \t\t>\n\t\t\t<span>\n\t\t\t\t\t\t\t\t<span class=\"sow-icon-fontawesome sow-fab\" data-sow-icon=\"&#xf167;\"\n\t\t \n\t\taria-hidden=\"true\"><\/span>\t\t\t\t\t\t\t<\/span>\n\t\t<\/a>\n\t\n\t\t<a \n\t\tclass=\"ow-button-hover sow-social-media-button-envelope-0 sow-social-media-button\" title=\"C\u00e1tedra UNESCO Forum Universidad y Patrimonio Cultural en Envelope\" aria-label=\"C\u00e1tedra UNESCO Forum Universidad y Patrimonio Cultural en Envelope\" target=\"_blank\" rel=\"noopener noreferrer\" href=\"mailto:%20forum@fuuh.upv.es\" \t\t>\n\t\t\t<span>\n\t\t\t\t\t\t\t\t<span class=\"sow-icon-fontawesome sow-fas\" data-sow-icon=\"&#xf0e0;\"\n\t\t \n\t\taria-hidden=\"true\"><\/span>\t\t\t\t\t\t\t<\/span>\n\t\t<\/a>\n\t<\/div>\n<\/div><\/div><\/div><\/div><\/div><\/div>","protected":false},"excerpt":{"rendered":"<p>Publicaciones en calidad de autor:<\/p>\n","protected":false},"author":11561,"featured_media":0,"parent":134,"menu_order":0,"comment_status":"closed","ping_status":"closed","template":"","meta":{"_monsterinsights_skip_tracking":false,"footnotes":""},"class_list":["post-2316","page","type-page","status-publish","hentry"],"yoast_head":"<!-- This site is optimized with the Yoast SEO plugin v28.4 - https:\/\/yoast.com\/product\/yoast-seo-wordpress\/ -->\n<title>Publicaciones - C\u00e1tedra UNESCO Forum Universidad y Patrimonio Cultural<\/title>\n<meta name=\"robots\" content=\"index, follow, max-snippet:-1, max-image-preview:large, max-video-preview:-1\" \/>\n<link rel=\"canonical\" href=\"https:\/\/catunescoforum.upv.es\/?page_id=2316\" \/>\n<meta property=\"og:locale\" content=\"es_ES\" \/>\n<meta property=\"og:type\" content=\"article\" \/>\n<meta property=\"og:title\" content=\"[:es]Publicaciones[:en]Publications[:] - C\u00e1tedra UNESCO Forum Universidad y Patrimonio Cultural\" \/>\n<meta property=\"og:description\" content=\"Publicaciones en calidad de autor:\" \/>\n<meta property=\"og:url\" content=\"https:\/\/catunescoforum.upv.es\/?page_id=2316\" \/>\n<meta property=\"og:site_name\" content=\"C\u00e1tedra UNESCO Forum Universidad y Patrimonio Cultural\" \/>\n<meta property=\"article:modified_time\" content=\"2026-05-26T11:53:05+00:00\" \/>\n<meta name=\"twitter:card\" content=\"summary_large_image\" \/>\n<meta name=\"twitter:label1\" content=\"Tiempo de lectura\" \/>\n\t<meta name=\"twitter:data1\" content=\"18 minutos\" \/>\n<script type=\"application\/ld+json\" class=\"yoast-schema-graph\">{\"@context\":\"https:\\\/\\\/schema.org\",\"@graph\":[{\"@type\":\"WebPage\",\"@id\":\"https:\\\/\\\/catunescoforum.upv.es\\\/?page_id=2316\",\"url\":\"https:\\\/\\\/catunescoforum.upv.es\\\/?page_id=2316\",\"name\":\"[:es]Publicaciones[:en]Publications[:] - C\u00e1tedra UNESCO Forum Universidad y Patrimonio Cultural\",\"isPartOf\":{\"@id\":\"https:\\\/\\\/catunescoforum.upv.es\\\/#website\"},\"datePublished\":\"2020-07-16T11:33:47+00:00\",\"dateModified\":\"2026-05-26T11:53:05+00:00\",\"breadcrumb\":{\"@id\":\"https:\\\/\\\/catunescoforum.upv.es\\\/?page_id=2316#breadcrumb\"},\"inLanguage\":\"es\",\"potentialAction\":[{\"@type\":\"ReadAction\",\"target\":[\"https:\\\/\\\/catunescoforum.upv.es\\\/?page_id=2316\"]}]},{\"@type\":\"BreadcrumbList\",\"@id\":\"https:\\\/\\\/catunescoforum.upv.es\\\/?page_id=2316#breadcrumb\",\"itemListElement\":[{\"@type\":\"ListItem\",\"position\":1,\"name\":\"Home\",\"item\":\"https:\\\/\\\/catunescoforum.upv.es\\\/\"},{\"@type\":\"ListItem\",\"position\":2,\"name\":\"SOBRE NOSOTROS\",\"item\":\"https:\\\/\\\/catunescoforum.upv.es\\\/?page_id=134\"},{\"@type\":\"ListItem\",\"position\":3,\"name\":\"Publicaciones\"}]},{\"@type\":\"WebSite\",\"@id\":\"https:\\\/\\\/catunescoforum.upv.es\\\/#website\",\"url\":\"https:\\\/\\\/catunescoforum.upv.es\\\/\",\"name\":\"C\u00e1tedra UNESCO Forum Universidad y Patrimonio Cultural\",\"description\":\"Una red universitaria internacional al cuidado del Patrimonio Cultural\",\"publisher\":{\"@id\":\"https:\\\/\\\/catunescoforum.upv.es\\\/#organization\"},\"potentialAction\":[{\"@type\":\"SearchAction\",\"target\":{\"@type\":\"EntryPoint\",\"urlTemplate\":\"https:\\\/\\\/catunescoforum.upv.es\\\/?s={search_term_string}\"},\"query-input\":{\"@type\":\"PropertyValueSpecification\",\"valueRequired\":true,\"valueName\":\"search_term_string\"}}],\"inLanguage\":\"es\"},{\"@type\":\"Organization\",\"@id\":\"https:\\\/\\\/catunescoforum.upv.es\\\/#organization\",\"name\":\"C\u00e1tedra UNESCO Forum Universidad y Patrimonio Cultura\",\"url\":\"https:\\\/\\\/catunescoforum.upv.es\\\/\",\"logo\":{\"@type\":\"ImageObject\",\"inLanguage\":\"es\",\"@id\":\"https:\\\/\\\/catunescoforum.upv.es\\\/#\\\/schema\\\/logo\\\/image\\\/\",\"url\":\"https:\\\/\\\/catunescoforum.upv.es\\\/wp-content\\\/uploads\\\/2025\\\/07\\\/cropped-Logo_catedra_2025_julio-scaled-1.png\",\"contentUrl\":\"https:\\\/\\\/catunescoforum.upv.es\\\/wp-content\\\/uploads\\\/2025\\\/07\\\/cropped-Logo_catedra_2025_julio-scaled-1.png\",\"width\":2560,\"height\":329,\"caption\":\"C\u00e1tedra UNESCO Forum Universidad y Patrimonio Cultura\"},\"image\":{\"@id\":\"https:\\\/\\\/catunescoforum.upv.es\\\/#\\\/schema\\\/logo\\\/image\\\/\"}}]}<\/script>\n<!-- \/ Yoast SEO plugin. -->","yoast_head_json":{"title":"[:es]Publicaciones[:en]Publications[:] - C\u00e1tedra UNESCO Forum Universidad y Patrimonio Cultural","robots":{"index":"index","follow":"follow","max-snippet":"max-snippet:-1","max-image-preview":"max-image-preview:large","max-video-preview":"max-video-preview:-1"},"canonical":"https:\/\/catunescoforum.upv.es\/?page_id=2316","og_locale":"es_ES","og_type":"article","og_title":"[:es]Publicaciones[:en]Publications[:] - C\u00e1tedra UNESCO Forum Universidad y Patrimonio Cultural","og_description":"Publicaciones en calidad de autor:","og_url":"https:\/\/catunescoforum.upv.es\/?page_id=2316","og_site_name":"C\u00e1tedra UNESCO Forum Universidad y Patrimonio Cultural","article_modified_time":"2026-05-26T11:53:05+00:00","twitter_card":"summary_large_image","twitter_misc":{"Tiempo de lectura":"18 minutos"},"schema":{"@context":"https:\/\/schema.org","@graph":[{"@type":"WebPage","@id":"https:\/\/catunescoforum.upv.es\/?page_id=2316","url":"https:\/\/catunescoforum.upv.es\/?page_id=2316","name":"[:es]Publicaciones[:en]Publications[:] - C\u00e1tedra UNESCO Forum Universidad y Patrimonio Cultural","isPartOf":{"@id":"https:\/\/catunescoforum.upv.es\/#website"},"datePublished":"2020-07-16T11:33:47+00:00","dateModified":"2026-05-26T11:53:05+00:00","breadcrumb":{"@id":"https:\/\/catunescoforum.upv.es\/?page_id=2316#breadcrumb"},"inLanguage":"es","potentialAction":[{"@type":"ReadAction","target":["https:\/\/catunescoforum.upv.es\/?page_id=2316"]}]},{"@type":"BreadcrumbList","@id":"https:\/\/catunescoforum.upv.es\/?page_id=2316#breadcrumb","itemListElement":[{"@type":"ListItem","position":1,"name":"Home","item":"https:\/\/catunescoforum.upv.es\/"},{"@type":"ListItem","position":2,"name":"SOBRE NOSOTROS","item":"https:\/\/catunescoforum.upv.es\/?page_id=134"},{"@type":"ListItem","position":3,"name":"Publicaciones"}]},{"@type":"WebSite","@id":"https:\/\/catunescoforum.upv.es\/#website","url":"https:\/\/catunescoforum.upv.es\/","name":"C\u00e1tedra UNESCO Forum Universidad y Patrimonio Cultural","description":"Una red universitaria internacional al cuidado del Patrimonio Cultural","publisher":{"@id":"https:\/\/catunescoforum.upv.es\/#organization"},"potentialAction":[{"@type":"SearchAction","target":{"@type":"EntryPoint","urlTemplate":"https:\/\/catunescoforum.upv.es\/?s={search_term_string}"},"query-input":{"@type":"PropertyValueSpecification","valueRequired":true,"valueName":"search_term_string"}}],"inLanguage":"es"},{"@type":"Organization","@id":"https:\/\/catunescoforum.upv.es\/#organization","name":"C\u00e1tedra UNESCO Forum Universidad y Patrimonio Cultura","url":"https:\/\/catunescoforum.upv.es\/","logo":{"@type":"ImageObject","inLanguage":"es","@id":"https:\/\/catunescoforum.upv.es\/#\/schema\/logo\/image\/","url":"https:\/\/catunescoforum.upv.es\/wp-content\/uploads\/2025\/07\/cropped-Logo_catedra_2025_julio-scaled-1.png","contentUrl":"https:\/\/catunescoforum.upv.es\/wp-content\/uploads\/2025\/07\/cropped-Logo_catedra_2025_julio-scaled-1.png","width":2560,"height":329,"caption":"C\u00e1tedra UNESCO Forum Universidad y Patrimonio Cultura"},"image":{"@id":"https:\/\/catunescoforum.upv.es\/#\/schema\/logo\/image\/"}}]}},"_links":{"self":[{"href":"https:\/\/catunescoforum.upv.es\/index.php?rest_route=\/wp\/v2\/pages\/2316","targetHints":{"allow":["GET"]}}],"collection":[{"href":"https:\/\/catunescoforum.upv.es\/index.php?rest_route=\/wp\/v2\/pages"}],"about":[{"href":"https:\/\/catunescoforum.upv.es\/index.php?rest_route=\/wp\/v2\/types\/page"}],"author":[{"embeddable":true,"href":"https:\/\/catunescoforum.upv.es\/index.php?rest_route=\/wp\/v2\/users\/11561"}],"replies":[{"embeddable":true,"href":"https:\/\/catunescoforum.upv.es\/index.php?rest_route=%2Fwp%2Fv2%2Fcomments&post=2316"}],"version-history":[{"count":3,"href":"https:\/\/catunescoforum.upv.es\/index.php?rest_route=\/wp\/v2\/pages\/2316\/revisions"}],"predecessor-version":[{"id":10955,"href":"https:\/\/catunescoforum.upv.es\/index.php?rest_route=\/wp\/v2\/pages\/2316\/revisions\/10955"}],"up":[{"embeddable":true,"href":"https:\/\/catunescoforum.upv.es\/index.php?rest_route=\/wp\/v2\/pages\/134"}],"wp:attachment":[{"href":"https:\/\/catunescoforum.upv.es\/index.php?rest_route=%2Fwp%2Fv2%2Fmedia&parent=2316"}],"curies":[{"name":"wp","href":"https:\/\/api.w.org\/{rel}","templated":true}]}}